{"id":4842,"date":"2017-12-13T10:25:47","date_gmt":"2017-12-13T09:25:47","guid":{"rendered":"http:\/\/terre-di-toscana.com\/terreditoscana\/?page_id=4842"},"modified":"2018-03-17T11:19:15","modified_gmt":"2018-03-17T10:19:15","slug":"news","status":"publish","type":"page","link":"https:\/\/terre-di-toscana.com\/terreditoscana\/news\/","title":{"rendered":"News"},"content":{"rendered":"<section class=\"wpb-content-wrapper\"><p>[vc_row][vc_column]<style type=\"text\/css\" data-type=\"the7_shortcodes-inline-css\">.blog-shortcode.blog-masonry-shortcode-id-35243232e39862c0c6b7bb5d61b662c8.dividers-on.classic-layout-list article {\n  padding-top: 0;\n}\n.blog-shortcode.blog-masonry-shortcode-id-35243232e39862c0c6b7bb5d61b662c8.dividers-on.classic-layout-list article:first-of-type {\n  margin-top: 0;\n  padding-top: 0;\n}\n.blog-shortcode.blog-masonry-shortcode-id-35243232e39862c0c6b7bb5d61b662c8.classic-layout-list.mode-list .post-entry-content {\n  width: calc(100% - );\n}\n.blog-shortcode.blog-masonry-shortcode-id-35243232e39862c0c6b7bb5d61b662c8.classic-layout-list.mode-list .no-img .post-entry-content {\n  width: 100%;\n}\n.blog-shortcode.blog-masonry-shortcode-id-35243232e39862c0c6b7bb5d61b662c8 .paginator {\n  margin-top: 20px;\n}\n.blog-shortcode.blog-masonry-shortcode-id-35243232e39862c0c6b7bb5d61b662c8 .filter-bg-decoration .filter-categories a.act {\n  color: #fff;\n}\n.blog-shortcode.blog-masonry-shortcode-id-35243232e39862c0c6b7bb5d61b662c8:not(.mode-masonry) article:first-of-type,\n.blog-shortcode.blog-masonry-shortcode-id-35243232e39862c0c6b7bb5d61b662c8:not(.mode-masonry) article.visible.first:not(.product) {\n  margin-top: 0;\n}\n.blog-shortcode.blog-masonry-shortcode-id-35243232e39862c0c6b7bb5d61b662c8.dividers-on:not(.mode-masonry) article {\n  margin-top: 0;\n}\n.blog-shortcode.blog-masonry-shortcode-id-35243232e39862c0c6b7bb5d61b662c8.dividers-on:not(.mode-masonry) article:first-of-type,\n.blog-shortcode.blog-masonry-shortcode-id-35243232e39862c0c6b7bb5d61b662c8.dividers-on:not(.mode-masonry) article.visible.first:not(.product) {\n  margin-top: 0;\n  padding-top: 0;\n}\n.blog-shortcode.blog-masonry-shortcode-id-35243232e39862c0c6b7bb5d61b662c8 .post-thumbnail-wrap {\n  padding: 0px 0px 0px 0px;\n}\n.blog-shortcode.blog-masonry-shortcode-id-35243232e39862c0c6b7bb5d61b662c8.enable-bg-rollover .post-thumbnail-rollover:after {\n  background: -webkit-linear-gradient();\n  background: linear-gradient();\n}\n.blog-shortcode.blog-masonry-shortcode-id-35243232e39862c0c6b7bb5d61b662c8 .gallery-zoom-ico {\n  width: 44px;\n  height: 44px;\n  line-height: 44px;\n  border-radius: 100px;\n  margin: -22px 0 0 -22px;\n  border-width: 0px;\n  color: #ffffff;\n}\n.bottom-overlap-layout-list.blog-shortcode.blog-masonry-shortcode-id-35243232e39862c0c6b7bb5d61b662c8 .gallery-zoom-ico {\n  margin-top: -72px;\n}\n.gradient-overlay-layout-list.blog-shortcode.blog-masonry-shortcode-id-35243232e39862c0c6b7bb5d61b662c8 .gallery-zoom-ico,\n.content-rollover-layout-list.blog-shortcode.blog-masonry-shortcode-id-35243232e39862c0c6b7bb5d61b662c8 .gallery-zoom-ico {\n  margin: 0 0 10px;\n}\n.content-align-center.gradient-overlay-layout-list.blog-shortcode.blog-masonry-shortcode-id-35243232e39862c0c6b7bb5d61b662c8 .gallery-zoom-ico,\n.content-align-center.content-rollover-layout-list.blog-shortcode.blog-masonry-shortcode-id-35243232e39862c0c6b7bb5d61b662c8 .gallery-zoom-ico {\n  margin: 0 auto 10px;\n}\n.dt-icon-bg-on.blog-shortcode.blog-masonry-shortcode-id-35243232e39862c0c6b7bb5d61b662c8 .gallery-zoom-ico {\n  background: rgba(255,255,255,0.3);\n  box-shadow: none;\n}\n.blog-shortcode.blog-masonry-shortcode-id-35243232e39862c0c6b7bb5d61b662c8 .gallery-zoom-ico > span,\n.blog-shortcode.blog-masonry-shortcode-id-35243232e39862c0c6b7bb5d61b662c8 .gallery-zoom-ico:before {\n  font-size: 32px;\n  line-height: 44px;\n}\n.blog-shortcode.blog-masonry-shortcode-id-35243232e39862c0c6b7bb5d61b662c8 .gallery-zoom-ico > span,\n.blog-shortcode.blog-masonry-shortcode-id-35243232e39862c0c6b7bb5d61b662c8 .gallery-zoom-ico:before {\n  color: #ffffff;\n}\n.blog-shortcode.blog-masonry-shortcode-id-35243232e39862c0c6b7bb5d61b662c8 .fancy-date a {\n  background: #254d56;\n  box-shadow: none;\n}\n.blog-shortcode.blog-masonry-shortcode-id-35243232e39862c0c6b7bb5d61b662c8 .fancy-date a * {\n  color: #ffffff;\n}\n.blog-shortcode.blog-masonry-shortcode-id-35243232e39862c0c6b7bb5d61b662c8 .fancy-date a .entry-month:after,\n.blog-shortcode.blog-masonry-shortcode-id-35243232e39862c0c6b7bb5d61b662c8 .fancy-date a .entry-date:after {\n  background: #ffa700;\n  box-shadow: none;\n}\n.blog-shortcode.blog-masonry-shortcode-id-35243232e39862c0c6b7bb5d61b662c8 .entry-title,\n.blog-shortcode.blog-masonry-shortcode-id-35243232e39862c0c6b7bb5d61b662c8.owl-carousel .entry-title {\n  margin-bottom: 5px;\n  font-weight: bold;\n}\n.blog-shortcode.blog-masonry-shortcode-id-35243232e39862c0c6b7bb5d61b662c8 .entry-meta {\n  margin-bottom: 15px;\n}\n.blog-shortcode.blog-masonry-shortcode-id-35243232e39862c0c6b7bb5d61b662c8 .entry-meta * {\n  font-size: 11px;\n  color: #ffa700;\n  font-style: italic;\n  font-weight: bold;\n  text-transform: uppercase;\n}\n.blog-shortcode.blog-masonry-shortcode-id-35243232e39862c0c6b7bb5d61b662c8 .portfolio-categories {\n  margin-bottom: 15px;\n}\n.blog-shortcode.blog-masonry-shortcode-id-35243232e39862c0c6b7bb5d61b662c8 .entry-meta > a:after,\n.blog-shortcode.blog-masonry-shortcode-id-35243232e39862c0c6b7bb5d61b662c8 .entry-meta > span:after {\n  background: #ffa700;\n  box-shadow: none;\n}\n.blog-shortcode.blog-masonry-shortcode-id-35243232e39862c0c6b7bb5d61b662c8 .entry-excerpt {\n  margin-bottom: 5px;\n}\n.blog-shortcode.blog-masonry-shortcode-id-35243232e39862c0c6b7bb5d61b662c8:not(.centered-layout-list) .post-entry-content {\n  padding: 25px 30px 30px 30px;\n}\n.blog-shortcode.blog-masonry-shortcode-id-35243232e39862c0c6b7bb5d61b662c8:not(.centered-layout-list):not(.content-bg-on):not(.mode-list) .no-img .post-entry-content {\n  padding: 0;\n}\n@media screen and (max-width: ) {\n  .blog-shortcode.blog-masonry-shortcode-id-35243232e39862c0c6b7bb5d61b662c8 article {\n    -ms-flex-flow: column nowrap;\n    flex-flow: column nowrap;\n    margin-top: 20px;\n  }\n  .blog-shortcode.blog-masonry-shortcode-id-35243232e39862c0c6b7bb5d61b662c8.dividers-on article {\n    border: none;\n  }\n  .blog-shortcode.blog-masonry-shortcode-id-35243232e39862c0c6b7bb5d61b662c8.content-bg-on.centered-layout-list article {\n    padding: 0;\n  }\n  .blog-shortcode.blog-masonry-shortcode-id-35243232e39862c0c6b7bb5d61b662c8.blog-shortcode.dividers-on article,\n  .blog-shortcode.blog-masonry-shortcode-id-35243232e39862c0c6b7bb5d61b662c8.dividers-on.classic-layout-list article {\n    margin-top: 20px;\n    padding: 0;\n  }\n  .blog-shortcode.blog-masonry-shortcode-id-35243232e39862c0c6b7bb5d61b662c8.blog-shortcode.dividers-on article:first-of-type,\n  .blog-shortcode.blog-masonry-shortcode-id-35243232e39862c0c6b7bb5d61b662c8.dividers-on.classic-layout-list article:first-of-type {\n    padding: 0;\n  }\n  #page .blog-shortcode.blog-masonry-shortcode-id-35243232e39862c0c6b7bb5d61b662c8 .post-thumbnail-wrap,\n  #page .blog-shortcode.blog-masonry-shortcode-id-35243232e39862c0c6b7bb5d61b662c8 .post-entry-content {\n    width: 100%;\n    margin: 0;\n    top: 0;\n  }\n  #page .blog-shortcode.blog-masonry-shortcode-id-35243232e39862c0c6b7bb5d61b662c8 .post-thumbnail-wrap {\n    padding: 0;\n  }\n  #page .blog-shortcode.blog-masonry-shortcode-id-35243232e39862c0c6b7bb5d61b662c8 .post-entry-content:after {\n    display: none;\n  }\n  #page .blog-shortcode.blog-masonry-shortcode-id-35243232e39862c0c6b7bb5d61b662c8 .project-even .post-thumbnail-wrap,\n  #page .blog-shortcode.blog-masonry-shortcode-id-35243232e39862c0c6b7bb5d61b662c8.centered-layout-list .post-thumbnail-wrap {\n    -ms-flex-order: 0;\n    order: 0;\n  }\n  #page .blog-shortcode.blog-masonry-shortcode-id-35243232e39862c0c6b7bb5d61b662c8.centered-layout-list .post-entry-title-content {\n    -ms-flex-order: 1;\n    order: 1;\n    width: 100%;\n    padding: 20px 20px 0;\n  }\n  #page .blog-shortcode.blog-masonry-shortcode-id-35243232e39862c0c6b7bb5d61b662c8.centered-layout-list .post-entry-content {\n    -ms-flex-order: 2;\n    order: 2;\n    padding-top: 0;\n  }\n  #page .blog-shortcode.blog-masonry-shortcode-id-35243232e39862c0c6b7bb5d61b662c8 .fancy-categories {\n    top: 10px;\n    left: 10px;\n    bottom: auto;\n    right: auto;\n  }\n  #page .blog-shortcode.blog-masonry-shortcode-id-35243232e39862c0c6b7bb5d61b662c8 .fancy-date a {\n    top: 10px;\n    right: 10px;\n    left: auto;\n    bottom: auto;\n  }\n  #page .blog-shortcode.blog-masonry-shortcode-id-35243232e39862c0c6b7bb5d61b662c8 .post-entry-content {\n    padding: 20px;\n  }\n  #page .blog-shortcode.blog-masonry-shortcode-id-35243232e39862c0c6b7bb5d61b662c8 .entry-title {\n    margin: 3px 0 5px;\n    font-size: 20px;\n    line-height: 26px;\n  }\n  #page .blog-shortcode.blog-masonry-shortcode-id-35243232e39862c0c6b7bb5d61b662c8 .entry-meta {\n    margin: 5px 0 5px;\n  }\n  #page .blog-shortcode.blog-masonry-shortcode-id-35243232e39862c0c6b7bb5d61b662c8 .entry-excerpt {\n    margin: 15px 0 0;\n  }\n  #page .blog-shortcode.blog-masonry-shortcode-id-35243232e39862c0c6b7bb5d61b662c8 .post-details {\n    margin: 5px 0 10px;\n  }\n  #page .blog-shortcode.blog-masonry-shortcode-id-35243232e39862c0c6b7bb5d61b662c8 .post-details.details-type-link {\n    margin-bottom: 2px;\n  }\n}\n<\/style><div class=\"blog-shortcode blog-masonry-shortcode-id-35243232e39862c0c6b7bb5d61b662c8 mode-masonry classic-layout-list jquery-filter vertical-fancy-style scale-img dt-icon-bg-off resize-by-browser-width loading-effect-none description-under-image \" data-padding=\"15px\" data-cur-page=\"1\" data-post-limit=\"10\" data-pagination-mode=\"load-more\" data-desktop-columns-num=\"1\" data-v-tablet-columns-num=\"1\" data-h-tablet-columns-num=\"1\" data-phone-columns-num=\"1\" data-width=\"0px\" data-columns=\"0\"><div class=\"iso-container\" ><div class=\"visible wf-cell iso-item\" data-post-id=\"8957\" data-date=\"2021-05-16T10:54:33+02:00\" data-name=\"XIII Giornata Nazionale delle Miniere\"><article class=\"post project-odd visible post-8957 type-post status-publish format-standard has-post-thumbnail hentry category-notizie category-19\" data-name=\"XIII Giornata Nazionale delle Miniere\" data-date=\"2021-05-16T10:54:33+02:00\">\n\n<div class=\"post-thumbnail-wrap\">\n\t<div class=\"post-thumbnail\">\n\t\t\n\t\t\n\t\t<a href=\"https:\/\/terre-di-toscana.com\/terreditoscana\/xiii-giornata-nazionale-delle-miniere\/\" class=\"post-thumbnail-rollover layzr-bg layzr-bg\" ><img class=\"iso-lazy-load preload-me iso-lazy-load aspect\" src=\"data:image\/svg+xml,%3Csvg%20xmlns%3D&#39;http%3A%2F%2Fwww.w3.org%2F2000%2Fsvg&#39;%20viewBox%3D&#39;0%200%20744%20318&#39;%2F%3E\" data-src=\"https:\/\/terre-di-toscana.com\/terreditoscana\/wp-content\/uploads\/2021\/05\/giornatadelleminierexiii-744x318.jpg\" data-srcset=\"https:\/\/terre-di-toscana.com\/terreditoscana\/wp-content\/uploads\/2021\/05\/giornatadelleminierexiii-744x318.jpg 744w\" loading=\"eager\" style=\"--ratio: 744 \/ 318\" sizes=\"(max-width: 744px) 100vw, 744px\" alt=\"\" title=\"giornatadelleminierexiii\" width=\"744\" height=\"318\"  \/><\/a>\t<\/div>\n<\/div>\n\n\n<div class=\"post-entry-content\">\n\n\t<h3 class=\"entry-title\">\n\t\t<a href=\"https:\/\/terre-di-toscana.com\/terreditoscana\/xiii-giornata-nazionale-delle-miniere\/\" title=\"XIII Giornata Nazionale delle Miniere\" rel=\"bookmark\">XIII Giornata Nazionale delle Miniere<\/a>\n\t<\/h3>\n\n\t<div class=\"entry-meta\"><a href=\"https:\/\/terre-di-toscana.com\/terreditoscana\/2021\/05\/16\/\" title=\"10:54\" class=\"data-link\" rel=\"bookmark\"><time class=\"entry-date updated\" datetime=\"2021-05-16T10:54:33+02:00\">16 Maggio 2021<\/time><\/a><\/div>\n\t<div class=\"entry-excerpt\"><p>In occasione della XIII Giornata Nazionale delle Miniere il Parco Museo Minerario di Abbadia San Salvatore organizza \u201cArcheoTrek\u201d nel sito di Archeologia Industriale della Miniera di mercurio di Abbadia San Salvatore.<\/p>\n<\/div>\n\t\n<a href=\"https:\/\/terre-di-toscana.com\/terreditoscana\/xiii-giornata-nazionale-delle-miniere\/\" class=\"dt-btn-s dt-btn post-details details-type-btn\" aria-label=\"Read more about XIII Giornata Nazionale delle Miniere\">Vai all'articolo<i class=\"dt-icon-the7-arrow-03\" aria-hidden=\"true\"><\/i><\/a>\n\n<\/div><\/article><\/div><div class=\"visible wf-cell iso-item\" data-post-id=\"8943\" data-date=\"2020-07-30T16:38:26+02:00\" data-name=\"Experience Life Camp 2020 - Agosto\/Settembre 2020\"><article class=\"post project-odd visible post-8943 type-post status-publish format-standard has-post-thumbnail hentry category-notizie category-19\" data-name=\"Experience Life Camp 2020 &#8211; Agosto\/Settembre 2020\" data-date=\"2020-07-30T16:38:26+02:00\">\n\n<div class=\"post-thumbnail-wrap\">\n\t<div class=\"post-thumbnail\">\n\t\t\n\t\t\n\t\t<a href=\"https:\/\/terre-di-toscana.com\/terreditoscana\/experience-life-camp-2020-agosto-settembre-2020\/\" class=\"post-thumbnail-rollover layzr-bg layzr-bg\" ><img class=\"iso-lazy-load preload-me iso-lazy-load aspect\" src=\"data:image\/svg+xml,%3Csvg%20xmlns%3D&#39;http%3A%2F%2Fwww.w3.org%2F2000%2Fsvg&#39;%20viewBox%3D&#39;0%200%20842%20360&#39;%2F%3E\" data-src=\"https:\/\/terre-di-toscana.com\/terreditoscana\/wp-content\/uploads\/2020\/07\/locandina-life-experience2020-842x360.jpg\" data-srcset=\"https:\/\/terre-di-toscana.com\/terreditoscana\/wp-content\/uploads\/2020\/07\/locandina-life-experience2020-842x360.jpg 842w\" loading=\"eager\" style=\"--ratio: 842 \/ 360\" sizes=\"(max-width: 842px) 100vw, 842px\" alt=\"\" title=\"locandina-life-experience2020\" width=\"842\" height=\"360\"  \/><\/a>\t<\/div>\n<\/div>\n\n\n<div class=\"post-entry-content\">\n\n\t<h3 class=\"entry-title\">\n\t\t<a href=\"https:\/\/terre-di-toscana.com\/terreditoscana\/experience-life-camp-2020-agosto-settembre-2020\/\" title=\"Experience Life Camp 2020 &#8211; Agosto\/Settembre 2020\" rel=\"bookmark\">Experience Life Camp 2020 &#8211; Agosto\/Settembre 2020<\/a>\n\t<\/h3>\n\n\t<div class=\"entry-meta\"><a href=\"https:\/\/terre-di-toscana.com\/terreditoscana\/2020\/07\/30\/\" title=\"16:38\" class=\"data-link\" rel=\"bookmark\"><time class=\"entry-date updated\" datetime=\"2020-07-30T16:38:26+02:00\">30 Luglio 2020<\/time><\/a><\/div>\n\t<div class=\"entry-excerpt\"><p>Una vacanza innovativa, \u00e8 una Esperienza formativa per la crescita dei giovani. Una proposta dal 23 Agosto al al 5 Settembre 2020 (divise in due settimane in base all&#8217;et\u00e0 dei ragazzi). Clikka per maggiori info!<\/p>\n<\/div>\n\t\n<a href=\"https:\/\/terre-di-toscana.com\/terreditoscana\/experience-life-camp-2020-agosto-settembre-2020\/\" class=\"dt-btn-s dt-btn post-details details-type-btn\" aria-label=\"Read more about Experience Life Camp 2020 &#8211; Agosto\/Settembre 2020\">Vai all'articolo<i class=\"dt-icon-the7-arrow-03\" aria-hidden=\"true\"><\/i><\/a>\n\n<\/div><\/article><\/div><div class=\"visible wf-cell iso-item\" data-post-id=\"8852\" data-date=\"2019-12-05T13:02:10+01:00\" data-name=\"Natale in Miniera\"><article class=\"post project-odd visible post-8852 type-post status-publish format-standard has-post-thumbnail hentry category-notizie category-19\" data-name=\"Natale in Miniera\" data-date=\"2019-12-05T13:02:10+01:00\">\n\n<div class=\"post-thumbnail-wrap\">\n\t<div class=\"post-thumbnail\">\n\t\t\n\t\t\n\t\t<a href=\"https:\/\/terre-di-toscana.com\/terreditoscana\/natale-in-miniera\/\" class=\"post-thumbnail-rollover layzr-bg layzr-bg\" ><img class=\"iso-lazy-load preload-me iso-lazy-load aspect\" src=\"data:image\/svg+xml,%3Csvg%20xmlns%3D&#39;http%3A%2F%2Fwww.w3.org%2F2000%2Fsvg&#39;%20viewBox%3D&#39;0%200%20842%20360&#39;%2F%3E\" data-src=\"https:\/\/terre-di-toscana.com\/terreditoscana\/wp-content\/uploads\/2019\/12\/locandina-Campus-Natalizi-842x360.jpg\" data-srcset=\"https:\/\/terre-di-toscana.com\/terreditoscana\/wp-content\/uploads\/2019\/12\/locandina-Campus-Natalizi-842x360.jpg 842w\" loading=\"eager\" style=\"--ratio: 842 \/ 360\" sizes=\"(max-width: 842px) 100vw, 842px\" alt=\"\" title=\"locandina-Campus-Natalizi\" width=\"842\" height=\"360\"  \/><\/a>\t<\/div>\n<\/div>\n\n\n<div class=\"post-entry-content\">\n\n\t<h3 class=\"entry-title\">\n\t\t<a href=\"https:\/\/terre-di-toscana.com\/terreditoscana\/natale-in-miniera\/\" title=\"Natale in Miniera\" rel=\"bookmark\">Natale in Miniera<\/a>\n\t<\/h3>\n\n\t<div class=\"entry-meta\"><a href=\"https:\/\/terre-di-toscana.com\/terreditoscana\/2019\/12\/05\/\" title=\"13:02\" class=\"data-link\" rel=\"bookmark\"><time class=\"entry-date updated\" datetime=\"2019-12-05T13:02:10+01:00\">5 Dicembre 2019<\/time><\/a><\/div>\n\t<div class=\"entry-excerpt\"><p>Vieni al Parco Museo a provare un\u2019esperienza unica da ricordare anche dopo le Feste<\/p>\n<\/div>\n\t\n<a href=\"https:\/\/terre-di-toscana.com\/terreditoscana\/natale-in-miniera\/\" class=\"dt-btn-s dt-btn post-details details-type-btn\" aria-label=\"Read more about Natale in Miniera\">Vai all'articolo<i class=\"dt-icon-the7-arrow-03\" aria-hidden=\"true\"><\/i><\/a>\n\n<\/div><\/article><\/div><div class=\"visible wf-cell iso-item\" data-post-id=\"8724\" data-date=\"2019-10-22T10:36:38+02:00\" data-name=\"Offerta Speciale Capodanno 2020 Runners e Benessere\"><article class=\"post project-odd visible post-8724 type-post status-publish format-standard has-post-thumbnail hentry category-notizie category-19\" data-name=\"Offerta Speciale Capodanno 2020 Runners e Benessere\" data-date=\"2019-10-22T10:36:38+02:00\">\n\n<div class=\"post-thumbnail-wrap\">\n\t<div class=\"post-thumbnail\">\n\t\t\n\t\t\n\t\t<a href=\"https:\/\/terre-di-toscana.com\/terreditoscana\/offerta-speciale-capodanno-2020-runners-benessere\/\" class=\"post-thumbnail-rollover layzr-bg layzr-bg\" ><img class=\"iso-lazy-load preload-me iso-lazy-load aspect\" src=\"data:image\/svg+xml,%3Csvg%20xmlns%3D&#39;http%3A%2F%2Fwww.w3.org%2F2000%2Fsvg&#39;%20viewBox%3D&#39;0%200%20990%20424&#39;%2F%3E\" data-src=\"https:\/\/terre-di-toscana.com\/terreditoscana\/wp-content\/uploads\/2019\/10\/locandina-capodanno-2020-990x424.jpg\" data-srcset=\"https:\/\/terre-di-toscana.com\/terreditoscana\/wp-content\/uploads\/2019\/10\/locandina-capodanno-2020-990x424.jpg 990w, https:\/\/terre-di-toscana.com\/terreditoscana\/wp-content\/uploads\/2019\/10\/locandina-capodanno-2020-1485x636.jpg 1485w\" loading=\"eager\" style=\"--ratio: 990 \/ 424\" sizes=\"(max-width: 990px) 100vw, 990px\" alt=\"\" title=\"locandina-capodanno-2020\" width=\"990\" height=\"424\"  \/><\/a>\t<\/div>\n<\/div>\n\n\n<div class=\"post-entry-content\">\n\n\t<h3 class=\"entry-title\">\n\t\t<a href=\"https:\/\/terre-di-toscana.com\/terreditoscana\/offerta-speciale-capodanno-2020-runners-benessere\/\" title=\"Offerta Speciale Capodanno 2020 Runners e Benessere\" rel=\"bookmark\">Offerta Speciale Capodanno 2020 Runners e Benessere<\/a>\n\t<\/h3>\n\n\t<div class=\"entry-meta\"><a href=\"https:\/\/terre-di-toscana.com\/terreditoscana\/2019\/10\/22\/\" title=\"10:36\" class=\"data-link\" rel=\"bookmark\"><time class=\"entry-date updated\" datetime=\"2019-10-22T10:36:38+02:00\">22 Ottobre 2019<\/time><\/a><\/div>\n\t<div class=\"entry-excerpt\"><p>[vc_row][vc_column width=&#8221;1\/2&#8243;][vc_column_text]Un&#8217;offerta imperdibile per gli amanti del benessere, delle camminate all&#8217;aria aperta e delle terme. Un pacchetto speciale per festeggiare il capodanno 2020 all&#8217;insegna del buon vivere.[\/vc_column_text][vc_column_text]29 Dicembre 2019 Dalle ore 12:00 Arrivo e Check-In nel primo pomeriggio nei rispettivi hotel assegnati Ore 17:00 CAMMINATA in notturna per i sentieri del Monte Amiata Ore 20.00&hellip;<\/p>\n<\/div>\n\t\n<a href=\"https:\/\/terre-di-toscana.com\/terreditoscana\/offerta-speciale-capodanno-2020-runners-benessere\/\" class=\"dt-btn-s dt-btn post-details details-type-btn\" aria-label=\"Read more about Offerta Speciale Capodanno 2020 Runners e Benessere\">Vai all'articolo<i class=\"dt-icon-the7-arrow-03\" aria-hidden=\"true\"><\/i><\/a>\n\n<\/div><\/article><\/div><div class=\"visible wf-cell iso-item\" data-post-id=\"8702\" data-date=\"2019-05-18T14:31:53+02:00\" data-name=\"Corso estivo &quot;Insegnare con la geografia digitale&quot; 2019\"><article class=\"post project-odd visible post-8702 type-post status-publish format-standard has-post-thumbnail hentry category-notizie category-19\" data-name=\"Corso estivo &#8220;Insegnare con la geografia digitale&#8221; 2019\" data-date=\"2019-05-18T14:31:53+02:00\">\n\n<div class=\"post-thumbnail-wrap\">\n\t<div class=\"post-thumbnail\">\n\t\t\n\t\t\n\t\t<a href=\"https:\/\/terre-di-toscana.com\/terreditoscana\/8702-2\/\" class=\"post-thumbnail-rollover layzr-bg layzr-bg\" ><img class=\"iso-lazy-load preload-me iso-lazy-load aspect\" src=\"data:image\/svg+xml,%3Csvg%20xmlns%3D&#39;http%3A%2F%2Fwww.w3.org%2F2000%2Fsvg&#39;%20viewBox%3D&#39;0%200%20500%20214&#39;%2F%3E\" data-src=\"https:\/\/terre-di-toscana.com\/terreditoscana\/wp-content\/uploads\/2019\/05\/flyer-corsi-estivi2019-500x214.jpg\" data-srcset=\"https:\/\/terre-di-toscana.com\/terreditoscana\/wp-content\/uploads\/2019\/05\/flyer-corsi-estivi2019-500x214.jpg 500w\" loading=\"eager\" style=\"--ratio: 500 \/ 214\" sizes=\"(max-width: 500px) 100vw, 500px\" alt=\"\" title=\"flyer-corsi-estivi2019\" width=\"500\" height=\"214\"  \/><\/a>\t<\/div>\n<\/div>\n\n\n<div class=\"post-entry-content\">\n\n\t<h3 class=\"entry-title\">\n\t\t<a href=\"https:\/\/terre-di-toscana.com\/terreditoscana\/8702-2\/\" title=\"Corso estivo &#8220;Insegnare con la geografia digitale&#8221; 2019\" rel=\"bookmark\">Corso estivo &#8220;Insegnare con la geografia digitale&#8221; 2019<\/a>\n\t<\/h3>\n\n\t<div class=\"entry-meta\"><a href=\"https:\/\/terre-di-toscana.com\/terreditoscana\/2019\/05\/18\/\" title=\"14:31\" class=\"data-link\" rel=\"bookmark\"><time class=\"entry-date updated\" datetime=\"2019-05-18T14:31:53+02:00\">18 Maggio 2019<\/time><\/a><\/div>\n\t<div class=\"entry-excerpt\"><p>[vc_row][vc_column width=&#8221;1\/3&#8243;][\/vc_column][vc_column width=&#8221;2\/3&#8243;][vc_column_text]Anche quest&#8217;anno l\u2019Universit\u00e0 di Siena in collaborazione con la Societ\u00e0 Esri Italia ed il Comune di Abbadia San Salvatore (SI), grazie allo sponsor del &#8220;PLS: Piano Nazionale Lauree Scientifiche, PLS- GEO UNISI&#8221;, organizzano il corso estivo &#8220;INSEGNARE CON LA GEOGRAFIA DIGITALE&#8221; destinati agli insegnanti (dalla scuola primaria fino alla secondaria). Il Corso ha&hellip;<\/p>\n<\/div>\n\t\n<a href=\"https:\/\/terre-di-toscana.com\/terreditoscana\/8702-2\/\" class=\"dt-btn-s dt-btn post-details details-type-btn\" aria-label=\"Read more about Corso estivo &#8220;Insegnare con la geografia digitale&#8221; 2019\">Vai all'articolo<i class=\"dt-icon-the7-arrow-03\" aria-hidden=\"true\"><\/i><\/a>\n\n<\/div><\/article><\/div><div class=\"visible wf-cell iso-item\" data-post-id=\"8267\" data-date=\"2018-10-31T09:36:09+01:00\" data-name=\"Capodanno 2019 sul Monte Amiata! Prenota subito il tuo soggiorno\"><article class=\"post project-odd visible post-8267 type-post status-publish format-standard has-post-thumbnail hentry category-notizie tag-646 tag-abbadia-san-salvatore tag-alberghi-amiata tag-capodanno-monte-amiata tag-montagna tag-neve category-19\" data-name=\"Capodanno 2019 sul Monte Amiata! Prenota subito il tuo soggiorno\" data-date=\"2018-10-31T09:36:09+01:00\">\n\n<div class=\"post-thumbnail-wrap\">\n\t<div class=\"post-thumbnail\">\n\t\t\n\t\t\n\t\t<a href=\"https:\/\/terre-di-toscana.com\/terreditoscana\/capodanno-2019\/\" class=\"post-thumbnail-rollover layzr-bg layzr-bg\" ><img class=\"iso-lazy-load preload-me iso-lazy-load aspect\" src=\"data:image\/svg+xml,%3Csvg%20xmlns%3D&#39;http%3A%2F%2Fwww.w3.org%2F2000%2Fsvg&#39;%20viewBox%3D&#39;0%200%20990%20424&#39;%2F%3E\" data-src=\"https:\/\/terre-di-toscana.com\/terreditoscana\/wp-content\/uploads\/2018\/10\/CapodannoAmiata2019corretto3-001-990x424.jpg\" data-srcset=\"https:\/\/terre-di-toscana.com\/terreditoscana\/wp-content\/uploads\/2018\/10\/CapodannoAmiata2019corretto3-001-990x424.jpg 990w, https:\/\/terre-di-toscana.com\/terreditoscana\/wp-content\/uploads\/2018\/10\/CapodannoAmiata2019corretto3-001-1323x566.jpg 1323w\" loading=\"eager\" style=\"--ratio: 990 \/ 424\" sizes=\"(max-width: 990px) 100vw, 990px\" alt=\"\" title=\"CapodannoAmiata2019corretto3-001\" width=\"990\" height=\"424\"  \/><\/a>\t<\/div>\n<\/div>\n\n\n<div class=\"post-entry-content\">\n\n\t<h3 class=\"entry-title\">\n\t\t<a href=\"https:\/\/terre-di-toscana.com\/terreditoscana\/capodanno-2019\/\" title=\"Capodanno 2019 sul Monte Amiata! Prenota subito il tuo soggiorno\" rel=\"bookmark\">Capodanno 2019 sul Monte Amiata! Prenota subito il tuo soggiorno<\/a>\n\t<\/h3>\n\n\t<div class=\"entry-meta\"><a href=\"https:\/\/terre-di-toscana.com\/terreditoscana\/2018\/10\/31\/\" title=\"9:36\" class=\"data-link\" rel=\"bookmark\"><time class=\"entry-date updated\" datetime=\"2018-10-31T09:36:09+01:00\">31 Ottobre 2018<\/time><\/a><\/div>\n\t<div class=\"entry-excerpt\"><p>CAPODANNO 2019 TRASCORRI UN CAPODANNO ALTERNATIVO DA NOI TRA SPORT, TERME E BENESSERE! 29 Dicembre-Sabato Dalle ore 12:00 Arrivo e Check-In nel primo pomeriggio nei rispettivi hotel assegnati Ore 18:00 CORSA\/CAMMINATA in notturna per i sentieri del Monte Amiata Ore 20.00 Cena presso una delle nostre strutture convenzionate &nbsp; 30 Dicembre-Domenica Colazione e ritrovo con&hellip;<\/p>\n<\/div>\n\t\n<a href=\"https:\/\/terre-di-toscana.com\/terreditoscana\/capodanno-2019\/\" class=\"dt-btn-s dt-btn post-details details-type-btn\" aria-label=\"Read more about Capodanno 2019 sul Monte Amiata! Prenota subito il tuo soggiorno\">Vai all'articolo<i class=\"dt-icon-the7-arrow-03\" aria-hidden=\"true\"><\/i><\/a>\n\n<\/div><\/article><\/div><div class=\"visible wf-cell iso-item\" data-post-id=\"8244\" data-date=\"2018-09-11T11:13:12+02:00\" data-name=\"Open Day del Parco Museo Minerario 30 Settembre-1 Ottobre ISCRIVITI QUI\"><article class=\"post project-odd visible post-8244 type-post status-publish format-standard has-post-thumbnail hentry category-notizie tag-abbadia-san-salvatore tag-museo-minerario-abbadia tag-open-day-parco-minerario-abbadia-san-salvatore tag-parco-museo-minerario category-19\" data-name=\"Open Day del Parco Museo Minerario 30 Settembre-1 Ottobre ISCRIVITI QUI\" data-date=\"2018-09-11T11:13:12+02:00\">\n\n<div class=\"post-thumbnail-wrap\">\n\t<div class=\"post-thumbnail\">\n\t\t\n\t\t\n\t\t<a href=\"https:\/\/terre-di-toscana.com\/terreditoscana\/open-day-2018\/\" class=\"post-thumbnail-rollover layzr-bg layzr-bg\" ><img class=\"iso-lazy-load preload-me iso-lazy-load aspect\" src=\"data:image\/svg+xml,%3Csvg%20xmlns%3D&#39;http%3A%2F%2Fwww.w3.org%2F2000%2Fsvg&#39;%20viewBox%3D&#39;0%200%20732%20313&#39;%2F%3E\" data-src=\"https:\/\/terre-di-toscana.com\/terreditoscana\/wp-content\/uploads\/2018\/09\/MoDULO-732x313.jpg\" data-srcset=\"https:\/\/terre-di-toscana.com\/terreditoscana\/wp-content\/uploads\/2018\/09\/MoDULO-732x313.jpg 732w\" loading=\"eager\" style=\"--ratio: 732 \/ 313\" sizes=\"(max-width: 732px) 100vw, 732px\" alt=\"\" title=\"MoDULO\" width=\"732\" height=\"313\"  \/><\/a>\t<\/div>\n<\/div>\n\n\n<div class=\"post-entry-content\">\n\n\t<h3 class=\"entry-title\">\n\t\t<a href=\"https:\/\/terre-di-toscana.com\/terreditoscana\/open-day-2018\/\" title=\"Open Day del Parco Museo Minerario 30 Settembre-1 Ottobre ISCRIVITI QUI\" rel=\"bookmark\">Open Day del Parco Museo Minerario 30 Settembre-1 Ottobre ISCRIVITI QUI<\/a>\n\t<\/h3>\n\n\t<div class=\"entry-meta\"><a href=\"https:\/\/terre-di-toscana.com\/terreditoscana\/2018\/09\/11\/\" title=\"11:13\" class=\"data-link\" rel=\"bookmark\"><time class=\"entry-date updated\" datetime=\"2018-09-11T11:13:12+02:00\">11 Settembre 2018<\/time><\/a><\/div>\n\t<div class=\"entry-excerpt\"><p>Open Day Parco Museo Minerario di Abbadia San Salvatore -Invito riservato ai Commercianti e alle Strutture Ricettive del Monte Amiata e zone limitrofe- Domenica 30 Settembre ore 10:00- Luned\u00ec 1 Ottobre\u00a0ore 10:00* Programma Saluto di benvenuto del gestore Consorzio Terre di Toscana; Presentazione del portale turistico BookingAmiata e della nuova app Amiata4S; Visita guidata al&hellip;<\/p>\n<\/div>\n\t\n<a href=\"https:\/\/terre-di-toscana.com\/terreditoscana\/open-day-2018\/\" class=\"dt-btn-s dt-btn post-details details-type-btn\" aria-label=\"Read more about Open Day del Parco Museo Minerario 30 Settembre-1 Ottobre ISCRIVITI QUI\">Vai all'articolo<i class=\"dt-icon-the7-arrow-03\" aria-hidden=\"true\"><\/i><\/a>\n\n<\/div><\/article><\/div><div class=\"visible wf-cell iso-item\" data-post-id=\"8225\" data-date=\"2018-09-02T17:13:15+02:00\" data-name=\"Aspettando la festa patronale: brevi cenni storici su San Marco Papa\"><article class=\"post project-odd visible post-8225 type-post status-publish format-standard has-post-thumbnail hentry category-notizie tag-abbadia-san-salvatore tag-busto-reliquiario-di-san-marco-papa tag-casula-di-san-marco-papa tag-fiera-di-abbadia-san-salvatore tag-fiera-di-san-marco-papa tag-patrono-abbadia-san-salvatore tag-san-marco-papa tag-toscana category-19\" data-name=\"Aspettando la festa patronale: brevi cenni storici su San Marco Papa\" data-date=\"2018-09-02T17:13:15+02:00\">\n\n<div class=\"post-thumbnail-wrap\">\n\t<div class=\"post-thumbnail\">\n\t\t\n\t\t\n\t\t<a href=\"https:\/\/terre-di-toscana.com\/terreditoscana\/san-marco-papa-patrono-abbadia\/\" class=\"post-thumbnail-rollover layzr-bg layzr-bg\" ><img class=\"iso-lazy-load preload-me iso-lazy-load aspect\" src=\"data:image\/svg+xml,%3Csvg%20xmlns%3D&#39;http%3A%2F%2Fwww.w3.org%2F2000%2Fsvg&#39;%20viewBox%3D&#39;0%200%20253%20108&#39;%2F%3E\" data-src=\"https:\/\/terre-di-toscana.com\/terreditoscana\/wp-content\/uploads\/2012\/04\/bustosanmarcopapa-253x108.jpg\" data-srcset=\"https:\/\/terre-di-toscana.com\/terreditoscana\/wp-content\/uploads\/2012\/04\/bustosanmarcopapa-253x108.jpg 253w\" loading=\"eager\" style=\"--ratio: 253 \/ 108\" sizes=\"(max-width: 253px) 100vw, 253px\" alt=\"\" title=\"bustosanmarcopapa\" width=\"253\" height=\"108\"  \/><\/a>\t<\/div>\n<\/div>\n\n\n<div class=\"post-entry-content\">\n\n\t<h3 class=\"entry-title\">\n\t\t<a href=\"https:\/\/terre-di-toscana.com\/terreditoscana\/san-marco-papa-patrono-abbadia\/\" title=\"Aspettando la festa patronale: brevi cenni storici su San Marco Papa\" rel=\"bookmark\">Aspettando la festa patronale: brevi cenni storici su San Marco Papa<\/a>\n\t<\/h3>\n\n\t<div class=\"entry-meta\"><a href=\"https:\/\/terre-di-toscana.com\/terreditoscana\/2018\/09\/02\/\" title=\"17:13\" class=\"data-link\" rel=\"bookmark\"><time class=\"entry-date updated\" datetime=\"2018-09-02T17:13:15+02:00\">2 Settembre 2018<\/time><\/a><\/div>\n\t<div class=\"entry-excerpt\"><p>19 settembre Abbadia San Salvatore festeggia il suo patrono San Marco Papa Cenni storici Fu il 34\u00b0 vescovo di Roma e successore di Papa Silvestro, del quale fu anche segretario\u00a0 in occasione del famoso concilio di Nicea, dove viene definito il Credo cristiano. Ebbe un pontificato molto breve, dal 18 gennaio al 7 ottobre del&hellip;<\/p>\n<\/div>\n\t\n<a href=\"https:\/\/terre-di-toscana.com\/terreditoscana\/san-marco-papa-patrono-abbadia\/\" class=\"dt-btn-s dt-btn post-details details-type-btn\" aria-label=\"Read more about Aspettando la festa patronale: brevi cenni storici su San Marco Papa\">Vai all'articolo<i class=\"dt-icon-the7-arrow-03\" aria-hidden=\"true\"><\/i><\/a>\n\n<\/div><\/article><\/div><div class=\"visible wf-cell iso-item\" data-post-id=\"8220\" data-date=\"2018-09-02T12:22:25+02:00\" data-name=\"Informazioni norme raccolta funghi Monte Amiata 2018\"><article class=\"post project-odd visible post-8220 type-post status-publish format-standard has-post-thumbnail hentry category-notizie tag-abbadia-san-salvatore tag-porcini-monte-amiata tag-raccolta-funghi-2018 tag-raccolta-funghi-abbadia-san-salvatore tag-raccolta-funghi-amiata tag-raccolta-funghi-toscana tag-sanzioni-raccolta-funghi tag-toscana category-19\" data-name=\"Informazioni norme raccolta funghi Monte Amiata 2018\" data-date=\"2018-09-02T12:22:25+02:00\">\n\n<div class=\"post-thumbnail-wrap\">\n\t<div class=\"post-thumbnail\">\n\t\t\n\t\t\n\t\t<a href=\"https:\/\/terre-di-toscana.com\/terreditoscana\/raccolta-funghi-2018\/\" class=\"post-thumbnail-rollover layzr-bg layzr-bg\" ><img class=\"iso-lazy-load preload-me iso-lazy-load aspect\" src=\"data:image\/svg+xml,%3Csvg%20xmlns%3D&#39;http%3A%2F%2Fwww.w3.org%2F2000%2Fsvg&#39;%20viewBox%3D&#39;0%200%20287%20123&#39;%2F%3E\" data-src=\"https:\/\/terre-di-toscana.com\/terreditoscana\/wp-content\/uploads\/2010\/07\/1-Amiata-i-sapori_funghi-287x123.jpg\" data-srcset=\"https:\/\/terre-di-toscana.com\/terreditoscana\/wp-content\/uploads\/2010\/07\/1-Amiata-i-sapori_funghi-287x123.jpg 287w\" loading=\"eager\" style=\"--ratio: 287 \/ 123\" sizes=\"(max-width: 287px) 100vw, 287px\" alt=\"\" title=\"1 Amiata i sapori_funghi\" width=\"287\" height=\"123\"  \/><\/a>\t<\/div>\n<\/div>\n\n\n<div class=\"post-entry-content\">\n\n\t<h3 class=\"entry-title\">\n\t\t<a href=\"https:\/\/terre-di-toscana.com\/terreditoscana\/raccolta-funghi-2018\/\" title=\"Informazioni norme raccolta funghi Monte Amiata 2018\" rel=\"bookmark\">Informazioni norme raccolta funghi Monte Amiata 2018<\/a>\n\t<\/h3>\n\n\t<div class=\"entry-meta\"><a href=\"https:\/\/terre-di-toscana.com\/terreditoscana\/2018\/09\/02\/\" title=\"12:22\" class=\"data-link\" rel=\"bookmark\"><time class=\"entry-date updated\" datetime=\"2018-09-02T12:22:25+02:00\">2 Settembre 2018<\/time><\/a><\/div>\n\t<div class=\"entry-excerpt\"><p>Funghi: Nuove norme per la raccolta funghi Abbadia San Salvatore 2018 Divieti per alcune specie \u00c8 vietata la raccolta di esemplari delle seguenti specie, nel caso in cui la dimensione del cappello sia inferiore a: \u2022 quattro centimetri per il Genere Boletus sezione Edules (porcini); \u2022\u202f due centimetri per l\u2019Hygrophorus marzuolus (dormiente) e per il&hellip;<\/p>\n<\/div>\n\t\n<a href=\"https:\/\/terre-di-toscana.com\/terreditoscana\/raccolta-funghi-2018\/\" class=\"dt-btn-s dt-btn post-details details-type-btn\" aria-label=\"Read more about Informazioni norme raccolta funghi Monte Amiata 2018\">Vai all'articolo<i class=\"dt-icon-the7-arrow-03\" aria-hidden=\"true\"><\/i><\/a>\n\n<\/div><\/article><\/div><div class=\"visible wf-cell iso-item\" data-post-id=\"8216\" data-date=\"2018-08-31T19:27:45+02:00\" data-name=\"Workshop fotografico con Sandro Santioli 12-13-14 Ottobre 2018\"><article class=\"post project-odd visible post-8216 type-post status-publish format-standard has-post-thumbnail hentry category-notizie tag-abbadia-san-salvatore tag-foto-luoghi-abbandonati tag-fotografia tag-fotografia-luoghi-sperduti tag-no-al-doping tag-sandro-santioli tag-toscana tag-workshop-fotografico-toscana category-19\" data-name=\"Workshop fotografico con Sandro Santioli 12-13-14 Ottobre 2018\" data-date=\"2018-08-31T19:27:45+02:00\">\n\n<div class=\"post-thumbnail-wrap\">\n\t<div class=\"post-thumbnail\">\n\t\t\n\t\t\n\t\t<a href=\"https:\/\/terre-di-toscana.com\/terreditoscana\/workshop-sandro-santioli\/\" class=\"post-thumbnail-rollover layzr-bg layzr-bg\" ><img class=\"iso-lazy-load preload-me iso-lazy-load aspect\" src=\"data:image\/svg+xml,%3Csvg%20xmlns%3D&#39;http%3A%2F%2Fwww.w3.org%2F2000%2Fsvg&#39;%20viewBox%3D&#39;0%200%20425%20182&#39;%2F%3E\" data-src=\"https:\/\/terre-di-toscana.com\/terreditoscana\/wp-content\/uploads\/2018\/08\/Workshop-Santioli-ottobre-2018-425x182.png\" data-srcset=\"https:\/\/terre-di-toscana.com\/terreditoscana\/wp-content\/uploads\/2018\/08\/Workshop-Santioli-ottobre-2018-425x182.png 425w\" loading=\"eager\" style=\"--ratio: 425 \/ 182\" sizes=\"(max-width: 425px) 100vw, 425px\" alt=\"\" title=\"Workshop Santioli ottobre 2018\" width=\"425\" height=\"182\"  \/><\/a>\t<\/div>\n<\/div>\n\n\n<div class=\"post-entry-content\">\n\n\t<h3 class=\"entry-title\">\n\t\t<a href=\"https:\/\/terre-di-toscana.com\/terreditoscana\/workshop-sandro-santioli\/\" title=\"Workshop fotografico con Sandro Santioli 12-13-14 Ottobre 2018\" rel=\"bookmark\">Workshop fotografico con Sandro Santioli 12-13-14 Ottobre 2018<\/a>\n\t<\/h3>\n\n\t<div class=\"entry-meta\"><a href=\"https:\/\/terre-di-toscana.com\/terreditoscana\/2018\/08\/31\/\" title=\"19:27\" class=\"data-link\" rel=\"bookmark\"><time class=\"entry-date updated\" datetime=\"2018-08-31T19:27:45+02:00\">31 Agosto 2018<\/time><\/a><\/div>\n\t<div class=\"entry-excerpt\"><p>&#8220;L&#8217;archeologia industriale nel Parco Minerario di Abbadia San Salvatore&#8221; A CHI E\u2019 RIVOLTO: ai principianti (con la conoscenza base della propria macchina fotografica),amatori e professionisti. COSA PORTARE: cavalletto stabile, scheda di memoria di scorta, batterie aggiuntive per la macchina fotografica, notebook, scarpe comode da trekking o sportive. COSTI: Corso a 300 euro + IVA (non&hellip;<\/p>\n<\/div>\n\t\n<a href=\"https:\/\/terre-di-toscana.com\/terreditoscana\/workshop-sandro-santioli\/\" class=\"dt-btn-s dt-btn post-details details-type-btn\" aria-label=\"Read more about Workshop fotografico con Sandro Santioli 12-13-14 Ottobre 2018\">Vai all'articolo<i class=\"dt-icon-the7-arrow-03\" aria-hidden=\"true\"><\/i><\/a>\n\n<\/div><\/article><\/div><div class=\"hidden wf-cell iso-item\" data-post-id=\"8211\" data-date=\"2018-08-28T18:50:34+02:00\" data-name=\"Convegno &quot;Il mio doping: punto alla salute&quot;\"><article class=\"post project-odd visible post-8211 type-post status-publish format-standard has-post-thumbnail hentry category-notizie tag-abbadia-san-salvatore tag-antonio-imeneo tag-assital tag-convegno-abbadia tag-doping tag-funvic-unesco tag-giovanni-lucarelli tag-manuel-lucarelli tag-montagna tag-monte-amiata tag-no-al-doping tag-toscana tag-toscana-orieentering-classic category-19\" data-name=\"Convegno &#8220;Il mio doping: punto alla salute&#8221;\" data-date=\"2018-08-28T18:50:34+02:00\">\n\n<div class=\"post-thumbnail-wrap\">\n\t<div class=\"post-thumbnail\">\n\t\t\n\t\t\n\t\t<a href=\"https:\/\/terre-di-toscana.com\/terreditoscana\/convegno-il-mio-doping\/\" class=\"post-thumbnail-rollover layzr-bg layzr-bg\" ><img class=\"iso-lazy-load preload-me iso-lazy-load aspect\" src=\"data:image\/svg+xml,%3Csvg%20xmlns%3D&#39;http%3A%2F%2Fwww.w3.org%2F2000%2Fsvg&#39;%20viewBox%3D&#39;0%200%20480%20205&#39;%2F%3E\" data-src=\"https:\/\/terre-di-toscana.com\/terreditoscana\/wp-content\/uploads\/2018\/08\/Il-mio-doping-punto-alla-salute-480x205.jpg\" data-srcset=\"https:\/\/terre-di-toscana.com\/terreditoscana\/wp-content\/uploads\/2018\/08\/Il-mio-doping-punto-alla-salute-480x205.jpg 480w\" loading=\"eager\" style=\"--ratio: 480 \/ 205\" sizes=\"(max-width: 480px) 100vw, 480px\" alt=\"\" title=\"Il mio doping punto alla salute\" width=\"480\" height=\"205\"  \/><\/a>\t<\/div>\n<\/div>\n\n\n<div class=\"post-entry-content\">\n\n\t<h3 class=\"entry-title\">\n\t\t<a href=\"https:\/\/terre-di-toscana.com\/terreditoscana\/convegno-il-mio-doping\/\" title=\"Convegno &#8220;Il mio doping: punto alla salute&#8221;\" rel=\"bookmark\">Convegno &#8220;Il mio doping: punto alla salute&#8221;<\/a>\n\t<\/h3>\n\n\t<div class=\"entry-meta\"><a href=\"https:\/\/terre-di-toscana.com\/terreditoscana\/2018\/08\/28\/\" title=\"18:50\" class=\"data-link\" rel=\"bookmark\"><time class=\"entry-date updated\" datetime=\"2018-08-28T18:50:34+02:00\">28 Agosto 2018<\/time><\/a><\/div>\n\t<div class=\"entry-excerpt\"><p>L\u2019Amministrazione Comunale di Abbadia San Salvatore,\u00a0il C.T. UISP Monterotondo l\u2019ASS.I.T.A.L., la Fondazione Universitaria Vida Crista FUNVIC UNESCO EUROPA organizzano per il giorno di Gioved\u00ec 30 agosto \u201918 Presso il Teatro Servadio in Via Pinelli 30 il Convegno aperto a tutti: &#8220;Il mio doping: punto alla salute&#8221; &nbsp; PROGRAMMA ore 18,00 Saluti dell\u2019Amministrazione Comunale Interverranno: ore&hellip;<\/p>\n<\/div>\n\t\n<a href=\"https:\/\/terre-di-toscana.com\/terreditoscana\/convegno-il-mio-doping\/\" class=\"dt-btn-s dt-btn post-details details-type-btn\" aria-label=\"Read more about Convegno &#8220;Il mio doping: punto alla salute&#8221;\">Vai all'articolo<i class=\"dt-icon-the7-arrow-03\" aria-hidden=\"true\"><\/i><\/a>\n\n<\/div><\/article><\/div><div class=\"hidden wf-cell iso-item\" data-post-id=\"8207\" data-date=\"2018-08-26T18:06:17+02:00\" data-name=\"Abbadia San Salvatore centro regionale FIDAL\"><article class=\"post project-odd visible post-8207 type-post status-publish format-standard has-post-thumbnail hentry category-notizie tag-abbadia-cittadella-dello-sport tag-abbadia-san-salvatore tag-amiatasport tag-fidal tag-master-fidal tag-montagna tag-monte-amiata tag-toscana category-19\" data-name=\"Abbadia San Salvatore centro regionale FIDAL\" data-date=\"2018-08-26T18:06:17+02:00\">\n\n<div class=\"post-thumbnail-wrap\">\n\t<div class=\"post-thumbnail\">\n\t\t\n\t\t\n\t\t<a href=\"https:\/\/terre-di-toscana.com\/terreditoscana\/ritiri-sportivi-fidal\/\" class=\"post-thumbnail-rollover layzr-bg layzr-bg\" ><img class=\"iso-lazy-load preload-me iso-lazy-load aspect\" src=\"data:image\/svg+xml,%3Csvg%20xmlns%3D&#39;http%3A%2F%2Fwww.w3.org%2F2000%2Fsvg&#39;%20viewBox%3D&#39;0%200%20990%20424&#39;%2F%3E\" data-src=\"https:\/\/terre-di-toscana.com\/terreditoscana\/wp-content\/uploads\/2018\/08\/corsa2-990x424.jpg\" data-srcset=\"https:\/\/terre-di-toscana.com\/terreditoscana\/wp-content\/uploads\/2018\/08\/corsa2-990x424.jpg 990w, https:\/\/terre-di-toscana.com\/terreditoscana\/wp-content\/uploads\/2018\/08\/corsa2-1485x636.jpg 1485w\" loading=\"eager\" style=\"--ratio: 990 \/ 424\" sizes=\"(max-width: 990px) 100vw, 990px\" alt=\"\" title=\"corsa2\" width=\"990\" height=\"424\"  \/><\/a>\t<\/div>\n<\/div>\n\n\n<div class=\"post-entry-content\">\n\n\t<h3 class=\"entry-title\">\n\t\t<a href=\"https:\/\/terre-di-toscana.com\/terreditoscana\/ritiri-sportivi-fidal\/\" title=\"Abbadia San Salvatore centro regionale FIDAL\" rel=\"bookmark\">Abbadia San Salvatore centro regionale FIDAL<\/a>\n\t<\/h3>\n\n\t<div class=\"entry-meta\"><a href=\"https:\/\/terre-di-toscana.com\/terreditoscana\/2018\/08\/26\/\" title=\"18:06\" class=\"data-link\" rel=\"bookmark\"><time class=\"entry-date updated\" datetime=\"2018-08-26T18:06:17+02:00\">26 Agosto 2018<\/time><\/a><\/div>\n\t<div class=\"entry-excerpt\"><p>Da mercoled\u00ec 22 agosto fino al 1 settembre 2018 Abbadia San Salvatore \u00e8 protagonista di tre raduni sportivi: il raduno Nazionale UISP di atletica leggera, il raduno tecnico regionale FIDAL ed il raduno ASSITAL. Nei giorni di sabato 24 agosto e domenica 25 si \u00e8 disputato il Campionato Master FIDAL, dopo la firma del protocollo&hellip;<\/p>\n<\/div>\n\t\n<a href=\"https:\/\/terre-di-toscana.com\/terreditoscana\/ritiri-sportivi-fidal\/\" class=\"dt-btn-s dt-btn post-details details-type-btn\" aria-label=\"Read more about Abbadia San Salvatore centro regionale FIDAL\">Vai all'articolo<i class=\"dt-icon-the7-arrow-03\" aria-hidden=\"true\"><\/i><\/a>\n\n<\/div><\/article><\/div><div class=\"hidden wf-cell iso-item\" data-post-id=\"8201\" data-date=\"2018-08-18T18:14:54+02:00\" data-name=\"Aperte le iscrizioni per il Toscana Orienteering Classic\"><article class=\"post project-odd visible post-8201 type-post status-publish format-standard has-post-thumbnail hentry category-notizie tag-abbadia-san-salvatore tag-montagna tag-monte-amiata tag-museo-minerario tag-toscana tag-toscana-orieentering tag-toscana-orieentering-classic tag-trekking category-19\" data-name=\"Aperte le iscrizioni per il Toscana Orienteering Classic\" data-date=\"2018-08-18T18:14:54+02:00\">\n\n<div class=\"post-thumbnail-wrap\">\n\t<div class=\"post-thumbnail\">\n\t\t\n\t\t\n\t\t<a href=\"https:\/\/terre-di-toscana.com\/terreditoscana\/aperte-le-iscrizioni-per-il-toscana-orienteering-classic\/\" class=\"post-thumbnail-rollover layzr-bg layzr-bg\" ><img class=\"iso-lazy-load preload-me iso-lazy-load aspect\" src=\"data:image\/svg+xml,%3Csvg%20xmlns%3D&#39;http%3A%2F%2Fwww.w3.org%2F2000%2Fsvg&#39;%20viewBox%3D&#39;0%200%20990%20424&#39;%2F%3E\" data-src=\"https:\/\/terre-di-toscana.com\/terreditoscana\/wp-content\/uploads\/2018\/08\/Toscana-Orienteering-Classic-2018-990x424.jpg\" data-srcset=\"https:\/\/terre-di-toscana.com\/terreditoscana\/wp-content\/uploads\/2018\/08\/Toscana-Orienteering-Classic-2018-990x424.jpg 990w, https:\/\/terre-di-toscana.com\/terreditoscana\/wp-content\/uploads\/2018\/08\/Toscana-Orienteering-Classic-2018-1485x636.jpg 1485w\" loading=\"eager\" style=\"--ratio: 990 \/ 424\" sizes=\"(max-width: 990px) 100vw, 990px\" alt=\"\" title=\"Toscana Orienteering Classic 2018\" width=\"990\" height=\"424\"  \/><\/a>\t<\/div>\n<\/div>\n\n\n<div class=\"post-entry-content\">\n\n\t<h3 class=\"entry-title\">\n\t\t<a href=\"https:\/\/terre-di-toscana.com\/terreditoscana\/aperte-le-iscrizioni-per-il-toscana-orienteering-classic\/\" title=\"Aperte le iscrizioni per il Toscana Orienteering Classic\" rel=\"bookmark\">Aperte le iscrizioni per il Toscana Orienteering Classic<\/a>\n\t<\/h3>\n\n\t<div class=\"entry-meta\"><a href=\"https:\/\/terre-di-toscana.com\/terreditoscana\/2018\/08\/18\/\" title=\"18:14\" class=\"data-link\" rel=\"bookmark\"><time class=\"entry-date updated\" datetime=\"2018-08-18T18:14:54+02:00\">18 Agosto 2018<\/time><\/a><\/div>\n\t<div class=\"entry-excerpt\"><p>IKP vi presenta l\u2019evento Toscana Orienteering Classic 2018. Appuntamento dal 1 al 4 Novembre 2018, 5 gare in 4 giorni nello splendido scenario della Val D\u2019Orcia e dell&#8217;Amiata. Ecco le nostre proposte per il soggiorno: Programma 01.11 Middle \u2013 Bosco \u2013 Abbadia San Salvatore 02.11 Middle \u2013 Bosco \u2013 Abbadia San Salvatore 02.11 Night Sprint&hellip;<\/p>\n<\/div>\n\t\n<a href=\"https:\/\/terre-di-toscana.com\/terreditoscana\/aperte-le-iscrizioni-per-il-toscana-orienteering-classic\/\" class=\"dt-btn-s dt-btn post-details details-type-btn\" aria-label=\"Read more about Aperte le iscrizioni per il Toscana Orienteering Classic\">Vai all'articolo<i class=\"dt-icon-the7-arrow-03\" aria-hidden=\"true\"><\/i><\/a>\n\n<\/div><\/article><\/div><div class=\"hidden wf-cell iso-item\" data-post-id=\"8196\" data-date=\"2018-08-10T16:31:10+02:00\" data-name=\"Trail Amiata 2018-Trekking non competitivo per tutti!\"><article class=\"post project-odd visible post-8196 type-post status-publish format-standard has-post-thumbnail hentry category-notizie category-19\" data-name=\"Trail Amiata 2018-Trekking non competitivo per tutti!\" data-date=\"2018-08-10T16:31:10+02:00\">\n\n<div class=\"post-thumbnail-wrap\">\n\t<div class=\"post-thumbnail\">\n\t\t\n\t\t\n\t\t<a href=\"https:\/\/terre-di-toscana.com\/terreditoscana\/trail-amiata-2018-trekking-non-competitivo-per-tutti\/\" class=\"post-thumbnail-rollover layzr-bg layzr-bg\" ><img class=\"iso-lazy-load preload-me iso-lazy-load aspect\" src=\"data:image\/svg+xml,%3Csvg%20xmlns%3D&#39;http%3A%2F%2Fwww.w3.org%2F2000%2Fsvg&#39;%20viewBox%3D&#39;0%200%20685%20293&#39;%2F%3E\" data-src=\"https:\/\/terre-di-toscana.com\/terreditoscana\/wp-content\/uploads\/2018\/08\/38444475_697497710585792_7235461396157169664_n-685x293.jpg\" data-srcset=\"https:\/\/terre-di-toscana.com\/terreditoscana\/wp-content\/uploads\/2018\/08\/38444475_697497710585792_7235461396157169664_n-685x293.jpg 685w\" loading=\"eager\" style=\"--ratio: 685 \/ 293\" sizes=\"(max-width: 685px) 100vw, 685px\" alt=\"\" title=\"38444475_697497710585792_7235461396157169664_n\" width=\"685\" height=\"293\"  \/><\/a>\t<\/div>\n<\/div>\n\n\n<div class=\"post-entry-content\">\n\n\t<h3 class=\"entry-title\">\n\t\t<a href=\"https:\/\/terre-di-toscana.com\/terreditoscana\/trail-amiata-2018-trekking-non-competitivo-per-tutti\/\" title=\"Trail Amiata 2018-Trekking non competitivo per tutti!\" rel=\"bookmark\">Trail Amiata 2018-Trekking non competitivo per tutti!<\/a>\n\t<\/h3>\n\n\t<div class=\"entry-meta\"><a href=\"https:\/\/terre-di-toscana.com\/terreditoscana\/2018\/08\/10\/\" title=\"16:31\" class=\"data-link\" rel=\"bookmark\"><time class=\"entry-date updated\" datetime=\"2018-08-10T16:31:10+02:00\">10 Agosto 2018<\/time><\/a><\/div>\n\t<div class=\"entry-excerpt\"><\/div>\n\t\n<a href=\"https:\/\/terre-di-toscana.com\/terreditoscana\/trail-amiata-2018-trekking-non-competitivo-per-tutti\/\" class=\"dt-btn-s dt-btn post-details details-type-btn\" aria-label=\"Read more about Trail Amiata 2018-Trekking non competitivo per tutti!\">Vai all'articolo<i class=\"dt-icon-the7-arrow-03\" aria-hidden=\"true\"><\/i><\/a>\n\n<\/div><\/article><\/div><div class=\"hidden wf-cell iso-item\" data-post-id=\"8185\" data-date=\"2018-07-19T17:32:38+02:00\" data-name=\"Trail dell&#039;Amiata 2018: ecco il video promo dell&#039;evento\"><article class=\"post project-odd visible post-8185 type-post status-publish format-standard has-post-thumbnail hentry category-notizie tag-abbadia-san-salvatore tag-eventi tag-monte-amiata tag-sentieri tag-toscana tag-trail-2018 tag-trail-dellamiata tag-trekking category-19\" data-name=\"Trail dell&#8217;Amiata 2018: ecco il video promo dell&#8217;evento\" data-date=\"2018-07-19T17:32:38+02:00\">\n\n<div class=\"post-thumbnail-wrap\">\n\t<div class=\"post-thumbnail\">\n\t\t\n\t\t\n\t\t<a href=\"https:\/\/terre-di-toscana.com\/terreditoscana\/trail-dellamiata-2018-ecco-il-video-promo-dellevento\/\" class=\"post-thumbnail-rollover layzr-bg layzr-bg\" ><img class=\"iso-lazy-load preload-me iso-lazy-load aspect\" src=\"data:image\/svg+xml,%3Csvg%20xmlns%3D&#39;http%3A%2F%2Fwww.w3.org%2F2000%2Fsvg&#39;%20viewBox%3D&#39;0%200%20941%20403&#39;%2F%3E\" data-src=\"https:\/\/terre-di-toscana.com\/terreditoscana\/wp-content\/uploads\/2018\/07\/trail-941x403.jpg\" data-srcset=\"https:\/\/terre-di-toscana.com\/terreditoscana\/wp-content\/uploads\/2018\/07\/trail-941x403.jpg 941w\" loading=\"eager\" style=\"--ratio: 941 \/ 403\" sizes=\"(max-width: 941px) 100vw, 941px\" alt=\"\" title=\"trail\" width=\"941\" height=\"403\"  \/><\/a>\t<\/div>\n<\/div>\n\n\n<div class=\"post-entry-content\">\n\n\t<h3 class=\"entry-title\">\n\t\t<a href=\"https:\/\/terre-di-toscana.com\/terreditoscana\/trail-dellamiata-2018-ecco-il-video-promo-dellevento\/\" title=\"Trail dell&#8217;Amiata 2018: ecco il video promo dell&#8217;evento\" rel=\"bookmark\">Trail dell&#8217;Amiata 2018: ecco il video promo dell&#8217;evento<\/a>\n\t<\/h3>\n\n\t<div class=\"entry-meta\"><a href=\"https:\/\/terre-di-toscana.com\/terreditoscana\/2018\/07\/19\/\" title=\"17:32\" class=\"data-link\" rel=\"bookmark\"><time class=\"entry-date updated\" datetime=\"2018-07-19T17:32:38+02:00\">19 Luglio 2018<\/time><\/a><\/div>\n\t<div class=\"entry-excerpt\"><p>[vc_row][vc_column][vc_video link=&#8221;https:\/\/www.youtube.com\/watch?v=1V1yz0FiTp0&amp;feature=youtu.be&#8221; align=&#8221;center&#8221;][vc_column_text]Un breve video che ha lo scopo di promuovere l&#8217;evento sportivo Trail dell&#8217;Amiata che si terr\u00e0 il 19 agosto 2018. La gara avr\u00e0 come protagonista un percorso di 27 km, nel quale, in parte di esso, dal mese di Giugno si stanno allenando gli atleti\u00a0 Nazionale dell&#8217;Uganda insieme al campione italiano Stefano La&hellip;<\/p>\n<\/div>\n\t\n<a href=\"https:\/\/terre-di-toscana.com\/terreditoscana\/trail-dellamiata-2018-ecco-il-video-promo-dellevento\/\" class=\"dt-btn-s dt-btn post-details details-type-btn\" aria-label=\"Read more about Trail dell&#8217;Amiata 2018: ecco il video promo dell&#8217;evento\">Vai all'articolo<i class=\"dt-icon-the7-arrow-03\" aria-hidden=\"true\"><\/i><\/a>\n\n<\/div><\/article><\/div><div class=\"hidden wf-cell iso-item\" data-post-id=\"8167\" data-date=\"2018-06-26T11:57:42+02:00\" data-name=\"TRAIL dell&#039;Amiata 2018\"><article class=\"post project-odd visible post-8167 type-post status-publish format-standard has-post-thumbnail hentry category-notizie category-19\" data-name=\"TRAIL dell&#8217;Amiata 2018\" data-date=\"2018-06-26T11:57:42+02:00\">\n\n<div class=\"post-thumbnail-wrap\">\n\t<div class=\"post-thumbnail\">\n\t\t\n\t\t\n\t\t<a href=\"https:\/\/terre-di-toscana.com\/terreditoscana\/trail-dellamiata-2018\/\" class=\"post-thumbnail-rollover layzr-bg layzr-bg\" ><img class=\"iso-lazy-load preload-me iso-lazy-load aspect\" src=\"data:image\/svg+xml,%3Csvg%20xmlns%3D&#39;http%3A%2F%2Fwww.w3.org%2F2000%2Fsvg&#39;%20viewBox%3D&#39;0%200%20947%20405&#39;%2F%3E\" data-src=\"https:\/\/terre-di-toscana.com\/terreditoscana\/wp-content\/uploads\/2018\/06\/Trail-Copertina-947x405.jpg\" data-srcset=\"https:\/\/terre-di-toscana.com\/terreditoscana\/wp-content\/uploads\/2018\/06\/Trail-Copertina-947x405.jpg 947w\" loading=\"eager\" style=\"--ratio: 947 \/ 405\" sizes=\"(max-width: 947px) 100vw, 947px\" alt=\"\" title=\"Trail Copertina\" width=\"947\" height=\"405\"  \/><\/a>\t<\/div>\n<\/div>\n\n\n<div class=\"post-entry-content\">\n\n\t<h3 class=\"entry-title\">\n\t\t<a href=\"https:\/\/terre-di-toscana.com\/terreditoscana\/trail-dellamiata-2018\/\" title=\"TRAIL dell&#8217;Amiata 2018\" rel=\"bookmark\">TRAIL dell&#8217;Amiata 2018<\/a>\n\t<\/h3>\n\n\t<div class=\"entry-meta\"><a href=\"https:\/\/terre-di-toscana.com\/terreditoscana\/2018\/06\/26\/\" title=\"11:57\" class=\"data-link\" rel=\"bookmark\"><time class=\"entry-date updated\" datetime=\"2018-06-26T11:57:42+02:00\">26 Giugno 2018<\/time><\/a><\/div>\n\t<div class=\"entry-excerpt\"><p>[vc_row][vc_column][vc_empty_space][vc_empty_space][vc_column_text] 19 AGOSTO 2018 \u2013 Stadio Comunale Abbadia San Salvatore ISCRIZIONI\u00a0mail servizio.iscrizioni@gmail.com fax 055 9029629 Regolamento Per partecipare alla gara \u00e8 indispensabile aver compiuto il 18\u00b0 anno di et\u00e0 al momento della iscrizione. Condividere e rispettare l\u2019etica esposta al punto precedente. Per la gara vige la regola della semi auto-sufficienza, in particolare: Ogni atleta deve&hellip;<\/p>\n<\/div>\n\t\n<a href=\"https:\/\/terre-di-toscana.com\/terreditoscana\/trail-dellamiata-2018\/\" class=\"dt-btn-s dt-btn post-details details-type-btn\" aria-label=\"Read more about TRAIL dell&#8217;Amiata 2018\">Vai all'articolo<i class=\"dt-icon-the7-arrow-03\" aria-hidden=\"true\"><\/i><\/a>\n\n<\/div><\/article><\/div><div class=\"hidden wf-cell iso-item\" data-post-id=\"4569\" data-date=\"2017-11-19T19:18:25+01:00\" data-name=\"Festa di Santa Barbara  protettrice dei minatori\"><article class=\"post project-odd visible post-4569 type-post status-publish format-standard has-post-thumbnail hentry category-eventi category-notizie tag-abbadia-san-salvatore tag-festeggiamenti tag-laboratori tag-menu-di-santa-barbara tag-open-day tag-parco-museo-minerario tag-pranzo tag-santa-barbara tag-visite-guidate category-12 category-19\" data-name=\"Festa di Santa Barbara  protettrice dei minatori\" data-date=\"2017-11-19T19:18:25+01:00\">\n\n<div class=\"post-thumbnail-wrap\">\n\t<div class=\"post-thumbnail\">\n\t\t\n\t\t\n\t\t<a href=\"https:\/\/terre-di-toscana.com\/terreditoscana\/festa-di-santa-barbara-protettrice-dei-minatori\/\" class=\"post-thumbnail-rollover layzr-bg layzr-bg\" ><img class=\"iso-lazy-load preload-me iso-lazy-load aspect\" src=\"data:image\/svg+xml,%3Csvg%20xmlns%3D&#39;http%3A%2F%2Fwww.w3.org%2F2000%2Fsvg&#39;%20viewBox%3D&#39;0%200%20990%20424&#39;%2F%3E\" data-src=\"https:\/\/terre-di-toscana.com\/terreditoscana\/wp-content\/uploads\/2013\/01\/120_DSC1263-990x424.jpg\" data-srcset=\"https:\/\/terre-di-toscana.com\/terreditoscana\/wp-content\/uploads\/2013\/01\/120_DSC1263-990x424.jpg 990w, https:\/\/terre-di-toscana.com\/terreditoscana\/wp-content\/uploads\/2013\/01\/120_DSC1263-1485x636.jpg 1485w\" loading=\"eager\" style=\"--ratio: 990 \/ 424\" sizes=\"(max-width: 990px) 100vw, 990px\" alt=\"\" title=\"minatore\" width=\"990\" height=\"424\"  \/><\/a>\t<\/div>\n<\/div>\n\n\n<div class=\"post-entry-content\">\n\n\t<h3 class=\"entry-title\">\n\t\t<a href=\"https:\/\/terre-di-toscana.com\/terreditoscana\/festa-di-santa-barbara-protettrice-dei-minatori\/\" title=\"Festa di Santa Barbara  protettrice dei minatori\" rel=\"bookmark\">Festa di Santa Barbara  protettrice dei minatori<\/a>\n\t<\/h3>\n\n\t<div class=\"entry-meta\"><a href=\"https:\/\/terre-di-toscana.com\/terreditoscana\/2017\/11\/19\/\" title=\"19:18\" class=\"data-link\" rel=\"bookmark\"><time class=\"entry-date updated\" datetime=\"2017-11-19T19:18:25+01:00\">19 Novembre 2017<\/time><\/a><\/div>\n\t<div class=\"entry-excerpt\"><p>Abbadia San Salvatore Sabato 2 Dicembre \u2013 ore 9.30\/12.30 e 15.30\/18.30\u00a0 Open day\u00a0 Santa Barbara &nbsp; In occasione dei Festeggiamenti di Santa Barbara ingresso gratuito al museo multimediale \u201cI Luoghi del mercurio\u201d. Possibilit\u00e0 di visite guidate a pagamento\u00a0 all\u2019interno della galleria livello VII (con trenino) \u20ac 5,00 Possibilit\u00e0 di\u00a0 effettuare (su prenotazione a pagamento \u20ac&hellip;<\/p>\n<\/div>\n\t\n<a href=\"https:\/\/terre-di-toscana.com\/terreditoscana\/festa-di-santa-barbara-protettrice-dei-minatori\/\" class=\"dt-btn-s dt-btn post-details details-type-btn\" aria-label=\"Read more about Festa di Santa Barbara  protettrice dei minatori\">Vai all'articolo<i class=\"dt-icon-the7-arrow-03\" aria-hidden=\"true\"><\/i><\/a>\n\n<\/div><\/article><\/div><div class=\"hidden wf-cell iso-item\" data-post-id=\"4550\" data-date=\"2017-11-19T17:09:01+01:00\" data-name=\"Natale 2017 al Parco Museo Minerario di Abbadia San Salvatore\"><article class=\"post project-odd visible post-4550 type-post status-publish format-standard has-post-thumbnail hentry category-notizie tag-campus-natalizi tag-cinabro tag-escursioni tag-esploratori tag-famiglie-al-museo tag-giochi tag-laboratori tag-mercurio tag-mniere tag-museo tag-natale tag-scienza category-19\" data-name=\"Natale 2017 al Parco Museo Minerario di Abbadia San Salvatore\" data-date=\"2017-11-19T17:09:01+01:00\">\n\n<div class=\"post-thumbnail-wrap\">\n\t<div class=\"post-thumbnail\">\n\t\t\n\t\t\n\t\t<a href=\"https:\/\/terre-di-toscana.com\/terreditoscana\/natale-2017-al-parco-museo-minerario-di-abbadia-san-salvatore\/\" class=\"post-thumbnail-rollover layzr-bg layzr-bg\" ><img class=\"iso-lazy-load preload-me iso-lazy-load aspect\" src=\"data:image\/svg+xml,%3Csvg%20xmlns%3D&#39;http%3A%2F%2Fwww.w3.org%2F2000%2Fsvg&#39;%20viewBox%3D&#39;0%200%20990%20424&#39;%2F%3E\" data-src=\"https:\/\/terre-di-toscana.com\/terreditoscana\/wp-content\/uploads\/2017\/11\/FOTO-MUSEO-NATALE-990x424.jpg\" data-srcset=\"https:\/\/terre-di-toscana.com\/terreditoscana\/wp-content\/uploads\/2017\/11\/FOTO-MUSEO-NATALE-990x424.jpg 990w, https:\/\/terre-di-toscana.com\/terreditoscana\/wp-content\/uploads\/2017\/11\/FOTO-MUSEO-NATALE-1485x636.jpg 1485w\" loading=\"eager\" style=\"--ratio: 990 \/ 424\" sizes=\"(max-width: 990px) 100vw, 990px\" alt=\"\" title=\"FOTO MUSEO NATALE\" width=\"990\" height=\"424\"  \/><\/a>\t<\/div>\n<\/div>\n\n\n<div class=\"post-entry-content\">\n\n\t<h3 class=\"entry-title\">\n\t\t<a href=\"https:\/\/terre-di-toscana.com\/terreditoscana\/natale-2017-al-parco-museo-minerario-di-abbadia-san-salvatore\/\" title=\"Natale 2017 al Parco Museo Minerario di Abbadia San Salvatore\" rel=\"bookmark\">Natale 2017 al Parco Museo Minerario di Abbadia San Salvatore<\/a>\n\t<\/h3>\n\n\t<div class=\"entry-meta\"><a href=\"https:\/\/terre-di-toscana.com\/terreditoscana\/2017\/11\/19\/\" title=\"17:09\" class=\"data-link\" rel=\"bookmark\"><time class=\"entry-date updated\" datetime=\"2017-11-19T17:09:01+01:00\">19 Novembre 2017<\/time><\/a><\/div>\n\t<div class=\"entry-excerpt\"><p>IL NATALE al PARCO MUSEO MINERARIO DI ABBADIA SAN SALVATORE Le visite guidate 8-9-10 Dicembre 16-17 Dicembre e dal 24 Dicembre al 6 Gennaio Tutti i giorni\u00a0\u00a0Visita al Museo Multimediale &#8220;I Luoghi del Mercurio&#8221; e Galleria livello VII&#8221; a bordo del trenino (Su prenotazione tel. 0577 78324) Durata 1 ora e 10 minuti &#8211; Costo&hellip;<\/p>\n<\/div>\n\t\n<a href=\"https:\/\/terre-di-toscana.com\/terreditoscana\/natale-2017-al-parco-museo-minerario-di-abbadia-san-salvatore\/\" class=\"dt-btn-s dt-btn post-details details-type-btn\" aria-label=\"Read more about Natale 2017 al Parco Museo Minerario di Abbadia San Salvatore\">Vai all'articolo<i class=\"dt-icon-the7-arrow-03\" aria-hidden=\"true\"><\/i><\/a>\n\n<\/div><\/article><\/div><div class=\"hidden wf-cell iso-item\" data-post-id=\"675\" data-date=\"2017-10-25T16:30:43+02:00\" data-name=\"27-31 Ottobre e 1 Novembre 2017  Festa del  Crastatone a Piancastagnaio\"><article class=\"post project-odd visible post-675 type-post status-publish format-standard has-post-thumbnail hentry category-eventi category-notizie category-piancastagnaio category-12 category-19 category-22\" data-name=\"27-31 Ottobre e 1 Novembre 2017  Festa del  Crastatone a Piancastagnaio\" data-date=\"2017-10-25T16:30:43+02:00\">\n\n<div class=\"post-thumbnail-wrap\">\n\t<div class=\"post-thumbnail\">\n\t\t\n\t\t\n\t\t<a href=\"https:\/\/terre-di-toscana.com\/terreditoscana\/28-ottobre-1-novembre-2016-il-crastatone-a-piancastagnaio\/\" class=\"post-thumbnail-rollover layzr-bg layzr-bg\" ><img class=\"iso-lazy-load preload-me iso-lazy-load aspect\" src=\"data:image\/svg+xml,%3Csvg%20xmlns%3D&#39;http%3A%2F%2Fwww.w3.org%2F2000%2Fsvg&#39;%20viewBox%3D&#39;0%200%20622%20266&#39;%2F%3E\" data-src=\"https:\/\/terre-di-toscana.com\/terreditoscana\/wp-content\/uploads\/2011\/09\/Crastatone-manifesto1-622x266.jpg\" data-srcset=\"https:\/\/terre-di-toscana.com\/terreditoscana\/wp-content\/uploads\/2011\/09\/Crastatone-manifesto1-622x266.jpg 622w\" loading=\"eager\" style=\"--ratio: 622 \/ 266\" sizes=\"(max-width: 622px) 100vw, 622px\" alt=\"\" title=\"Crastatone manifesto[1]\" width=\"622\" height=\"266\"  \/><\/a>\t<\/div>\n<\/div>\n\n\n<div class=\"post-entry-content\">\n\n\t<h3 class=\"entry-title\">\n\t\t<a href=\"https:\/\/terre-di-toscana.com\/terreditoscana\/28-ottobre-1-novembre-2016-il-crastatone-a-piancastagnaio\/\" title=\"27-31 Ottobre e 1 Novembre 2017  Festa del  Crastatone a Piancastagnaio\" rel=\"bookmark\">27-31 Ottobre e 1 Novembre 2017  Festa del  Crastatone a Piancastagnaio<\/a>\n\t<\/h3>\n\n\t<div class=\"entry-meta\"><a href=\"https:\/\/terre-di-toscana.com\/terreditoscana\/2017\/10\/25\/\" title=\"16:30\" class=\"data-link\" rel=\"bookmark\"><time class=\"entry-date updated\" datetime=\"2017-10-25T16:30:43+02:00\">25 Ottobre 2017<\/time><\/a><\/div>\n\t<div class=\"entry-excerpt\"><p>Il Crastatone \u00a0si svolge nel paese \u00a0di Piancastagnaio, situato alle \u00a0pendici del Monte Amiata Dal 1967 ogni anno,i suoi festeggiamenti avvengono a cavallo tra gli ultimi giorni di ottobre e i primi giorni di novembre, in occasione della settimana della Festa dei Santi (1 Novembre). Il nome della festa deriva dalla parola &#8220;crastata&#8220;, il nome&hellip;<\/p>\n<\/div>\n\t\n<a href=\"https:\/\/terre-di-toscana.com\/terreditoscana\/28-ottobre-1-novembre-2016-il-crastatone-a-piancastagnaio\/\" class=\"dt-btn-s dt-btn post-details details-type-btn\" aria-label=\"Read more about 27-31 Ottobre e 1 Novembre 2017  Festa del  Crastatone a Piancastagnaio\">Vai all'articolo<i class=\"dt-icon-the7-arrow-03\" aria-hidden=\"true\"><\/i><\/a>\n\n<\/div><\/article><\/div><div class=\"hidden wf-cell iso-item\" data-post-id=\"4540\" data-date=\"2017-10-16T20:12:12+02:00\" data-name=\"Escursione al Sentiero delle Sorgenti Sabato 21 e Sabato 28 ottobre 2017\"><article class=\"post project-odd visible post-4540 type-post status-publish format-standard has-post-thumbnail hentry category-escursioni category-notizie category-trekking-2 tag-amiata tag-autunno tag-escursioni tag-feste category-11 category-19 category-37\" data-name=\"Escursione al Sentiero delle Sorgenti Sabato 21 e Sabato 28 ottobre 2017\" data-date=\"2017-10-16T20:12:12+02:00\">\n\n<div class=\"post-thumbnail-wrap\">\n\t<div class=\"post-thumbnail\">\n\t\t\n\t\t\n\t\t<a href=\"https:\/\/terre-di-toscana.com\/terreditoscana\/escursione-al-sentiero-delle-sorgenti-sabato-21-e-sabato-28-ottobre\/\" class=\"post-thumbnail-rollover layzr-bg layzr-bg\" ><img class=\"iso-lazy-load preload-me iso-lazy-load aspect\" src=\"data:image\/svg+xml,%3Csvg%20xmlns%3D&#39;http%3A%2F%2Fwww.w3.org%2F2000%2Fsvg&#39;%20viewBox%3D&#39;0%200%20224%2095&#39;%2F%3E\" data-src=\"https:\/\/terre-di-toscana.com\/terreditoscana\/wp-content\/uploads\/2015\/09\/bosco-di-castagni-autunno-224x95.bmp\" data-srcset=\"https:\/\/terre-di-toscana.com\/terreditoscana\/wp-content\/uploads\/2015\/09\/bosco-di-castagni-autunno-224x95.bmp 224w\" loading=\"eager\" style=\"--ratio: 224 \/ 95\" sizes=\"(max-width: 224px) 100vw, 224px\" alt=\"\" title=\"bosco di castagni autunno\" width=\"224\" height=\"95\"  \/><\/a>\t<\/div>\n<\/div>\n\n\n<div class=\"post-entry-content\">\n\n\t<h3 class=\"entry-title\">\n\t\t<a href=\"https:\/\/terre-di-toscana.com\/terreditoscana\/escursione-al-sentiero-delle-sorgenti-sabato-21-e-sabato-28-ottobre\/\" title=\"Escursione al Sentiero delle Sorgenti Sabato 21 e Sabato 28 ottobre 2017\" rel=\"bookmark\">Escursione al Sentiero delle Sorgenti Sabato 21 e Sabato 28 ottobre 2017<\/a>\n\t<\/h3>\n\n\t<div class=\"entry-meta\"><a href=\"https:\/\/terre-di-toscana.com\/terreditoscana\/2017\/10\/16\/\" title=\"20:12\" class=\"data-link\" rel=\"bookmark\"><time class=\"entry-date updated\" datetime=\"2017-10-16T20:12:12+02:00\">16 Ottobre 2017<\/time><\/a><\/div>\n\t<div class=\"entry-excerpt\"><p>In occasione delle Feste d&#8217;Autunno sull&#8217;Amiata tutti i sabati del mese di ottobre una guida naturalistica vi accompagner\u00e0 attraverso il Sentiero delle Sorgenti\u00a0 &nbsp; ore 9.30 ritrovo al parcheggio coop di Vivo d&#8217;orcia ore 10.00 partenza per l&#8217;escursione guidata rientro previsto per le ore 13.00 Costo e 6,00 a persona (su prenotazione) tel 0577 778324&hellip;<\/p>\n<\/div>\n\t\n<a href=\"https:\/\/terre-di-toscana.com\/terreditoscana\/escursione-al-sentiero-delle-sorgenti-sabato-21-e-sabato-28-ottobre\/\" class=\"dt-btn-s dt-btn post-details details-type-btn\" aria-label=\"Read more about Escursione al Sentiero delle Sorgenti Sabato 21 e Sabato 28 ottobre 2017\">Vai all'articolo<i class=\"dt-icon-the7-arrow-03\" aria-hidden=\"true\"><\/i><\/a>\n\n<\/div><\/article><\/div><div class=\"hidden wf-cell iso-item\" data-post-id=\"4534\" data-date=\"2017-10-16T20:06:10+02:00\" data-name=\"XXXI edizione   La Castagna in Festa   Arcidosso 13-14-15 e 20-21-22 Ottobre 2017\"><article class=\"post project-odd visible post-4534 type-post status-publish format-standard has-post-thumbnail hentry category-eventi category-notizie tag-amiata tag-arcidosso tag-castagna-in-festa tag-festa tag-funghi tag-toscana category-12 category-19\" data-name=\"XXXI edizione   La Castagna in Festa   Arcidosso 13-14-15 e 20-21-22 Ottobre 2017\" data-date=\"2017-10-16T20:06:10+02:00\">\n\n<div class=\"post-thumbnail-wrap\">\n\t<div class=\"post-thumbnail\">\n\t\t\n\t\t\n\t\t<a href=\"https:\/\/terre-di-toscana.com\/terreditoscana\/xxxi-edizione-di-la-castagna-in-festa-arcidosso-13-14-15-e-20-21-22-ottobre-2017\/\" class=\"post-thumbnail-rollover layzr-bg layzr-bg\" ><img class=\"iso-lazy-load preload-me iso-lazy-load aspect\" src=\"data:image\/svg+xml,%3Csvg%20xmlns%3D&#39;http%3A%2F%2Fwww.w3.org%2F2000%2Fsvg&#39;%20viewBox%3D&#39;0%200%20347%20148&#39;%2F%3E\" data-src=\"https:\/\/terre-di-toscana.com\/terreditoscana\/wp-content\/uploads\/2017\/10\/locandina-la-castagna-in-festa-di-Arcidosso-347x148.jpg\" data-srcset=\"https:\/\/terre-di-toscana.com\/terreditoscana\/wp-content\/uploads\/2017\/10\/locandina-la-castagna-in-festa-di-Arcidosso-347x148.jpg 347w\" loading=\"eager\" style=\"--ratio: 347 \/ 148\" sizes=\"(max-width: 347px) 100vw, 347px\" alt=\"\" title=\"locandina la castagna in festa di Arcidosso\" width=\"347\" height=\"148\"  \/><\/a>\t<\/div>\n<\/div>\n\n\n<div class=\"post-entry-content\">\n\n\t<h3 class=\"entry-title\">\n\t\t<a href=\"https:\/\/terre-di-toscana.com\/terreditoscana\/xxxi-edizione-di-la-castagna-in-festa-arcidosso-13-14-15-e-20-21-22-ottobre-2017\/\" title=\"XXXI edizione   La Castagna in Festa   Arcidosso 13-14-15 e 20-21-22 Ottobre 2017\" rel=\"bookmark\">XXXI edizione   La Castagna in Festa   Arcidosso 13-14-15 e 20-21-22 Ottobre 2017<\/a>\n\t<\/h3>\n\n\t<div class=\"entry-meta\"><a href=\"https:\/\/terre-di-toscana.com\/terreditoscana\/2017\/10\/16\/\" title=\"20:06\" class=\"data-link\" rel=\"bookmark\"><time class=\"entry-date updated\" datetime=\"2017-10-16T20:06:10+02:00\">16 Ottobre 2017<\/time><\/a><\/div>\n\t<div class=\"entry-excerpt\"><p>\u00a0XXX edizione della\u00a0 La Castagna in Festa ad Arcidosso &nbsp; In autunno il Monte Amiata, grazie ai suoi sapori e odori di stagione, si trasforma in una splendida tavola itinerante arricchita dai frutti della terra come funghi, castagne, vino e olio. Per gli amanti dei gusti genuini e autentici \u00e8 obbligatorio un tour gastronomico tra&hellip;<\/p>\n<\/div>\n\t\n<a href=\"https:\/\/terre-di-toscana.com\/terreditoscana\/xxxi-edizione-di-la-castagna-in-festa-arcidosso-13-14-15-e-20-21-22-ottobre-2017\/\" class=\"dt-btn-s dt-btn post-details details-type-btn\" aria-label=\"Read more about XXXI edizione   La Castagna in Festa   Arcidosso 13-14-15 e 20-21-22 Ottobre 2017\">Vai all'articolo<i class=\"dt-icon-the7-arrow-03\" aria-hidden=\"true\"><\/i><\/a>\n\n<\/div><\/article><\/div><div class=\"hidden wf-cell iso-item\" data-post-id=\"669\" data-date=\"2017-10-08T17:07:54+02:00\" data-name=\"Festa d&#039;Autunno Abbadia San Salvatore 6-7-8 e 13-14-15 Ottobre 2017\"><article class=\"post project-odd visible post-669 type-post status-publish format-standard has-post-thumbnail hentry category-abbadia-san-salvatore category-eventi category-notizie category-speciale-feste-autunno category-trekking-2 tag-abbadia tag-abbadia-san-salvatore tag-amiata tag-animazione-itinerante tag-caldarroste tag-castagne tag-ciaspolate tag-enogastronomia tag-escursioni tag-eventi tag-festa-autunno tag-funghi tag-miniera tag-miniere tag-montagna tag-monte-amiata tag-museo tag-musica tag-natura tag-percorsi-tematici tag-piatti-tipici tag-sentieri tag-toscana tag-trekking tag-visite-guidate category-2 category-12 category-19 category-33 category-37\" data-name=\"Festa d&#8217;Autunno Abbadia San Salvatore 6-7-8 e 13-14-15 Ottobre 2017\" data-date=\"2017-10-08T17:07:54+02:00\">\n\n<div class=\"post-thumbnail-wrap\">\n\t<div class=\"post-thumbnail\">\n\t\t\n\t\t\n\t\t<a href=\"https:\/\/terre-di-toscana.com\/terreditoscana\/programma-festa-dautunno-abbadia-san-salvatore\/\" class=\"post-thumbnail-rollover layzr-bg layzr-bg\" ><img class=\"iso-lazy-load preload-me iso-lazy-load aspect\" src=\"data:image\/svg+xml,%3Csvg%20xmlns%3D&#39;http%3A%2F%2Fwww.w3.org%2F2000%2Fsvg&#39;%20viewBox%3D&#39;0%200%20889%20380&#39;%2F%3E\" data-src=\"https:\/\/terre-di-toscana.com\/terreditoscana\/wp-content\/uploads\/2015\/09\/File0001-889x380.jpg\" data-srcset=\"https:\/\/terre-di-toscana.com\/terreditoscana\/wp-content\/uploads\/2015\/09\/File0001-889x380.jpg 889w, https:\/\/terre-di-toscana.com\/terreditoscana\/wp-content\/uploads\/2015\/09\/File0001-888x380.jpg 888w\" loading=\"eager\" style=\"--ratio: 889 \/ 380\" sizes=\"(max-width: 889px) 100vw, 889px\" alt=\"\" title=\"File0001\" width=\"889\" height=\"380\"  \/><\/a>\t<\/div>\n<\/div>\n\n\n<div class=\"post-entry-content\">\n\n\t<h3 class=\"entry-title\">\n\t\t<a href=\"https:\/\/terre-di-toscana.com\/terreditoscana\/programma-festa-dautunno-abbadia-san-salvatore\/\" title=\"Festa d&#8217;Autunno Abbadia San Salvatore 6-7-8 e 13-14-15 Ottobre 2017\" rel=\"bookmark\">Festa d&#8217;Autunno Abbadia San Salvatore 6-7-8 e 13-14-15 Ottobre 2017<\/a>\n\t<\/h3>\n\n\t<div class=\"entry-meta\"><a href=\"https:\/\/terre-di-toscana.com\/terreditoscana\/2017\/10\/08\/\" title=\"17:07\" class=\"data-link\" rel=\"bookmark\"><time class=\"entry-date updated\" datetime=\"2017-10-08T17:07:54+02:00\">8 Ottobre 2017<\/time><\/a><a href=\"https:\/\/terre-di-toscana.com\/terreditoscana\/programma-festa-dautunno-abbadia-san-salvatore\/#comments\" class=\"comment-link\" >6 di Commenti<\/a><\/div>\n\t<div class=\"entry-excerpt\"><p>\u00a0 \u00a0 \u00a0 \u00a0 \u00a0 \u00a0 \u00a0 \u00a0 \u00a0 \u00a0 \u00a0 \u00a0 \u00a0 FESTA D&#8217;AUTUNNO Abbadia San Salvatore sul Monte Amiata in Toscana 6-7-8 \u00a0 e 13-14-15 Ottobre 2017 La Festa d\u2019Autunno si svolge nel suggestivo borgo antico di Abbadia San Salvatore, dove il sapore del passato si mischia con l\u2019odore del fuoco , le&hellip;<\/p>\n<\/div>\n\t\n<a href=\"https:\/\/terre-di-toscana.com\/terreditoscana\/programma-festa-dautunno-abbadia-san-salvatore\/\" class=\"dt-btn-s dt-btn post-details details-type-btn\" aria-label=\"Read more about Festa d&#8217;Autunno Abbadia San Salvatore 6-7-8 e 13-14-15 Ottobre 2017\">Vai all'articolo<i class=\"dt-icon-the7-arrow-03\" aria-hidden=\"true\"><\/i><\/a>\n\n<\/div><\/article><\/div><div class=\"hidden wf-cell iso-item\" data-post-id=\"4497\" data-date=\"2017-10-08T16:09:36+02:00\" data-name=\"Sagra del fungo amiatino di Bagnolo  7-8  e  14- 15 ottobre 2017\"><article class=\"post project-odd visible post-4497 type-post status-publish format-standard has-post-thumbnail hentry category-eventi category-notizie tag-amiata tag-amiatino tag-bagnolo tag-cucina tag-escursioni tag-fungo tag-giochi tag-passeggiate tag-piatti-tipici tag-sagra tag-toscana category-12 category-19\" data-name=\"Sagra del fungo amiatino di Bagnolo  7-8  e  14- 15 ottobre 2017\" data-date=\"2017-10-08T16:09:36+02:00\">\n\n<div class=\"post-thumbnail-wrap\">\n\t<div class=\"post-thumbnail\">\n\t\t\n\t\t\n\t\t<a href=\"https:\/\/terre-di-toscana.com\/terreditoscana\/sagra-del-fungo-amiatino-di-bagnolo-7-8-e-14-15-ottobre-2017\/\" class=\"post-thumbnail-rollover layzr-bg layzr-bg\" ><img class=\"iso-lazy-load preload-me iso-lazy-load aspect\" src=\"data:image\/svg+xml,%3Csvg%20xmlns%3D&#39;http%3A%2F%2Fwww.w3.org%2F2000%2Fsvg&#39;%20viewBox%3D&#39;0%200%20500%20214&#39;%2F%3E\" data-src=\"https:\/\/terre-di-toscana.com\/terreditoscana\/wp-content\/uploads\/2017\/10\/sagra-del-fungo-bagnolo1-500x214.jpg\" data-srcset=\"https:\/\/terre-di-toscana.com\/terreditoscana\/wp-content\/uploads\/2017\/10\/sagra-del-fungo-bagnolo1-500x214.jpg 500w, https:\/\/terre-di-toscana.com\/terreditoscana\/wp-content\/uploads\/2017\/10\/sagra-del-fungo-bagnolo1-499x214.jpg 499w\" loading=\"eager\" style=\"--ratio: 500 \/ 214\" sizes=\"(max-width: 500px) 100vw, 500px\" alt=\"\" title=\"sagra-del-fungo-bagnolo(1)\" width=\"500\" height=\"214\"  \/><\/a>\t<\/div>\n<\/div>\n\n\n<div class=\"post-entry-content\">\n\n\t<h3 class=\"entry-title\">\n\t\t<a href=\"https:\/\/terre-di-toscana.com\/terreditoscana\/sagra-del-fungo-amiatino-di-bagnolo-7-8-e-14-15-ottobre-2017\/\" title=\"Sagra del fungo amiatino di Bagnolo  7-8  e  14- 15 ottobre 2017\" rel=\"bookmark\">Sagra del fungo amiatino di Bagnolo  7-8  e  14- 15 ottobre 2017<\/a>\n\t<\/h3>\n\n\t<div class=\"entry-meta\"><a href=\"https:\/\/terre-di-toscana.com\/terreditoscana\/2017\/10\/08\/\" title=\"16:09\" class=\"data-link\" rel=\"bookmark\"><time class=\"entry-date updated\" datetime=\"2017-10-08T16:09:36+02:00\">8 Ottobre 2017<\/time><\/a><\/div>\n\t<div class=\"entry-excerpt\"><p>La 44\u00aa\u00a0Sagra del Fungo Amiatino\u00a0di\u00a0Bagnolo, frazione del comune di Santa Fiora (GR), si terr\u00e0 nelle giornate di\u00a0sabato 7, domenica 8, sabato 14 e domenica 15 ottobre. Situato alla pendici del versante grossetano del\u00a0Monte Amiata, Bagnolo \u00e8 teatro di un evento tipicamente autunnale, ricco di spunti gastronomici e culturali in genere. A farla da padrone \u00e8&hellip;<\/p>\n<\/div>\n\t\n<a href=\"https:\/\/terre-di-toscana.com\/terreditoscana\/sagra-del-fungo-amiatino-di-bagnolo-7-8-e-14-15-ottobre-2017\/\" class=\"dt-btn-s dt-btn post-details details-type-btn\" aria-label=\"Read more about Sagra del fungo amiatino di Bagnolo  7-8  e  14- 15 ottobre 2017\">Vai all'articolo<i class=\"dt-icon-the7-arrow-03\" aria-hidden=\"true\"><\/i><\/a>\n\n<\/div><\/article><\/div><div class=\"hidden wf-cell iso-item\" data-post-id=\"4477\" data-date=\"2017-10-07T12:54:01+02:00\" data-name=\"Autunno 2017 al Parco Museo Minerario di Abbadia San Salvatore\"><article class=\"post project-odd visible post-4477 type-post status-publish format-standard has-post-thumbnail hentry category-escursioni category-notizie category-parco-minerario category-viaggi-istruzione-scuole tag-cinabro tag-galleria tag-giochi tag-laboratori tag-martello tag-mercurio tag-miniera tag-museo-multimedile tag-parco-museo tag-percorsi tag-scuole tag-trekking tag-trenino tag-visite-guidate category-11 category-19 category-21 category-45\" data-name=\"Autunno 2017 al Parco Museo Minerario di Abbadia San Salvatore\" data-date=\"2017-10-07T12:54:01+02:00\">\n\n<div class=\"post-thumbnail-wrap\">\n\t<div class=\"post-thumbnail\">\n\t\t\n\t\t\n\t\t<a href=\"https:\/\/terre-di-toscana.com\/terreditoscana\/autunno-2017-al-parco-museo-minerario-di-abbadia-san-salvatore\/\" class=\"post-thumbnail-rollover layzr-bg layzr-bg\" ><img class=\"iso-lazy-load preload-me iso-lazy-load aspect\" src=\"data:image\/svg+xml,%3Csvg%20xmlns%3D&#39;http%3A%2F%2Fwww.w3.org%2F2000%2Fsvg&#39;%20viewBox%3D&#39;0%200%20990%20424&#39;%2F%3E\" data-src=\"https:\/\/terre-di-toscana.com\/terreditoscana\/wp-content\/uploads\/2017\/10\/IMG-20170812-WA0000-990x424.jpg\" data-srcset=\"https:\/\/terre-di-toscana.com\/terreditoscana\/wp-content\/uploads\/2017\/10\/IMG-20170812-WA0000-990x424.jpg 990w, https:\/\/terre-di-toscana.com\/terreditoscana\/wp-content\/uploads\/2017\/10\/IMG-20170812-WA0000-1485x636.jpg 1485w\" loading=\"eager\" style=\"--ratio: 990 \/ 424\" sizes=\"(max-width: 990px) 100vw, 990px\" alt=\"\" title=\"IMG-20170812-WA0000\" width=\"990\" height=\"424\"  \/><\/a>\t<\/div>\n<\/div>\n\n\n<div class=\"post-entry-content\">\n\n\t<h3 class=\"entry-title\">\n\t\t<a href=\"https:\/\/terre-di-toscana.com\/terreditoscana\/autunno-2017-al-parco-museo-minerario-di-abbadia-san-salvatore\/\" title=\"Autunno 2017 al Parco Museo Minerario di Abbadia San Salvatore\" rel=\"bookmark\">Autunno 2017 al Parco Museo Minerario di Abbadia San Salvatore<\/a>\n\t<\/h3>\n\n\t<div class=\"entry-meta\"><a href=\"https:\/\/terre-di-toscana.com\/terreditoscana\/2017\/10\/07\/\" title=\"12:54\" class=\"data-link\" rel=\"bookmark\"><time class=\"entry-date updated\" datetime=\"2017-10-07T12:54:01+02:00\">7 Ottobre 2017<\/time><\/a><\/div>\n\t<div class=\"entry-excerpt\"><p>Tutti i giorni\u00a0 &nbsp; &nbsp; \u00a0Visite guidate alla galleria livello VII con trenino,\u00a0 al Museo\u00a0 \u00a0Multimediale &#8220;I luoghi\u00a0 del mercurio&#8221;\u00a0 &nbsp; &nbsp; &nbsp; &nbsp; &nbsp; &nbsp; &nbsp; \u00a0Percorso con simulazione di scavo in galleria con martello\u00a0 \u00a0perforatore e campionamento del cinabro con la batea &nbsp; &nbsp; &nbsp; &nbsp; &nbsp; \u00a0Laboratori per le scuole superiori \u00a0&hellip;<\/p>\n<\/div>\n\t\n<a href=\"https:\/\/terre-di-toscana.com\/terreditoscana\/autunno-2017-al-parco-museo-minerario-di-abbadia-san-salvatore\/\" class=\"dt-btn-s dt-btn post-details details-type-btn\" aria-label=\"Read more about Autunno 2017 al Parco Museo Minerario di Abbadia San Salvatore\">Vai all'articolo<i class=\"dt-icon-the7-arrow-03\" aria-hidden=\"true\"><\/i><\/a>\n\n<\/div><\/article><\/div><div class=\"hidden wf-cell iso-item\" data-post-id=\"678\" data-date=\"2017-10-07T11:53:39+02:00\" data-name=\"Domenica 29 Ottobre 2017 Festa del Marrone a Campiglia d&#039;Orcia\"><article class=\"post project-odd visible post-678 type-post status-publish format-standard has-post-thumbnail hentry category-eventi category-notizie tag-agitati tag-amiata tag-borgassero tag-campiglia tag-castagne tag-dentro tag-festa-del-marrone tag-feste-auttunno tag-funghi tag-toscana tag-vino category-12 category-19\" data-name=\"Domenica 29 Ottobre 2017 Festa del Marrone a Campiglia d&#8217;Orcia\" data-date=\"2017-10-07T11:53:39+02:00\">\n\n<div class=\"post-thumbnail-wrap\">\n\t<div class=\"post-thumbnail\">\n\t\t\n\t\t\n\t\t<a href=\"https:\/\/terre-di-toscana.com\/terreditoscana\/30-ottobre-la-festa-del-marrone-a-campiglia-dorcia\/\" class=\"post-thumbnail-rollover layzr-bg layzr-bg\" ><img class=\"iso-lazy-load preload-me iso-lazy-load aspect\" src=\"data:image\/svg+xml,%3Csvg%20xmlns%3D&#39;http%3A%2F%2Fwww.w3.org%2F2000%2Fsvg&#39;%20viewBox%3D&#39;0%200%20120%2051&#39;%2F%3E\" data-src=\"https:\/\/terre-di-toscana.com\/terreditoscana\/wp-content\/uploads\/2012\/10\/7-Amiata-tradizioni_CASTAGNE5-120x1201-120x51.jpg\" data-srcset=\"https:\/\/terre-di-toscana.com\/terreditoscana\/wp-content\/uploads\/2012\/10\/7-Amiata-tradizioni_CASTAGNE5-120x1201-120x51.jpg 120w\" loading=\"eager\" style=\"--ratio: 120 \/ 51\" sizes=\"(max-width: 120px) 100vw, 120px\" alt=\"\" title=\"feste autunno\" width=\"120\" height=\"51\"  \/><\/a>\t<\/div>\n<\/div>\n\n\n<div class=\"post-entry-content\">\n\n\t<h3 class=\"entry-title\">\n\t\t<a href=\"https:\/\/terre-di-toscana.com\/terreditoscana\/30-ottobre-la-festa-del-marrone-a-campiglia-dorcia\/\" title=\"Domenica 29 Ottobre 2017 Festa del Marrone a Campiglia d&#8217;Orcia\" rel=\"bookmark\">Domenica 29 Ottobre 2017 Festa del Marrone a Campiglia d&#8217;Orcia<\/a>\n\t<\/h3>\n\n\t<div class=\"entry-meta\"><a href=\"https:\/\/terre-di-toscana.com\/terreditoscana\/2017\/10\/07\/\" title=\"11:53\" class=\"data-link\" rel=\"bookmark\"><time class=\"entry-date updated\" datetime=\"2017-10-07T11:53:39+02:00\">7 Ottobre 2017<\/time><\/a><\/div>\n\t<div class=\"entry-excerpt\"><p>L&#8217;ultima domenica di Ottobre di ogni anno, rappresenta per Campiglia d\u2019Orcia un momento fondamentale per la vita del paese. Viene infatti organizzata la Festa del Marrone con il chiaro obiettivo di valorizzare un prodotto tipico locale (la castagna Marrone) e per diffondere la conoscenza di Campiglia e delle sue tradizioni. La prima edizione avvenne nel&hellip;<\/p>\n<\/div>\n\t\n<a href=\"https:\/\/terre-di-toscana.com\/terreditoscana\/30-ottobre-la-festa-del-marrone-a-campiglia-dorcia\/\" class=\"dt-btn-s dt-btn post-details details-type-btn\" aria-label=\"Read more about Domenica 29 Ottobre 2017 Festa del Marrone a Campiglia d&#8217;Orcia\">Vai all'articolo<i class=\"dt-icon-the7-arrow-03\" aria-hidden=\"true\"><\/i><\/a>\n\n<\/div><\/article><\/div><div class=\"hidden wf-cell iso-item\" data-post-id=\"4450\" data-date=\"2017-09-25T15:16:59+02:00\" data-name=\"Escursione al Percorso CO2        6 e 13 Ottobre 2017\"><article class=\"post project-odd visible no-img post-4450 type-post status-publish format-standard hentry category-escursioni category-notizie category-11 category-19\" data-name=\"Escursione al Percorso CO2        6 e 13 Ottobre 2017\" data-date=\"2017-09-25T15:16:59+02:00\">\n\n<div class=\"post-entry-content\">\n\n\t<h3 class=\"entry-title\">\n\t\t<a href=\"https:\/\/terre-di-toscana.com\/terreditoscana\/escursione-al-percorso-co2-6-e-13-ottobre-2017\/\" title=\"Escursione al Percorso CO2        6 e 13 Ottobre 2017\" rel=\"bookmark\">Escursione al Percorso CO2        6 e 13 Ottobre 2017<\/a>\n\t<\/h3>\n\n\t<div class=\"entry-meta\"><a href=\"https:\/\/terre-di-toscana.com\/terreditoscana\/2017\/09\/25\/\" title=\"15:16\" class=\"data-link\" rel=\"bookmark\"><time class=\"entry-date updated\" datetime=\"2017-09-25T15:16:59+02:00\">25 Settembre 2017<\/time><\/a><\/div>\n\t<div class=\"entry-excerpt\"><p>Ore 15.00\u00a0&#8220;Il Vulcano che respira&#8221;\u00a0Visita guidata al percorso geologico di Bagni San Filippo\u00a0con osservazione dei fenomeni endogeni presenti (la visita si concluder\u00e0 nel Parco Museo Minerario di Abbadia San Salvatore, con un percorso guidato all&#8217;interno della galleria livello VII a bordo di un trenino minerario. &nbsp; Costo \u20ac 10,00 a persona.\u00a0Su prenotazione 0577 778324 &nbsp;<\/p>\n<\/div>\n\t\n<a href=\"https:\/\/terre-di-toscana.com\/terreditoscana\/escursione-al-percorso-co2-6-e-13-ottobre-2017\/\" class=\"dt-btn-s dt-btn post-details details-type-btn\" aria-label=\"Read more about Escursione al Percorso CO2        6 e 13 Ottobre 2017\">Vai all'articolo<i class=\"dt-icon-the7-arrow-03\" aria-hidden=\"true\"><\/i><\/a>\n\n<\/div><\/article><\/div><div class=\"hidden wf-cell iso-item\" data-post-id=\"4441\" data-date=\"2017-07-28T11:20:09+02:00\" data-name=\"Estate 2017 al Parco Museo Minerario di Abbadia San Salvatore\"><article class=\"post project-odd visible no-img post-4441 type-post status-publish format-standard hentry category-attivita category-escursioni category-notizie category-parco-minerario tag-abbadia tag-attivita-per-famiglie tag-cinabro tag-laboratori tag-mercurio tag-miniera tag-museo-multimediale tag-parco-museo-minerario category-5 category-11 category-19 category-21\" data-name=\"Estate 2017 al Parco Museo Minerario di Abbadia San Salvatore\" data-date=\"2017-07-28T11:20:09+02:00\">\n\n<div class=\"post-entry-content\">\n\n\t<h3 class=\"entry-title\">\n\t\t<a href=\"https:\/\/terre-di-toscana.com\/terreditoscana\/estate-2017-al-parco-museo-minerario-di-abbadia-san-salvatore\/\" title=\"Estate 2017 al Parco Museo Minerario di Abbadia San Salvatore\" rel=\"bookmark\">Estate 2017 al Parco Museo Minerario di Abbadia San Salvatore<\/a>\n\t<\/h3>\n\n\t<div class=\"entry-meta\"><a href=\"https:\/\/terre-di-toscana.com\/terreditoscana\/2017\/07\/28\/\" title=\"11:20\" class=\"data-link\" rel=\"bookmark\"><time class=\"entry-date updated\" datetime=\"2017-07-28T11:20:09+02:00\">28 Luglio 2017<\/time><\/a><\/div>\n\t<div class=\"entry-excerpt\"><\/div>\n\t\n<a href=\"https:\/\/terre-di-toscana.com\/terreditoscana\/estate-2017-al-parco-museo-minerario-di-abbadia-san-salvatore\/\" class=\"dt-btn-s dt-btn post-details details-type-btn\" aria-label=\"Read more about Estate 2017 al Parco Museo Minerario di Abbadia San Salvatore\">Vai all'articolo<i class=\"dt-icon-the7-arrow-03\" aria-hidden=\"true\"><\/i><\/a>\n\n<\/div><\/article><\/div><div class=\"hidden wf-cell iso-item\" data-post-id=\"4291\" data-date=\"2017-07-24T12:00:04+02:00\" data-name=\"VISITE GUIDATE E ATTIVITA&#039; AL PARCO MUSEO MINERARIO DI    ABBADIA SAN SALVATORE  ESTATE 2017\"><article class=\"post project-odd visible post-4291 type-post status-publish format-standard has-post-thumbnail hentry category-escursioni category-notizie tag-abbadia-san-salvatore tag-attivita-per-bambini tag-cinabro tag-degustazioni tag-esploratori-di-miniere tag-liquori tag-mercurio tag-minatori tag-miniera tag-monte-amiata tag-museo-minerario tag-museo-multimediale tag-parco-minerario-2 tag-ricciolina tag-trenino category-11 category-19\" data-name=\"VISITE GUIDATE E ATTIVITA&#8217; AL PARCO MUSEO MINERARIO DI    ABBADIA SAN SALVATORE  ESTATE 2017\" data-date=\"2017-07-24T12:00:04+02:00\">\n\n<div class=\"post-thumbnail-wrap\">\n\t<div class=\"post-thumbnail\">\n\t\t\n\t\t\n\t\t<a href=\"https:\/\/terre-di-toscana.com\/terreditoscana\/visite-guidate-e-attivita-al-parco-museo-minerario-di-abbadia-san-salvatore-estate-2016\/\" class=\"post-thumbnail-rollover layzr-bg layzr-bg\" ><img class=\"iso-lazy-load preload-me iso-lazy-load aspect\" src=\"data:image\/svg+xml,%3Csvg%20xmlns%3D&#39;http%3A%2F%2Fwww.w3.org%2F2000%2Fsvg&#39;%20viewBox%3D&#39;0%200%20990%20424&#39;%2F%3E\" data-src=\"https:\/\/terre-di-toscana.com\/terreditoscana\/wp-content\/uploads\/2016\/05\/locomotore-02b-990x424.jpg\" data-srcset=\"https:\/\/terre-di-toscana.com\/terreditoscana\/wp-content\/uploads\/2016\/05\/locomotore-02b-990x424.jpg 990w, https:\/\/terre-di-toscana.com\/terreditoscana\/wp-content\/uploads\/2016\/05\/locomotore-02b-1280x548.jpg 1280w\" loading=\"eager\" style=\"--ratio: 990 \/ 424\" sizes=\"(max-width: 990px) 100vw, 990px\" alt=\"\" title=\"locomotore  02b\" width=\"990\" height=\"424\"  \/><\/a>\t<\/div>\n<\/div>\n\n\n<div class=\"post-entry-content\">\n\n\t<h3 class=\"entry-title\">\n\t\t<a href=\"https:\/\/terre-di-toscana.com\/terreditoscana\/visite-guidate-e-attivita-al-parco-museo-minerario-di-abbadia-san-salvatore-estate-2016\/\" title=\"VISITE GUIDATE E ATTIVITA&#8217; AL PARCO MUSEO MINERARIO DI    ABBADIA SAN SALVATORE  ESTATE 2017\" rel=\"bookmark\">VISITE GUIDATE E ATTIVITA&#8217; AL PARCO MUSEO MINERARIO DI    ABBADIA SAN SALVATORE  ESTATE 2017<\/a>\n\t<\/h3>\n\n\t<div class=\"entry-meta\"><a href=\"https:\/\/terre-di-toscana.com\/terreditoscana\/2017\/07\/24\/\" title=\"12:00\" class=\"data-link\" rel=\"bookmark\"><time class=\"entry-date updated\" datetime=\"2017-07-24T12:00:04+02:00\">24 Luglio 2017<\/time><\/a><a href=\"https:\/\/terre-di-toscana.com\/terreditoscana\/visite-guidate-e-attivita-al-parco-museo-minerario-di-abbadia-san-salvatore-estate-2016\/#comments\" class=\"comment-link\" >1 Comment<\/a><\/div>\n\t<div class=\"entry-excerpt\"><p>PARCO MUSEO MINERARIO\u00a0DI ABBADIA SAN SALVATORE VISITE GUIDATE\u00a0\u00a0\u00a0 PERCORSI TEMATICI\u00a0\u00a0 ATTIVITA\u2019 E LABORATORI PER BAMBINI\u00a0\u00a0 DEGUSTAZIONI Estate 2017 &nbsp; &nbsp; LE VISITE GUIDATE VISITE \u00a0ALLA \u00a0GALLERIA LIVELLO VII A BORDO DEL TRENINO E \u00a0AL \u00a0MUSEO MULTIMEDIALE TUTTI I GIORNI\u00a0Ore 9.30\/12.30 e 15.30\/18.30: Partenze ogni\u00a0 40 minuti (su prenotazione) \u00a0 \u00a0 \u00a0 \u00a0 \u00a0 \u00a0 \u00a0&hellip;<\/p>\n<\/div>\n\t\n<a href=\"https:\/\/terre-di-toscana.com\/terreditoscana\/visite-guidate-e-attivita-al-parco-museo-minerario-di-abbadia-san-salvatore-estate-2016\/\" class=\"dt-btn-s dt-btn post-details details-type-btn\" aria-label=\"Read more about VISITE GUIDATE E ATTIVITA&#8217; AL PARCO MUSEO MINERARIO DI    ABBADIA SAN SALVATORE  ESTATE 2017\">Vai all'articolo<i class=\"dt-icon-the7-arrow-03\" aria-hidden=\"true\"><\/i><\/a>\n\n<\/div><\/article><\/div><div class=\"hidden wf-cell iso-item\" data-post-id=\"4354\" data-date=\"2017-06-28T15:15:42+02:00\" data-name=\"Famiglie in Miniera dal 2 Luglio al 27 Agosto 2017\"><article class=\"post project-odd visible no-img post-4354 type-post status-publish format-standard hentry category-attivita category-campus-ragazzi category-notizie category-parco-minerario tag-abbadia tag-campusnatalizi tag-famiglie tag-laboratori tag-miniera tag-natale tag-nbambini tag-parco-museo-minerario tag-visite-animate category-5 category-52 category-19 category-21\" data-name=\"Famiglie in Miniera dal 2 Luglio al 27 Agosto 2017\" data-date=\"2017-06-28T15:15:42+02:00\">\n\n<div class=\"post-entry-content\">\n\n\t<h3 class=\"entry-title\">\n\t\t<a href=\"https:\/\/terre-di-toscana.com\/terreditoscana\/famiglie-in-miniera-dal-19-novembre-in-poi-al-parco-museo-minerario\/\" title=\"Famiglie in Miniera dal 2 Luglio al 27 Agosto 2017\" rel=\"bookmark\">Famiglie in Miniera dal 2 Luglio al 27 Agosto 2017<\/a>\n\t<\/h3>\n\n\t<div class=\"entry-meta\"><a href=\"https:\/\/terre-di-toscana.com\/terreditoscana\/2017\/06\/28\/\" title=\"15:15\" class=\"data-link\" rel=\"bookmark\"><time class=\"entry-date updated\" datetime=\"2017-06-28T15:15:42+02:00\">28 Giugno 2017<\/time><\/a><\/div>\n\t<div class=\"entry-excerpt\"><p>Famiglie in miniera Dal 9 luglio al 27 agosto Tutte le domeniche dalle 16,00 alle 17,30 Laboratorio per adulti e bambini tra i 6 e gli 11 anni 9 Luglio Le forme del mercurio. Cinabro, duro come la roccia.\u00a0Costruiamo minerali di carta per creare una grande scultura mineraria! 16 Luglio Le forme del mercurio. Mercurio,&hellip;<\/p>\n<\/div>\n\t\n<a href=\"https:\/\/terre-di-toscana.com\/terreditoscana\/famiglie-in-miniera-dal-19-novembre-in-poi-al-parco-museo-minerario\/\" class=\"dt-btn-s dt-btn post-details details-type-btn\" aria-label=\"Read more about Famiglie in Miniera dal 2 Luglio al 27 Agosto 2017\">Vai all'articolo<i class=\"dt-icon-the7-arrow-03\" aria-hidden=\"true\"><\/i><\/a>\n\n<\/div><\/article><\/div><div class=\"hidden wf-cell iso-item\" data-post-id=\"4268\" data-date=\"2017-06-12T10:52:55+02:00\" data-name=\"Polvere &amp; Tarli in piazza  Abbadia San Salvatore 2017\"><article class=\"post project-odd visible post-4268 type-post status-publish format-standard has-post-thumbnail hentry category-eventi category-notizie tag-abbadia-san-salvatore tag-agosto tag-amiata tag-antiquariato tag-artigianato tag-collezionismo tag-domenica tag-giugno tag-luglio tag-maggio tag-mercatino tag-ottobre tag-polvere-e-tarli-in-piazza tag-prodotti-tipici tag-settembre tag-toscana tag-viale-roma category-12 category-19\" data-name=\"Polvere &#038; Tarli in piazza  Abbadia San Salvatore 2017\" data-date=\"2017-06-12T10:52:55+02:00\">\n\n<div class=\"post-thumbnail-wrap\">\n\t<div class=\"post-thumbnail\">\n\t\t\n\t\t\n\t\t<a href=\"https:\/\/terre-di-toscana.com\/terreditoscana\/polvere-tarli-in-piazza-abbadia-san-salvatore\/\" class=\"post-thumbnail-rollover layzr-bg layzr-bg\" ><img class=\"iso-lazy-load preload-me iso-lazy-load aspect\" src=\"data:image\/svg+xml,%3Csvg%20xmlns%3D&#39;http%3A%2F%2Fwww.w3.org%2F2000%2Fsvg&#39;%20viewBox%3D&#39;0%200%20640%20274&#39;%2F%3E\" data-src=\"https:\/\/terre-di-toscana.com\/terreditoscana\/wp-content\/uploads\/2016\/06\/2015-Mercatino-Polvere-e-Tarli-640x274.jpg\" data-srcset=\"https:\/\/terre-di-toscana.com\/terreditoscana\/wp-content\/uploads\/2016\/06\/2015-Mercatino-Polvere-e-Tarli-640x274.jpg 640w\" loading=\"eager\" style=\"--ratio: 640 \/ 274\" sizes=\"(max-width: 640px) 100vw, 640px\" alt=\"\" title=\"2015-Mercatino-Polvere-e-Tarli\" width=\"640\" height=\"274\"  \/><\/a>\t<\/div>\n<\/div>\n\n\n<div class=\"post-entry-content\">\n\n\t<h3 class=\"entry-title\">\n\t\t<a href=\"https:\/\/terre-di-toscana.com\/terreditoscana\/polvere-tarli-in-piazza-abbadia-san-salvatore\/\" title=\"Polvere &#038; Tarli in piazza  Abbadia San Salvatore 2017\" rel=\"bookmark\">Polvere &#038; Tarli in piazza  Abbadia San Salvatore 2017<\/a>\n\t<\/h3>\n\n\t<div class=\"entry-meta\"><a href=\"https:\/\/terre-di-toscana.com\/terreditoscana\/2017\/06\/12\/\" title=\"10:52\" class=\"data-link\" rel=\"bookmark\"><time class=\"entry-date updated\" datetime=\"2017-06-12T10:52:55+02:00\">12 Giugno 2017<\/time><\/a><\/div>\n\t<div class=\"entry-excerpt\"><p>La\u00a0seconda domenica\u00a0di ogni mese da Maggio a Ottobre ad Abbadia San Salvatore si svolge il Mercatino \u201cPolvere e tarli in piazza\u201d, dove si possono trovare prodotti di artigianato, antiquariato, collezionismo e prodotti agricoli tipici locali. Per l\u2019anno 2017\u00a0 il mercatino si svolger\u00e0 in Viale Roma nelle seguenti date Maggio\u00a0 \u00a0 \u00a0 \u00a0 \u00a0Domenica 14 Giugno\u00a0\u00a0&hellip;<\/p>\n<\/div>\n\t\n<a href=\"https:\/\/terre-di-toscana.com\/terreditoscana\/polvere-tarli-in-piazza-abbadia-san-salvatore\/\" class=\"dt-btn-s dt-btn post-details details-type-btn\" aria-label=\"Read more about Polvere &#038; Tarli in piazza  Abbadia San Salvatore 2017\">Vai all'articolo<i class=\"dt-icon-the7-arrow-03\" aria-hidden=\"true\"><\/i><\/a>\n\n<\/div><\/article><\/div><div class=\"hidden wf-cell iso-item\" data-post-id=\"272\" data-date=\"2017-06-01T12:00:33+02:00\" data-name=\"L&#039;Offerta dei Censi - Festa medievale 2\u00b0 week end di luglio 2017\"><article class=\"post project-odd visible post-272 type-post status-publish format-standard has-post-thumbnail hentry category-abbadia-san-salvatore category-eventi category-notizie category-offerte-turistiche category-speciale-festa-medievale category-vacanze-natura-cultura category-vacanze-famiglie category-vacanze-terza-eta tag-abate tag-abbadia-san-salvatore tag-abbazia tag-arcieri tag-armati tag-banchetto tag-cena-medievale tag-evento tag-festa-medievale tag-luglio tag-medioevo tag-mercato-medievale tag-offerta-dei-censi tag-taberne tag-tiro-con-larco tag-toscana category-2 category-12 category-19 category-20 category-32 category-39 category-40 category-42\" data-name=\"L&#8217;Offerta dei Censi &#8211; Festa medievale 2\u00b0 week end di luglio 2017\" data-date=\"2017-06-01T12:00:33+02:00\">\n\n<div class=\"post-thumbnail-wrap\">\n\t<div class=\"post-thumbnail\">\n\t\t\n\t\t\n\t\t<a href=\"https:\/\/terre-di-toscana.com\/terreditoscana\/offerta-dei-censi-festa-medievale\/\" class=\"post-thumbnail-rollover layzr-bg layzr-bg\" ><img class=\"iso-lazy-load preload-me iso-lazy-load aspect\" src=\"data:image\/svg+xml,%3Csvg%20xmlns%3D&#39;http%3A%2F%2Fwww.w3.org%2F2000%2Fsvg&#39;%20viewBox%3D&#39;0%200%20990%20424&#39;%2F%3E\" data-src=\"https:\/\/terre-di-toscana.com\/terreditoscana\/wp-content\/uploads\/2015\/01\/IMG_0538-990x424.jpg\" data-srcset=\"https:\/\/terre-di-toscana.com\/terreditoscana\/wp-content\/uploads\/2015\/01\/IMG_0538-990x424.jpg 990w, https:\/\/terre-di-toscana.com\/terreditoscana\/wp-content\/uploads\/2015\/01\/IMG_0538-999x428.jpg 999w\" loading=\"eager\" style=\"--ratio: 990 \/ 424\" sizes=\"(max-width: 990px) 100vw, 990px\" alt=\"\" title=\"IMG_0538\" width=\"990\" height=\"424\"  \/><\/a>\t<\/div>\n<\/div>\n\n\n<div class=\"post-entry-content\">\n\n\t<h3 class=\"entry-title\">\n\t\t<a href=\"https:\/\/terre-di-toscana.com\/terreditoscana\/offerta-dei-censi-festa-medievale\/\" title=\"L&#8217;Offerta dei Censi &#8211; Festa medievale 2\u00b0 week end di luglio 2017\" rel=\"bookmark\">L&#8217;Offerta dei Censi &#8211; Festa medievale 2\u00b0 week end di luglio 2017<\/a>\n\t<\/h3>\n\n\t<div class=\"entry-meta\"><a href=\"https:\/\/terre-di-toscana.com\/terreditoscana\/2017\/06\/01\/\" title=\"12:00\" class=\"data-link\" rel=\"bookmark\"><time class=\"entry-date updated\" datetime=\"2017-06-01T12:00:33+02:00\">1 Giugno 2017<\/time><\/a><a href=\"https:\/\/terre-di-toscana.com\/terreditoscana\/offerta-dei-censi-festa-medievale\/#comments\" class=\"comment-link\" >2 di Commenti<\/a><\/div>\n\t<div class=\"entry-excerpt\"><p>(2 notti \u2013 3 giorni) Festa Medievale, Apertura della festa, Il Banchetto, Le offerte. Cena medievale, giocolieri, animazione, mastri artigiani, corteo storico.<\/p>\n<\/div>\n\t\n<a href=\"https:\/\/terre-di-toscana.com\/terreditoscana\/offerta-dei-censi-festa-medievale\/\" class=\"dt-btn-s dt-btn post-details details-type-btn\" aria-label=\"Read more about L&#8217;Offerta dei Censi &#8211; Festa medievale 2\u00b0 week end di luglio 2017\">Vai all'articolo<i class=\"dt-icon-the7-arrow-03\" aria-hidden=\"true\"><\/i><\/a>\n\n<\/div><\/article><\/div><div class=\"hidden wf-cell iso-item\" data-post-id=\"4367\" data-date=\"2016-11-24T13:00:30+01:00\" data-name=\"Sabato 26 novembre  Mercurio l&#039;argento vivo!\"><article class=\"post project-odd visible no-img post-4367 type-post status-publish format-standard hentry category-attivita category-notizie tag-abbadia tag-famiglie-in-miniera tag-laboratori-didattici tag-mercurio tag-metallo-liquido tag-minerali tag-miniere category-5 category-19\" data-name=\"Sabato 26 novembre  Mercurio l&#8217;argento vivo!\" data-date=\"2016-11-24T13:00:30+01:00\">\n\n<div class=\"post-entry-content\">\n\n\t<h3 class=\"entry-title\">\n\t\t<a href=\"https:\/\/terre-di-toscana.com\/terreditoscana\/sabato-26-novembre-mercurio-largento-vivo\/\" title=\"Sabato 26 novembre  Mercurio l&#8217;argento vivo!\" rel=\"bookmark\">Sabato 26 novembre  Mercurio l&#8217;argento vivo!<\/a>\n\t<\/h3>\n\n\t<div class=\"entry-meta\"><a href=\"https:\/\/terre-di-toscana.com\/terreditoscana\/2016\/11\/24\/\" title=\"13:00\" class=\"data-link\" rel=\"bookmark\"><time class=\"entry-date updated\" datetime=\"2016-11-24T13:00:30+01:00\">24 Novembre 2016<\/time><\/a><\/div>\n\t<div class=\"entry-excerpt\"><p>Alle ore 16 vieni con i tuoi bambini \u00a0al nuovo museo multimediale &#8220;I Luoghi del mercurio&#8221; \u00a0presso \u00a0Parco Museo Minerario di Abbadia San Salvatore e partecipa al laboratorio &#8220;Mercurio \u00a0l&#8217;argento vivo&#8221;.\u00a0\u00a0Prenota ora tel 0577 778324<\/p>\n<\/div>\n\t\n<a href=\"https:\/\/terre-di-toscana.com\/terreditoscana\/sabato-26-novembre-mercurio-largento-vivo\/\" class=\"dt-btn-s dt-btn post-details details-type-btn\" aria-label=\"Read more about Sabato 26 novembre  Mercurio l&#8217;argento vivo!\">Vai all'articolo<i class=\"dt-icon-the7-arrow-03\" aria-hidden=\"true\"><\/i><\/a>\n\n<\/div><\/article><\/div><div class=\"hidden wf-cell iso-item\" data-post-id=\"4331\" data-date=\"2016-11-13T11:02:49+01:00\" data-name=\"NOVEMBRE AL PARCO MUSEO MINERARIO DI ABBADIA SAN SALVATORE\"><article class=\"post project-odd visible no-img post-4331 type-post status-publish format-standard hentry category-escursioni category-notizie category-parco-minerario category-11 category-19 category-21\" data-name=\"NOVEMBRE AL PARCO MUSEO MINERARIO DI ABBADIA SAN SALVATORE\" data-date=\"2016-11-13T11:02:49+01:00\">\n\n<div class=\"post-entry-content\">\n\n\t<h3 class=\"entry-title\">\n\t\t<a href=\"https:\/\/terre-di-toscana.com\/terreditoscana\/ottobre-al-parco-museo-minerario-di-abbadia-san-salvatore\/\" title=\"NOVEMBRE AL PARCO MUSEO MINERARIO DI ABBADIA SAN SALVATORE\" rel=\"bookmark\">NOVEMBRE AL PARCO MUSEO MINERARIO DI ABBADIA SAN SALVATORE<\/a>\n\t<\/h3>\n\n\t<div class=\"entry-meta\"><a href=\"https:\/\/terre-di-toscana.com\/terreditoscana\/2016\/11\/13\/\" title=\"11:02\" class=\"data-link\" rel=\"bookmark\"><time class=\"entry-date updated\" datetime=\"2016-11-13T11:02:49+01:00\">13 Novembre 2016<\/time><\/a><\/div>\n\t<div class=\"entry-excerpt\"><p>VISITE GUIDATE TUTTI I SABATI E LE DOMENICHE \u00a0ore 11.00 e ore 15.30 Visita al\u00a0museo multimediale &#8220;I luoghi del mercurio&#8221;, alla galleria livello VII a bordo del trenino minerario, al museo minerario \u00a0&#8211; \u00a0Durata 1 ora e 40 minuti: costo adulti \u20ac 12,00, bambini da 6 a 12 anni \u20ac 10,00 &nbsp; LABORATORI \u00a0 &#8220;FAMIGLIE&hellip;<\/p>\n<\/div>\n\t\n<a href=\"https:\/\/terre-di-toscana.com\/terreditoscana\/ottobre-al-parco-museo-minerario-di-abbadia-san-salvatore\/\" class=\"dt-btn-s dt-btn post-details details-type-btn\" aria-label=\"Read more about NOVEMBRE AL PARCO MUSEO MINERARIO DI ABBADIA SAN SALVATORE\">Vai all'articolo<i class=\"dt-icon-the7-arrow-03\" aria-hidden=\"true\"><\/i><\/a>\n\n<\/div><\/article><\/div><div class=\"hidden wf-cell iso-item\" data-post-id=\"375\" data-date=\"2016-09-09T13:02:59+02:00\" data-name=\"Il Parco Minerario dell&#039;Amiata\"><article class=\"post project-odd visible post-375 type-post status-publish format-standard has-post-thumbnail hentry category-notizie category-viaggi-istruzione-scuole tag-abbadia-san-salvatore tag-amiata tag-cinabro tag-didattica tag-laboratorio tag-mercurio tag-minerali tag-museo-minerario tag-pigelleto tag-villaggio-minerario category-19 category-45\" data-name=\"Il Parco Minerario dell&#8217;Amiata\" data-date=\"2016-09-09T13:02:59+02:00\">\n\n<div class=\"post-thumbnail-wrap\">\n\t<div class=\"post-thumbnail\">\n\t\t\n\t\t\n\t\t<a href=\"https:\/\/terre-di-toscana.com\/terreditoscana\/il-parco-minerario-dellamiata\/\" class=\"post-thumbnail-rollover layzr-bg layzr-bg\" ><img class=\"iso-lazy-load preload-me iso-lazy-load aspect\" src=\"data:image\/svg+xml,%3Csvg%20xmlns%3D&#39;http%3A%2F%2Fwww.w3.org%2F2000%2Fsvg&#39;%20viewBox%3D&#39;0%200%20804%20344&#39;%2F%3E\" data-src=\"https:\/\/terre-di-toscana.com\/terreditoscana\/wp-content\/uploads\/2011\/01\/Catalogo-Scuole-2010-2011_001-804x344.jpg\" data-srcset=\"https:\/\/terre-di-toscana.com\/terreditoscana\/wp-content\/uploads\/2011\/01\/Catalogo-Scuole-2010-2011_001-804x344.jpg 804w\" loading=\"eager\" style=\"--ratio: 804 \/ 344\" sizes=\"(max-width: 804px) 100vw, 804px\" alt=\"\"  width=\"804\" height=\"344\"  \/><\/a>\t<\/div>\n<\/div>\n\n\n<div class=\"post-entry-content\">\n\n\t<h3 class=\"entry-title\">\n\t\t<a href=\"https:\/\/terre-di-toscana.com\/terreditoscana\/il-parco-minerario-dellamiata\/\" title=\"Il Parco Minerario dell&#8217;Amiata\" rel=\"bookmark\">Il Parco Minerario dell&#8217;Amiata<\/a>\n\t<\/h3>\n\n\t<div class=\"entry-meta\"><a href=\"https:\/\/terre-di-toscana.com\/terreditoscana\/2016\/09\/09\/\" title=\"13:02\" class=\"data-link\" rel=\"bookmark\"><time class=\"entry-date updated\" datetime=\"2016-09-09T13:02:59+02:00\">9 Settembre 2016<\/time><\/a><\/div>\n\t<div class=\"entry-excerpt\"><p>La Miniera di Abbadia San Salvatore L\u2019area \u00e8 stata da sempre oggetto di ricerche ed estrazione di cinabro per la produzione di mercurio. Il caratteristico colore rosso porpora del cinabro ha attratto l\u2019uomo fin dalla preistoria, quando venivano realizzati piccoli scavi superficiali per estrarre ridotte quantit\u00e0 di polvere rossa usata come colorante per le vesti,&hellip;<\/p>\n<\/div>\n\t\n<a href=\"https:\/\/terre-di-toscana.com\/terreditoscana\/il-parco-minerario-dellamiata\/\" class=\"dt-btn-s dt-btn post-details details-type-btn\" aria-label=\"Read more about Il Parco Minerario dell&#8217;Amiata\">Vai all'articolo<i class=\"dt-icon-the7-arrow-03\" aria-hidden=\"true\"><\/i><\/a>\n\n<\/div><\/article><\/div><div class=\"hidden wf-cell iso-item\" data-post-id=\"4282\" data-date=\"2016-07-17T11:13:45+02:00\" data-name=\"Programma dal 17 al 23 Luglio   Amiata e dintorni\"><article class=\"post project-odd visible post-4282 type-post status-publish format-standard has-post-thumbnail hentry category-eventi category-notizie tag-amiata tag-cibo tag-concerti tag-escursioni tag-estate tag-eventi tag-luglio tag-miniere tag-musei tag-musica-classica tag-parchi tag-programma tag-val-dorcia tag-visite-guidate category-12 category-19\" data-name=\"Programma dal 17 al 23 Luglio   Amiata e dintorni\" data-date=\"2016-07-17T11:13:45+02:00\">\n\n<div class=\"post-thumbnail-wrap\">\n\t<div class=\"post-thumbnail\">\n\t\t\n\t\t\n\t\t<a href=\"https:\/\/terre-di-toscana.com\/terreditoscana\/programma-dal-17-al-23-luglio-amiata-e-dintorni\/\" class=\"post-thumbnail-rollover layzr-bg layzr-bg\" ><img class=\"iso-lazy-load preload-me iso-lazy-load aspect\" src=\"data:image\/svg+xml,%3Csvg%20xmlns%3D&#39;http%3A%2F%2Fwww.w3.org%2F2000%2Fsvg&#39;%20viewBox%3D&#39;0%200%20700%20299&#39;%2F%3E\" data-src=\"https:\/\/terre-di-toscana.com\/terreditoscana\/wp-content\/uploads\/2014\/08\/Nuova-immagine-1-700x299.bmp\" data-srcset=\"https:\/\/terre-di-toscana.com\/terreditoscana\/wp-content\/uploads\/2014\/08\/Nuova-immagine-1-700x299.bmp 700w\" loading=\"eager\" style=\"--ratio: 700 \/ 299\" sizes=\"(max-width: 700px) 100vw, 700px\" alt=\"\" title=\"Nuova-immagine-1\" width=\"700\" height=\"299\"  \/><\/a>\t<\/div>\n<\/div>\n\n\n<div class=\"post-entry-content\">\n\n\t<h3 class=\"entry-title\">\n\t\t<a href=\"https:\/\/terre-di-toscana.com\/terreditoscana\/programma-dal-17-al-23-luglio-amiata-e-dintorni\/\" title=\"Programma dal 17 al 23 Luglio   Amiata e dintorni\" rel=\"bookmark\">Programma dal 17 al 23 Luglio   Amiata e dintorni<\/a>\n\t<\/h3>\n\n\t<div class=\"entry-meta\"><a href=\"https:\/\/terre-di-toscana.com\/terreditoscana\/2016\/07\/17\/\" title=\"11:13\" class=\"data-link\" rel=\"bookmark\"><time class=\"entry-date updated\" datetime=\"2016-07-17T11:13:45+02:00\">17 Luglio 2016<\/time><\/a><\/div>\n\t<div class=\"entry-excerpt\"><p>Amiata e dintorni Programma dal 17 al 23 Luglio 2016 \u00a0Eventi \u00a0 \u00a0Concerti \u00a0\u00a0 Musei\u00a0 Visite guidate Musei e Parchi\u00a0 &nbsp; &nbsp; Abbadia San Salvatore Domenica\u00a0 17 Luglio\u00a0 Ore 9.00 Stadio Comunale Partenza \u201cSalitredici\u201d \u2013 Corsa podistica da Abbadia San Salvatore alla Vetta del Monte Amiata Ore 16\/18 Piazza del Mercato \u201cBurraco in Piazza\u201d \u00a0Divertimento,&hellip;<\/p>\n<\/div>\n\t\n<a href=\"https:\/\/terre-di-toscana.com\/terreditoscana\/programma-dal-17-al-23-luglio-amiata-e-dintorni\/\" class=\"dt-btn-s dt-btn post-details details-type-btn\" aria-label=\"Read more about Programma dal 17 al 23 Luglio   Amiata e dintorni\">Vai all'articolo<i class=\"dt-icon-the7-arrow-03\" aria-hidden=\"true\"><\/i><\/a>\n\n<\/div><\/article><\/div><div class=\"hidden wf-cell iso-item\" data-post-id=\"4257\" data-date=\"2016-05-31T12:33:16+02:00\" data-name=\"dal 2 al 4 Giugno 2017 Visite guidate al Parco Museo Minerario di Abbadia San Salvatore\"><article class=\"post project-odd visible post-4257 type-post status-publish format-standard has-post-thumbnail hentry category-attivita category-notizie tag-abbadia-san-salvatore tag-cinabro tag-galleria-livello-vii tag-mercurio tag-minatori tag-miniere tag-museo-minerario tag-parco-museo-minerario tag-pozzo-garibaldi tag-trenino tag-visita-guidata category-5 category-19\" data-name=\"dal 2 al 4 Giugno 2017 Visite guidate al Parco Museo Minerario di Abbadia San Salvatore\" data-date=\"2016-05-31T12:33:16+02:00\">\n\n<div class=\"post-thumbnail-wrap\">\n\t<div class=\"post-thumbnail\">\n\t\t\n\t\t\n\t\t<a href=\"https:\/\/terre-di-toscana.com\/terreditoscana\/dal-2-al-5-giugno-2016-visite-guidate-al-parco-museo-minerario-di-abbadia-san-salvatore\/\" class=\"post-thumbnail-rollover layzr-bg layzr-bg\" ><img class=\"iso-lazy-load preload-me iso-lazy-load aspect\" src=\"data:image\/svg+xml,%3Csvg%20xmlns%3D&#39;http%3A%2F%2Fwww.w3.org%2F2000%2Fsvg&#39;%20viewBox%3D&#39;0%200%20990%20424&#39;%2F%3E\" data-src=\"https:\/\/terre-di-toscana.com\/terreditoscana\/wp-content\/uploads\/2016\/05\/locomotore-02b-990x424.jpg\" data-srcset=\"https:\/\/terre-di-toscana.com\/terreditoscana\/wp-content\/uploads\/2016\/05\/locomotore-02b-990x424.jpg 990w, https:\/\/terre-di-toscana.com\/terreditoscana\/wp-content\/uploads\/2016\/05\/locomotore-02b-1280x548.jpg 1280w\" loading=\"eager\" style=\"--ratio: 990 \/ 424\" sizes=\"(max-width: 990px) 100vw, 990px\" alt=\"\" title=\"locomotore  02b\" width=\"990\" height=\"424\"  \/><\/a>\t<\/div>\n<\/div>\n\n\n<div class=\"post-entry-content\">\n\n\t<h3 class=\"entry-title\">\n\t\t<a href=\"https:\/\/terre-di-toscana.com\/terreditoscana\/dal-2-al-5-giugno-2016-visite-guidate-al-parco-museo-minerario-di-abbadia-san-salvatore\/\" title=\"dal 2 al 4 Giugno 2017 Visite guidate al Parco Museo Minerario di Abbadia San Salvatore\" rel=\"bookmark\">dal 2 al 4 Giugno 2017 Visite guidate al Parco Museo Minerario di Abbadia San Salvatore<\/a>\n\t<\/h3>\n\n\t<div class=\"entry-meta\"><a href=\"https:\/\/terre-di-toscana.com\/terreditoscana\/2016\/05\/31\/\" title=\"12:33\" class=\"data-link\" rel=\"bookmark\"><time class=\"entry-date updated\" datetime=\"2016-05-31T12:33:16+02:00\">31 Maggio 2016<\/time><\/a><\/div>\n\t<div class=\"entry-excerpt\"><p>Museo Minerario e Galleria livello VII E&#8217; possibile prenotare la visita guidata nei prossimi giorni di festa, sono previste partenze dalle ore 10.00 in poi. Durata: 1 ora e mezzo &nbsp; Info e prenotazioni tel 0577 778324 &#8211; info@terreditoscana.net<\/p>\n<\/div>\n\t\n<a href=\"https:\/\/terre-di-toscana.com\/terreditoscana\/dal-2-al-5-giugno-2016-visite-guidate-al-parco-museo-minerario-di-abbadia-san-salvatore\/\" class=\"dt-btn-s dt-btn post-details details-type-btn\" aria-label=\"Read more about dal 2 al 4 Giugno 2017 Visite guidate al Parco Museo Minerario di Abbadia San Salvatore\">Vai all'articolo<i class=\"dt-icon-the7-arrow-03\" aria-hidden=\"true\"><\/i><\/a>\n\n<\/div><\/article><\/div><div class=\"hidden wf-cell iso-item\" data-post-id=\"4247\" data-date=\"2016-05-29T15:54:44+02:00\" data-name=\"CAMMINATA DELLA SALUTE   DOMENICA 5 GIUGNO 2016\"><article class=\"post project-odd visible post-4247 type-post status-publish format-standard has-post-thumbnail hentry category-escursioni category-notizie tag-amiata tag-benessere tag-camminata tag-natura tag-radici-intelligenti tag-salute tag-seggiano-2 tag-tocana-pranzo tag-trekking category-11 category-19\" data-name=\"CAMMINATA DELLA SALUTE   DOMENICA 5 GIUGNO 2016\" data-date=\"2016-05-29T15:54:44+02:00\">\n\n<div class=\"post-thumbnail-wrap\">\n\t<div class=\"post-thumbnail\">\n\t\t\n\t\t\n\t\t<a href=\"https:\/\/terre-di-toscana.com\/terreditoscana\/camminata-della-salute-domenica-5-giugno-2016\/\" class=\"post-thumbnail-rollover layzr-bg layzr-bg\" ><img class=\"iso-lazy-load preload-me iso-lazy-load aspect\" src=\"data:image\/svg+xml,%3Csvg%20xmlns%3D&#39;http%3A%2F%2Fwww.w3.org%2F2000%2Fsvg&#39;%20viewBox%3D&#39;0%200%20990%20424&#39;%2F%3E\" data-src=\"https:\/\/terre-di-toscana.com\/terreditoscana\/wp-content\/uploads\/2016\/05\/locandina_camminata_della_salute-page0-990x424.jpg\" data-srcset=\"https:\/\/terre-di-toscana.com\/terreditoscana\/wp-content\/uploads\/2016\/05\/locandina_camminata_della_salute-page0-990x424.jpg 990w, https:\/\/terre-di-toscana.com\/terreditoscana\/wp-content\/uploads\/2016\/05\/locandina_camminata_della_salute-page0-1240x531.jpg 1240w\" loading=\"eager\" style=\"--ratio: 990 \/ 424\" sizes=\"(max-width: 990px) 100vw, 990px\" alt=\"\" title=\"locandina_camminata_della_salute-page0\" width=\"990\" height=\"424\"  \/><\/a>\t<\/div>\n<\/div>\n\n\n<div class=\"post-entry-content\">\n\n\t<h3 class=\"entry-title\">\n\t\t<a href=\"https:\/\/terre-di-toscana.com\/terreditoscana\/camminata-della-salute-domenica-5-giugno-2016\/\" title=\"CAMMINATA DELLA SALUTE   DOMENICA 5 GIUGNO 2016\" rel=\"bookmark\">CAMMINATA DELLA SALUTE   DOMENICA 5 GIUGNO 2016<\/a>\n\t<\/h3>\n\n\t<div class=\"entry-meta\"><a href=\"https:\/\/terre-di-toscana.com\/terreditoscana\/2016\/05\/29\/\" title=\"15:54\" class=\"data-link\" rel=\"bookmark\"><time class=\"entry-date updated\" datetime=\"2016-05-29T15:54:44+02:00\">29 Maggio 2016<\/time><\/a><\/div>\n\t<div class=\"entry-excerpt\"><p>&nbsp; Domenica 5 Giugno prossimo, si terra&#8217; a Seggiano la\u00a0&#8220;CAMMINATA DELLA SALUTE&#8221;,\u00a0promossa dall&#8217; ANI (Associazione Italiana Nordic Walking) in collaborazione con la Fondazione Le Radici di Seggiano. Gli istruttori qualificati dell&#8217; Associazione, illustreranno ed applicheranno la metodica 2P\/B, tecnica basata sullo studio della camminata biomeccanicamente corretta che apporta benefici a tutto il corpo. Il ritrovo&hellip;<\/p>\n<\/div>\n\t\n<a href=\"https:\/\/terre-di-toscana.com\/terreditoscana\/camminata-della-salute-domenica-5-giugno-2016\/\" class=\"dt-btn-s dt-btn post-details details-type-btn\" aria-label=\"Read more about CAMMINATA DELLA SALUTE   DOMENICA 5 GIUGNO 2016\">Vai all'articolo<i class=\"dt-icon-the7-arrow-03\" aria-hidden=\"true\"><\/i><\/a>\n\n<\/div><\/article><\/div><div class=\"hidden wf-cell iso-item\" data-post-id=\"4224\" data-date=\"2016-05-06T12:50:38+02:00\" data-name=\"Alla scoperta di Mercurio nel cielo dell&#039; Amiata  Sabato 21 Maggio 2016\"><article class=\"post project-odd visible post-4224 type-post status-publish format-standard has-post-thumbnail hentry category-eventi category-notizie category-parco-minerario tag-abbadia-san-salvatore tag-amiata tag-chitarra tag-degustazione tag-dolci-2 tag-flauto tag-fpormaggi tag-giove tag-mercurio tag-musica tag-musica-classica tag-notte-europea-dei-musei tag-osservazione-del-cielo tag-parco-museo-minerario tag-pianeti tag-sabato-21-maggio tag-serata-astronomica tag-toscana tag-vini category-12 category-19 category-21\" data-name=\"Alla scoperta di Mercurio nel cielo dell&#8217; Amiata  Sabato 21 Maggio 2016\" data-date=\"2016-05-06T12:50:38+02:00\">\n\n<div class=\"post-thumbnail-wrap\">\n\t<div class=\"post-thumbnail\">\n\t\t\n\t\t\n\t\t<a href=\"https:\/\/terre-di-toscana.com\/terreditoscana\/alla-scoperta-di-mercurio-nei-cieli-dellamiata-sabato-21-maggio-2016\/\" class=\"post-thumbnail-rollover layzr-bg layzr-bg\" ><img class=\"iso-lazy-load preload-me iso-lazy-load aspect\" src=\"data:image\/svg+xml,%3Csvg%20xmlns%3D&#39;http%3A%2F%2Fwww.w3.org%2F2000%2Fsvg&#39;%20viewBox%3D&#39;0%200%20794%20340&#39;%2F%3E\" data-src=\"https:\/\/terre-di-toscana.com\/terreditoscana\/wp-content\/uploads\/2016\/05\/AMICO-MUSEO1-794x340.jpg\" data-srcset=\"https:\/\/terre-di-toscana.com\/terreditoscana\/wp-content\/uploads\/2016\/05\/AMICO-MUSEO1-794x340.jpg 794w\" loading=\"eager\" style=\"--ratio: 794 \/ 340\" sizes=\"(max-width: 794px) 100vw, 794px\" alt=\"\" title=\"AMICO MUSEO\" width=\"794\" height=\"340\"  \/><\/a>\t<\/div>\n<\/div>\n\n\n<div class=\"post-entry-content\">\n\n\t<h3 class=\"entry-title\">\n\t\t<a href=\"https:\/\/terre-di-toscana.com\/terreditoscana\/alla-scoperta-di-mercurio-nei-cieli-dellamiata-sabato-21-maggio-2016\/\" title=\"Alla scoperta di Mercurio nel cielo dell&#8217; Amiata  Sabato 21 Maggio 2016\" rel=\"bookmark\">Alla scoperta di Mercurio nel cielo dell&#8217; Amiata  Sabato 21 Maggio 2016<\/a>\n\t<\/h3>\n\n\t<div class=\"entry-meta\"><a href=\"https:\/\/terre-di-toscana.com\/terreditoscana\/2016\/05\/06\/\" title=\"12:50\" class=\"data-link\" rel=\"bookmark\"><time class=\"entry-date updated\" datetime=\"2016-05-06T12:50:38+02:00\">6 Maggio 2016<\/time><\/a><\/div>\n\t<div class=\"entry-excerpt\"><p>In occasione della Notte Europea dei Musei \u00a0il Parco Museo Minerario di Abbadia San Salvatore Vi invita a partecipare all&#8217;evento &#8220;Alla scoperta di Mercurio nei cieli dell&#8217;Amiata&#8221; Sabato 21 Maggio ore 18.30 \u00a0 \u00a0Incontro con il Prof. Vincenzo Millucci dell&#8217;Universit\u00e0 di Siena che far\u00e0 una breve introduzione alla serata astronomica ore 19.30 \u00a0Degustazione di prodotti&hellip;<\/p>\n<\/div>\n\t\n<a href=\"https:\/\/terre-di-toscana.com\/terreditoscana\/alla-scoperta-di-mercurio-nei-cieli-dellamiata-sabato-21-maggio-2016\/\" class=\"dt-btn-s dt-btn post-details details-type-btn\" aria-label=\"Read more about Alla scoperta di Mercurio nel cielo dell&#8217; Amiata  Sabato 21 Maggio 2016\">Vai all'articolo<i class=\"dt-icon-the7-arrow-03\" aria-hidden=\"true\"><\/i><\/a>\n\n<\/div><\/article><\/div><div class=\"hidden wf-cell iso-item\" data-post-id=\"4217\" data-date=\"2016-05-04T11:29:47+02:00\" data-name=\"Giornata Nazionale delle Miniere  &quot;I tedeschi e le miniere di Abbadia San Salvatore&quot; 28 maggio 2016\"><article class=\"post project-odd visible post-4217 type-post status-publish format-standard has-post-thumbnail hentry category-eventi category-notizie tag-convegno tag-gioranata-nazionale-miniere tag-inaugurazione tag-miniere tag-parco-museo-abbadia-san-salvatore tag-pozzo-garibaldi tag-tedeschi category-12 category-19\" data-name=\"Giornata Nazionale delle Miniere  &#8220;I tedeschi e le miniere di Abbadia San Salvatore&#8221; 28 maggio 2016\" data-date=\"2016-05-04T11:29:47+02:00\">\n\n<div class=\"post-thumbnail-wrap\">\n\t<div class=\"post-thumbnail\">\n\t\t\n\t\t\n\t\t<a href=\"https:\/\/terre-di-toscana.com\/terreditoscana\/giornata-nazionale-delle-miniere-i-tedeschi-e-le-miniere-di-abbadia-san-salvatore-28-maggio-2016\/\" class=\"post-thumbnail-rollover layzr-bg layzr-bg\" ><img class=\"iso-lazy-load preload-me iso-lazy-load aspect\" src=\"data:image\/svg+xml,%3Csvg%20xmlns%3D&#39;http%3A%2F%2Fwww.w3.org%2F2000%2Fsvg&#39;%20viewBox%3D&#39;0%200%20453%20194&#39;%2F%3E\" data-src=\"https:\/\/terre-di-toscana.com\/terreditoscana\/wp-content\/uploads\/2016\/05\/locandina-453x194.jpg\" data-srcset=\"https:\/\/terre-di-toscana.com\/terreditoscana\/wp-content\/uploads\/2016\/05\/locandina-453x194.jpg 453w\" loading=\"eager\" style=\"--ratio: 453 \/ 194\" sizes=\"(max-width: 453px) 100vw, 453px\" alt=\"\" title=\"locandina\" width=\"453\" height=\"194\"  \/><\/a>\t<\/div>\n<\/div>\n\n\n<div class=\"post-entry-content\">\n\n\t<h3 class=\"entry-title\">\n\t\t<a href=\"https:\/\/terre-di-toscana.com\/terreditoscana\/giornata-nazionale-delle-miniere-i-tedeschi-e-le-miniere-di-abbadia-san-salvatore-28-maggio-2016\/\" title=\"Giornata Nazionale delle Miniere  &#8220;I tedeschi e le miniere di Abbadia San Salvatore&#8221; 28 maggio 2016\" rel=\"bookmark\">Giornata Nazionale delle Miniere  &#8220;I tedeschi e le miniere di Abbadia San Salvatore&#8221; 28 maggio 2016<\/a>\n\t<\/h3>\n\n\t<div class=\"entry-meta\"><a href=\"https:\/\/terre-di-toscana.com\/terreditoscana\/2016\/05\/04\/\" title=\"11:29\" class=\"data-link\" rel=\"bookmark\"><time class=\"entry-date updated\" datetime=\"2016-05-04T11:29:47+02:00\">4 Maggio 2016<\/time><\/a><\/div>\n\t<div class=\"entry-excerpt\"><p>In occasione della VII GIORNATA NAZIONALE DELLE MINIERE il Parco Museo Minerario di Abbadia San Salvatore organizza una giornata ricca di iniziative, alle ore 10.00 si terr\u00e0 \u00a0il Convegno &#8220;I tedeschi e la miniera di Abbadia San Salvatore&#8221;, \u00a0presso l&#8217;Aula Magna dell&#8217;ITIS A. Avogadro di Abbadia San Salvatore. Le attivit\u00e0 proseguiranno nel pomeriggio con l&#8217;escursione&hellip;<\/p>\n<\/div>\n\t\n<a href=\"https:\/\/terre-di-toscana.com\/terreditoscana\/giornata-nazionale-delle-miniere-i-tedeschi-e-le-miniere-di-abbadia-san-salvatore-28-maggio-2016\/\" class=\"dt-btn-s dt-btn post-details details-type-btn\" aria-label=\"Read more about Giornata Nazionale delle Miniere  &#8220;I tedeschi e le miniere di Abbadia San Salvatore&#8221; 28 maggio 2016\">Vai all'articolo<i class=\"dt-icon-the7-arrow-03\" aria-hidden=\"true\"><\/i><\/a>\n\n<\/div><\/article><\/div><div class=\"hidden wf-cell iso-item\" data-post-id=\"4211\" data-date=\"2016-05-01T16:58:50+02:00\" data-name=\"Torneo Monte Amiata Football Cup Giugno 2016\"><article class=\"post project-odd visible post-4211 type-post status-publish format-standard has-post-thumbnail hentry category-eventi category-notizie tag-calcio tag-football-cup-re-ratchis tag-giugno tag-monte-amiata tag-torneo category-12 category-19\" data-name=\"Torneo Monte Amiata Football Cup Giugno 2016\" data-date=\"2016-05-01T16:58:50+02:00\">\n\n<div class=\"post-thumbnail-wrap\">\n\t<div class=\"post-thumbnail\">\n\t\t\n\t\t\n\t\t<a href=\"https:\/\/terre-di-toscana.com\/terreditoscana\/torneo-monte-amiata-football-cup-giugno-2016\/\" class=\"post-thumbnail-rollover layzr-bg layzr-bg\" ><img class=\"iso-lazy-load preload-me iso-lazy-load aspect\" src=\"data:image\/svg+xml,%3Csvg%20xmlns%3D&#39;http%3A%2F%2Fwww.w3.org%2F2000%2Fsvg&#39;%20viewBox%3D&#39;0%200%20990%20424&#39;%2F%3E\" data-src=\"https:\/\/terre-di-toscana.com\/terreditoscana\/wp-content\/uploads\/2016\/05\/amiata-rachtis-Leonardi_2016-page-001-1-990x424.jpg\" data-srcset=\"https:\/\/terre-di-toscana.com\/terreditoscana\/wp-content\/uploads\/2016\/05\/amiata-rachtis-Leonardi_2016-page-001-1-990x424.jpg 990w, https:\/\/terre-di-toscana.com\/terreditoscana\/wp-content\/uploads\/2016\/05\/amiata-rachtis-Leonardi_2016-page-001-1-1240x531.jpg 1240w\" loading=\"eager\" style=\"--ratio: 990 \/ 424\" sizes=\"(max-width: 990px) 100vw, 990px\" alt=\"\" title=\"amiata rachtis Leonardi_2016-page-001 (1)\" width=\"990\" height=\"424\"  \/><\/a>\t<\/div>\n<\/div>\n\n\n<div class=\"post-entry-content\">\n\n\t<h3 class=\"entry-title\">\n\t\t<a href=\"https:\/\/terre-di-toscana.com\/terreditoscana\/torneo-monte-amiata-football-cup-giugno-2016\/\" title=\"Torneo Monte Amiata Football Cup Giugno 2016\" rel=\"bookmark\">Torneo Monte Amiata Football Cup Giugno 2016<\/a>\n\t<\/h3>\n\n\t<div class=\"entry-meta\"><a href=\"https:\/\/terre-di-toscana.com\/terreditoscana\/2016\/05\/01\/\" title=\"16:58\" class=\"data-link\" rel=\"bookmark\"><time class=\"entry-date updated\" datetime=\"2016-05-01T16:58:50+02:00\">1 Maggio 2016<\/time><\/a><\/div>\n\t<div class=\"entry-excerpt\"><p>A \u00a0Giugno ritorna il Trofeo Monte Amiata football Cup giunto ormai alla sua VII edizione<\/p>\n<\/div>\n\t\n<a href=\"https:\/\/terre-di-toscana.com\/terreditoscana\/torneo-monte-amiata-football-cup-giugno-2016\/\" class=\"dt-btn-s dt-btn post-details details-type-btn\" aria-label=\"Read more about Torneo Monte Amiata Football Cup Giugno 2016\">Vai all'articolo<i class=\"dt-icon-the7-arrow-03\" aria-hidden=\"true\"><\/i><\/a>\n\n<\/div><\/article><\/div><div class=\"hidden wf-cell iso-item\" data-post-id=\"4201\" data-date=\"2016-04-22T18:54:11+02:00\" data-name=\"Benvenuti sul Monte Amiata  Programma attivit\u00e0 23 24 25 Aprile 2016\"><article class=\"post project-odd visible post-4201 type-post status-publish format-standard has-post-thumbnail hentry category-attivita category-notizie tag-abbazia-di-san-alvatore tag-attivita-2 tag-centro-storico tag-disco-party tag-escursioni tag-meeting-alta-velocita tag-monte-amiata tag-mountain-bike tag-parco-museo-minerario tag-primavera tag-trofeo-monte-amiata tag-vetta tag-visite-guidate category-5 category-19\" data-name=\"Benvenuti sul Monte Amiata  Programma attivit\u00e0 23 24 25 Aprile 2016\" data-date=\"2016-04-22T18:54:11+02:00\">\n\n<div class=\"post-thumbnail-wrap\">\n\t<div class=\"post-thumbnail\">\n\t\t\n\t\t\n\t\t<a href=\"https:\/\/terre-di-toscana.com\/terreditoscana\/benvenuti-sul-monte-amiata-programma-attivita-23-24-25-aprile-2016\/\" class=\"post-thumbnail-rollover layzr-bg layzr-bg\" ><img class=\"iso-lazy-load preload-me iso-lazy-load aspect\" src=\"data:image\/svg+xml,%3Csvg%20xmlns%3D&#39;http%3A%2F%2Fwww.w3.org%2F2000%2Fsvg&#39;%20viewBox%3D&#39;0%200%20990%20424&#39;%2F%3E\" data-src=\"https:\/\/terre-di-toscana.com\/terreditoscana\/wp-content\/uploads\/2016\/04\/Amiata-programma-23-24-25-aprile-2016-990x424.jpg\" data-srcset=\"https:\/\/terre-di-toscana.com\/terreditoscana\/wp-content\/uploads\/2016\/04\/Amiata-programma-23-24-25-aprile-2016-990x424.jpg 990w, https:\/\/terre-di-toscana.com\/terreditoscana\/wp-content\/uploads\/2016\/04\/Amiata-programma-23-24-25-aprile-2016-1485x636.jpg 1485w\" loading=\"eager\" style=\"--ratio: 990 \/ 424\" sizes=\"(max-width: 990px) 100vw, 990px\" alt=\"\" title=\"Amiata  programma 23 24 25 aprile 2016\" width=\"990\" height=\"424\"  \/><\/a>\t<\/div>\n<\/div>\n\n\n<div class=\"post-entry-content\">\n\n\t<h3 class=\"entry-title\">\n\t\t<a href=\"https:\/\/terre-di-toscana.com\/terreditoscana\/benvenuti-sul-monte-amiata-programma-attivita-23-24-25-aprile-2016\/\" title=\"Benvenuti sul Monte Amiata  Programma attivit\u00e0 23 24 25 Aprile 2016\" rel=\"bookmark\">Benvenuti sul Monte Amiata  Programma attivit\u00e0 23 24 25 Aprile 2016<\/a>\n\t<\/h3>\n\n\t<div class=\"entry-meta\"><a href=\"https:\/\/terre-di-toscana.com\/terreditoscana\/2016\/04\/22\/\" title=\"18:54\" class=\"data-link\" rel=\"bookmark\"><time class=\"entry-date updated\" datetime=\"2016-04-22T18:54:11+02:00\">22 Aprile 2016<\/time><\/a><\/div>\n\t<div class=\"entry-excerpt\"><p>Abbadia San Salvatore Programma 23-24-25 Aprile 2016 PARTENZE per Macinaie Parco Acrobatico (min. 6 persone) &#8211; Ritrovo Bar Centrale \u00a0(su prenotazione 0577 778324) Sabato 23 dalle ore 10 alle ore 12,\u00a0\u00a0Domenica 24\u00a0dalle ore 16\/18, \u00a0Luned\u00ec 25\u00a0 dalle ore 10\/12 \u00a0 \u00a0Costo \u00a0 \u00a0 \u00a0 \u00a0 \u00a0 \u00a0 \u00a0 \u00a0 \u00a0 \u00a0 \u00a0 \u00a0 \u00a0 \u00a0&hellip;<\/p>\n<\/div>\n\t\n<a href=\"https:\/\/terre-di-toscana.com\/terreditoscana\/benvenuti-sul-monte-amiata-programma-attivita-23-24-25-aprile-2016\/\" class=\"dt-btn-s dt-btn post-details details-type-btn\" aria-label=\"Read more about Benvenuti sul Monte Amiata  Programma attivit\u00e0 23 24 25 Aprile 2016\">Vai all'articolo<i class=\"dt-icon-the7-arrow-03\" aria-hidden=\"true\"><\/i><\/a>\n\n<\/div><\/article><\/div><div class=\"hidden wf-cell iso-item\" data-post-id=\"4193\" data-date=\"2016-03-31T12:01:36+02:00\" data-name=\"Scopri la tradizione mineraria dell&#039;Amiata Sabato 2 e Domenica 3 Aprile 2016\"><article class=\"post project-odd visible post-4193 type-post status-publish format-standard has-post-thumbnail hentry category-attivita category-notizie tag-abbadia-san-salvatore tag-amiata tag-cinabro tag-mercurio tag-minatori tag-miniera tag-parco-museo-minerario tag-storia tag-toscana tag-visita-guidata category-5 category-19\" data-name=\"Scopri la tradizione mineraria dell&#8217;Amiata Sabato 2 e Domenica 3 Aprile 2016\" data-date=\"2016-03-31T12:01:36+02:00\">\n\n<div class=\"post-thumbnail-wrap\">\n\t<div class=\"post-thumbnail\">\n\t\t\n\t\t\n\t\t<a href=\"https:\/\/terre-di-toscana.com\/terreditoscana\/scopri-la-tradizione-mineraria-dellamiata-sabato-2-e-domenica-3-aprile-2016\/\" class=\"post-thumbnail-rollover layzr-bg layzr-bg\" ><img class=\"iso-lazy-load preload-me iso-lazy-load aspect\" src=\"data:image\/svg+xml,%3Csvg%20xmlns%3D&#39;http%3A%2F%2Fwww.w3.org%2F2000%2Fsvg&#39;%20viewBox%3D&#39;0%200%20990%20424&#39;%2F%3E\" data-src=\"https:\/\/terre-di-toscana.com\/terreditoscana\/wp-content\/uploads\/2016\/03\/vita-quotidiana-in-galleria-01-Galleria-Italia1-990x424.jpg\" data-srcset=\"https:\/\/terre-di-toscana.com\/terreditoscana\/wp-content\/uploads\/2016\/03\/vita-quotidiana-in-galleria-01-Galleria-Italia1-990x424.jpg 990w, https:\/\/terre-di-toscana.com\/terreditoscana\/wp-content\/uploads\/2016\/03\/vita-quotidiana-in-galleria-01-Galleria-Italia1-1280x548.jpg 1280w\" loading=\"eager\" style=\"--ratio: 990 \/ 424\" sizes=\"(max-width: 990px) 100vw, 990px\" alt=\"\" title=\"vita quotidiana in galleria 01 Galleria Italia\" width=\"990\" height=\"424\"  \/><\/a>\t<\/div>\n<\/div>\n\n\n<div class=\"post-entry-content\">\n\n\t<h3 class=\"entry-title\">\n\t\t<a href=\"https:\/\/terre-di-toscana.com\/terreditoscana\/scopri-la-tradizione-mineraria-dellamiata-sabato-2-e-domenica-3-aprile-2016\/\" title=\"Scopri la tradizione mineraria dell&#8217;Amiata Sabato 2 e Domenica 3 Aprile 2016\" rel=\"bookmark\">Scopri la tradizione mineraria dell&#8217;Amiata Sabato 2 e Domenica 3 Aprile 2016<\/a>\n\t<\/h3>\n\n\t<div class=\"entry-meta\"><a href=\"https:\/\/terre-di-toscana.com\/terreditoscana\/2016\/03\/31\/\" title=\"12:01\" class=\"data-link\" rel=\"bookmark\"><time class=\"entry-date updated\" datetime=\"2016-03-31T12:01:36+02:00\">31 Marzo 2016<\/time><\/a><\/div>\n\t<div class=\"entry-excerpt\"><p>Sabato 2 \u00a0Aprile alle ore 15.30 e Domenica 3 Aprile alle ore 11.30 Visita il Parco Museo Minerario di Abbadia San Salvatore ti proponiamo un viaggio alla scoperta della storia del cinabro e del mercurio, che hanno rappresentato benessere per le popolazioni amiatine, ma anche sacrifici e sofferenze. Potrete incontrare un ex minatore che lavorato&hellip;<\/p>\n<\/div>\n\t\n<a href=\"https:\/\/terre-di-toscana.com\/terreditoscana\/scopri-la-tradizione-mineraria-dellamiata-sabato-2-e-domenica-3-aprile-2016\/\" class=\"dt-btn-s dt-btn post-details details-type-btn\" aria-label=\"Read more about Scopri la tradizione mineraria dell&#8217;Amiata Sabato 2 e Domenica 3 Aprile 2016\">Vai all'articolo<i class=\"dt-icon-the7-arrow-03\" aria-hidden=\"true\"><\/i><\/a>\n\n<\/div><\/article><\/div><div class=\"hidden wf-cell iso-item\" data-post-id=\"4187\" data-date=\"2016-03-28T16:08:40+02:00\" data-name=\"Presentazione &quot;Le strade per l&#039;Abbazia del S.S.mo Salvatore e la Via Francigena nell&#039;Alto Medioevo\"><article class=\"post project-odd visible post-4187 type-post status-publish format-standard has-post-thumbnail hentry category-eventi category-notizie tag-abbadia-san-salvatore tag-abbazia-di-san-salvatore tag-alto-medioevo tag-amiata tag-francigena tag-percorso-francigena category-12 category-19\" data-name=\"Presentazione &#8220;Le strade per l&#8217;Abbazia del S.S.mo Salvatore e la Via Francigena nell&#8217;Alto Medioevo\" data-date=\"2016-03-28T16:08:40+02:00\">\n\n<div class=\"post-thumbnail-wrap\">\n\t<div class=\"post-thumbnail\">\n\t\t\n\t\t\n\t\t<a href=\"https:\/\/terre-di-toscana.com\/terreditoscana\/presentazione-le-strade-per-labbazia-del-s-s-mo-salvatore-e-la-via-francigena-nellalto-medioevo\/\" class=\"post-thumbnail-rollover layzr-bg layzr-bg\" ><img class=\"iso-lazy-load preload-me iso-lazy-load aspect\" src=\"data:image\/svg+xml,%3Csvg%20xmlns%3D&#39;http%3A%2F%2Fwww.w3.org%2F2000%2Fsvg&#39;%20viewBox%3D&#39;0%200%20990%20424&#39;%2F%3E\" data-src=\"https:\/\/terre-di-toscana.com\/terreditoscana\/wp-content\/uploads\/2016\/03\/Le-strade-per-lAbbazia-presentazione-990x424.jpg\" data-srcset=\"https:\/\/terre-di-toscana.com\/terreditoscana\/wp-content\/uploads\/2016\/03\/Le-strade-per-lAbbazia-presentazione-990x424.jpg 990w, https:\/\/terre-di-toscana.com\/terreditoscana\/wp-content\/uploads\/2016\/03\/Le-strade-per-lAbbazia-presentazione-1485x636.jpg 1485w\" loading=\"eager\" style=\"--ratio: 990 \/ 424\" sizes=\"(max-width: 990px) 100vw, 990px\" alt=\"\" title=\"Le strade per l&#8217;Abbazia    presentazione\" width=\"990\" height=\"424\"  \/><\/a>\t<\/div>\n<\/div>\n\n\n<div class=\"post-entry-content\">\n\n\t<h3 class=\"entry-title\">\n\t\t<a href=\"https:\/\/terre-di-toscana.com\/terreditoscana\/presentazione-le-strade-per-labbazia-del-s-s-mo-salvatore-e-la-via-francigena-nellalto-medioevo\/\" title=\"Presentazione &#8220;Le strade per l&#8217;Abbazia del S.S.mo Salvatore e la Via Francigena nell&#8217;Alto Medioevo\" rel=\"bookmark\">Presentazione &#8220;Le strade per l&#8217;Abbazia del S.S.mo Salvatore e la Via Francigena nell&#8217;Alto Medioevo<\/a>\n\t<\/h3>\n\n\t<div class=\"entry-meta\"><a href=\"https:\/\/terre-di-toscana.com\/terreditoscana\/2016\/03\/28\/\" title=\"16:08\" class=\"data-link\" rel=\"bookmark\"><time class=\"entry-date updated\" datetime=\"2016-03-28T16:08:40+02:00\">28 Marzo 2016<\/time><\/a><\/div>\n\t<div class=\"entry-excerpt\"><p>Sabato 2 Aprile ore 16.30 \u00a0 &#8211; Saletta centro giovani di Abbadia San Salvatore Presentazione della Pubblicazione di Stelvio Mambrini<\/p>\n<\/div>\n\t\n<a href=\"https:\/\/terre-di-toscana.com\/terreditoscana\/presentazione-le-strade-per-labbazia-del-s-s-mo-salvatore-e-la-via-francigena-nellalto-medioevo\/\" class=\"dt-btn-s dt-btn post-details details-type-btn\" aria-label=\"Read more about Presentazione &#8220;Le strade per l&#8217;Abbazia del S.S.mo Salvatore e la Via Francigena nell&#8217;Alto Medioevo\">Vai all'articolo<i class=\"dt-icon-the7-arrow-03\" aria-hidden=\"true\"><\/i><\/a>\n\n<\/div><\/article><\/div><div class=\"hidden wf-cell iso-item\" data-post-id=\"4175\" data-date=\"2016-03-24T13:57:11+01:00\" data-name=\"Pasqua 2016 al Parco Museo Minerario di Abbadia San Salvatore\"><article class=\"post project-odd visible post-4175 type-post status-publish format-standard has-post-thumbnail hentry category-escursioni category-notizie tag-abbadia tag-amiata tag-caccia-al-tesoro tag-cinabro tag-geologo tag-minatore tag-minatori tag-miniera tag-parco-museo-minerario category-11 category-19\" data-name=\"Pasqua 2016 al Parco Museo Minerario di Abbadia San Salvatore\" data-date=\"2016-03-24T13:57:11+01:00\">\n\n<div class=\"post-thumbnail-wrap\">\n\t<div class=\"post-thumbnail\">\n\t\t\n\t\t\n\t\t<a href=\"https:\/\/terre-di-toscana.com\/terreditoscana\/pasqua-2016-al-parco-museo-minerario-di-abbadia-san-salvatore\/\" class=\"post-thumbnail-rollover layzr-bg layzr-bg\" ><img class=\"iso-lazy-load preload-me iso-lazy-load aspect\" src=\"data:image\/svg+xml,%3Csvg%20xmlns%3D&#39;http%3A%2F%2Fwww.w3.org%2F2000%2Fsvg&#39;%20viewBox%3D&#39;0%200%20990%20424&#39;%2F%3E\" data-src=\"https:\/\/terre-di-toscana.com\/terreditoscana\/wp-content\/uploads\/2016\/03\/locomotore-02b-990x424.jpg\" data-srcset=\"https:\/\/terre-di-toscana.com\/terreditoscana\/wp-content\/uploads\/2016\/03\/locomotore-02b-990x424.jpg 990w, https:\/\/terre-di-toscana.com\/terreditoscana\/wp-content\/uploads\/2016\/03\/locomotore-02b-1280x548.jpg 1280w\" loading=\"eager\" style=\"--ratio: 990 \/ 424\" sizes=\"(max-width: 990px) 100vw, 990px\" alt=\"\" title=\"locomotore  02b\" width=\"990\" height=\"424\"  \/><\/a>\t<\/div>\n<\/div>\n\n\n<div class=\"post-entry-content\">\n\n\t<h3 class=\"entry-title\">\n\t\t<a href=\"https:\/\/terre-di-toscana.com\/terreditoscana\/pasqua-2016-al-parco-museo-minerario-di-abbadia-san-salvatore\/\" title=\"Pasqua 2016 al Parco Museo Minerario di Abbadia San Salvatore\" rel=\"bookmark\">Pasqua 2016 al Parco Museo Minerario di Abbadia San Salvatore<\/a>\n\t<\/h3>\n\n\t<div class=\"entry-meta\"><a href=\"https:\/\/terre-di-toscana.com\/terreditoscana\/2016\/03\/24\/\" title=\"13:57\" class=\"data-link\" rel=\"bookmark\"><time class=\"entry-date updated\" datetime=\"2016-03-24T13:57:11+01:00\">24 Marzo 2016<\/time><\/a><\/div>\n\t<div class=\"entry-excerpt\"><p>Pasqua 2016 Attivit\u00e0 e Visite guidate\u00a0al Parco\u00a0Museo Minerario Abbadia San Salvatore \u00a026 \u2013 27 \u2013 28 Marzo &#8211;\u00a0ore 9.30\/12.30 e 15.30\/18.30 Visita Museo Minerario\u00a0e Galleria livello VII con trenino minerario (su prenotazione) Adulti \u20ac 8,00 &#8211; bambini \u00a0da 6 a 12 anni \u20ac 6,00 Durata: 1 ora e mezzo 26 Marzo \u201cUn giorno da Geologo\u201d&hellip;<\/p>\n<\/div>\n\t\n<a href=\"https:\/\/terre-di-toscana.com\/terreditoscana\/pasqua-2016-al-parco-museo-minerario-di-abbadia-san-salvatore\/\" class=\"dt-btn-s dt-btn post-details details-type-btn\" aria-label=\"Read more about Pasqua 2016 al Parco Museo Minerario di Abbadia San Salvatore\">Vai all'articolo<i class=\"dt-icon-the7-arrow-03\" aria-hidden=\"true\"><\/i><\/a>\n\n<\/div><\/article><\/div><div class=\"hidden wf-cell iso-item\" data-post-id=\"4161\" data-date=\"2016-03-22T20:48:32+01:00\" data-name=\"Abbadia San Salvatore tra antiche usanze riti religiosi e rievocazioni  Pasquali\"><article class=\"post project-odd visible post-4161 type-post status-publish format-standard has-post-thumbnail hentry category-eventi category-notizie tag-benedizione-delle-case tag-benedizione-delle-uova tag-colazione-di-pasqua tag-giovedi-santo tag-giudeata tag-i tag-pasqua tag-processione tag-riti tag-sepolcir tag-tradizioni tag-uovo-benedetto tag-venerdi-santo tag-venerdi-satnto tag-via-crucis category-12 category-19\" data-name=\"Abbadia San Salvatore tra antiche usanze riti religiosi e rievocazioni  Pasquali\" data-date=\"2016-03-22T20:48:32+01:00\">\n\n<div class=\"post-thumbnail-wrap\">\n\t<div class=\"post-thumbnail\">\n\t\t\n\t\t\n\t\t<a href=\"https:\/\/terre-di-toscana.com\/terreditoscana\/abbadia-san-salvatore-si-prepara-alle-celebrazioni-della-pasqua\/\" class=\"post-thumbnail-rollover layzr-bg layzr-bg\" ><img class=\"iso-lazy-load preload-me iso-lazy-load aspect\" src=\"data:image\/svg+xml,%3Csvg%20xmlns%3D&#39;http%3A%2F%2Fwww.w3.org%2F2000%2Fsvg&#39;%20viewBox%3D&#39;0%200%20278%20119&#39;%2F%3E\" data-src=\"https:\/\/terre-di-toscana.com\/terreditoscana\/wp-content\/uploads\/2013\/01\/CCI30012013_00001-278x119.bmp\" data-srcset=\"https:\/\/terre-di-toscana.com\/terreditoscana\/wp-content\/uploads\/2013\/01\/CCI30012013_00001-278x119.bmp 278w\" loading=\"eager\" style=\"--ratio: 278 \/ 119\" sizes=\"(max-width: 278px) 100vw, 278px\" alt=\"\" title=\"CCI30012013_00001\" width=\"278\" height=\"119\"  \/><\/a>\t<\/div>\n<\/div>\n\n\n<div class=\"post-entry-content\">\n\n\t<h3 class=\"entry-title\">\n\t\t<a href=\"https:\/\/terre-di-toscana.com\/terreditoscana\/abbadia-san-salvatore-si-prepara-alle-celebrazioni-della-pasqua\/\" title=\"Abbadia San Salvatore tra antiche usanze riti religiosi e rievocazioni  Pasquali\" rel=\"bookmark\">Abbadia San Salvatore tra antiche usanze riti religiosi e rievocazioni  Pasquali<\/a>\n\t<\/h3>\n\n\t<div class=\"entry-meta\"><a href=\"https:\/\/terre-di-toscana.com\/terreditoscana\/2016\/03\/22\/\" title=\"20:48\" class=\"data-link\" rel=\"bookmark\"><time class=\"entry-date updated\" datetime=\"2016-03-22T20:48:32+01:00\">22 Marzo 2016<\/time><\/a><\/div>\n\t<div class=\"entry-excerpt\"><p>LA BENEDIZIONE DELLE CASE \u00a0 \u00a0 \u00a0 \u00a0 \u00a0 \u00a0\u00a0 La Pasqua sull\u2019Amiata, come in molti paesi della Toscana, ha moltissimi riti locali, \u00a0piccole usanze \u00a0che annunciano l\u2019arrivo della primavera e con questa le Festivit\u00e0 Pasquali. Una usanza dei tempi passati era l\u2019arrivo degli spazzacamini, che con i loro attrezzi (corde, mazzi di pungitopo), si&hellip;<\/p>\n<\/div>\n\t\n<a href=\"https:\/\/terre-di-toscana.com\/terreditoscana\/abbadia-san-salvatore-si-prepara-alle-celebrazioni-della-pasqua\/\" class=\"dt-btn-s dt-btn post-details details-type-btn\" aria-label=\"Read more about Abbadia San Salvatore tra antiche usanze riti religiosi e rievocazioni  Pasquali\">Vai all'articolo<i class=\"dt-icon-the7-arrow-03\" aria-hidden=\"true\"><\/i><\/a>\n\n<\/div><\/article><\/div><div class=\"hidden wf-cell iso-item\" data-post-id=\"4151\" data-date=\"2016-03-18T18:08:18+01:00\" data-name=\"Educational Sport Aprile 2016\"><article class=\"post project-odd visible no-img post-4151 type-post status-publish format-standard hentry category-notizie tag-abbadia-san-salvatore tag-amiata tag-aprile tag-atletica tag-basket tag-calcio tag-educational tag-ginnastica-artstica tag-nuoto tag-scherma tag-sport tag-volley category-19\" data-name=\"Educational Sport Aprile 2016\" data-date=\"2016-03-18T18:08:18+01:00\">\n\n<div class=\"post-entry-content\">\n\n\t<h3 class=\"entry-title\">\n\t\t<a href=\"https:\/\/terre-di-toscana.com\/terreditoscana\/educational-sport-aprile-2016\/\" title=\"Educational Sport Aprile 2016\" rel=\"bookmark\">Educational Sport Aprile 2016<\/a>\n\t<\/h3>\n\n\t<div class=\"entry-meta\"><a href=\"https:\/\/terre-di-toscana.com\/terreditoscana\/2016\/03\/18\/\" title=\"18:08\" class=\"data-link\" rel=\"bookmark\"><time class=\"entry-date updated\" datetime=\"2016-03-18T18:08:18+01:00\">18 Marzo 2016<\/time><\/a><\/div>\n\t<div class=\"entry-excerpt\"><p>EDUCATIONAL SPORT \u00a0AMIATA Nei primi tre week end di Aprile ti ospitiamo per costruire il turo ritiro sportivo Se sei interessato contattaci subito tel. 0577 778324 Programma Educational Sabato ore 12.00 check in in Hotel ore 13.00 pranzo in Hotel ore 14.00 presentazione e briefing dell&#8217;educational ore 15.00 Visita all&#8217;Abbazia di San Salvatore, al Centro&hellip;<\/p>\n<\/div>\n\t\n<a href=\"https:\/\/terre-di-toscana.com\/terreditoscana\/educational-sport-aprile-2016\/\" class=\"dt-btn-s dt-btn post-details details-type-btn\" aria-label=\"Read more about Educational Sport Aprile 2016\">Vai all'articolo<i class=\"dt-icon-the7-arrow-03\" aria-hidden=\"true\"><\/i><\/a>\n\n<\/div><\/article><\/div><div class=\"hidden wf-cell iso-item\" data-post-id=\"4146\" data-date=\"2016-03-17T11:55:37+01:00\" data-name=\"QUALCHE CM DI NUOVA NEVE SULLA MONTAGNA\"><article class=\"post project-odd visible no-img post-4146 type-post status-publish format-standard hentry category-notizie category-19\" data-name=\"QUALCHE CM DI NUOVA NEVE SULLA MONTAGNA\" data-date=\"2016-03-17T11:55:37+01:00\">\n\n<div class=\"post-entry-content\">\n\n\t<h3 class=\"entry-title\">\n\t\t<a href=\"https:\/\/terre-di-toscana.com\/terreditoscana\/qualche-cm-di-nuova-neve-sulla-montagna\/\" title=\"QUALCHE CM DI NUOVA NEVE SULLA MONTAGNA\" rel=\"bookmark\">QUALCHE CM DI NUOVA NEVE SULLA MONTAGNA<\/a>\n\t<\/h3>\n\n\t<div class=\"entry-meta\"><a href=\"https:\/\/terre-di-toscana.com\/terreditoscana\/2016\/03\/17\/\" title=\"11:55\" class=\"data-link\" rel=\"bookmark\"><time class=\"entry-date updated\" datetime=\"2016-03-17T11:55:37+01:00\">17 Marzo 2016<\/time><\/a><\/div>\n\t<div class=\"entry-excerpt\"><p>APERTE: 2 SEGGIOVIE ASSOdiFIORI CROCICCHIO E JOLLY Marted\u00ec e Gioved\u00ec SKIPASS AMIATA a 14 Euro!! \u00a017\/03\/2016 &#8211; ore 8:00\u00a0Clima da pieno inverno sulla montagna amiatina, che, con la nevicata breve ma intensa di ieri pomeriggio (circa 5cm di neve), vede nuovamente imbiancati gli alberi ed il paesaggio. Sono aperte le Seggiovie Cantore e Macinaie e&hellip;<\/p>\n<\/div>\n\t\n<a href=\"https:\/\/terre-di-toscana.com\/terreditoscana\/qualche-cm-di-nuova-neve-sulla-montagna\/\" class=\"dt-btn-s dt-btn post-details details-type-btn\" aria-label=\"Read more about QUALCHE CM DI NUOVA NEVE SULLA MONTAGNA\">Vai all'articolo<i class=\"dt-icon-the7-arrow-03\" aria-hidden=\"true\"><\/i><\/a>\n\n<\/div><\/article><\/div><div class=\"hidden wf-cell iso-item\" data-post-id=\"4125\" data-date=\"2016-03-16T10:01:35+01:00\" data-name=\"CONTINUA APERTURA INFRASETTIMANALE DELLA STAZIONE\"><article class=\"post project-odd visible no-img post-4125 type-post status-publish format-standard hentry category-notizie category-19\" data-name=\"CONTINUA APERTURA INFRASETTIMANALE DELLA STAZIONE\" data-date=\"2016-03-16T10:01:35+01:00\">\n\n<div class=\"post-entry-content\">\n\n\t<h3 class=\"entry-title\">\n\t\t<a href=\"https:\/\/terre-di-toscana.com\/terreditoscana\/continua-apertura-infrasettimanale-della-stazione\/\" title=\"CONTINUA APERTURA INFRASETTIMANALE DELLA STAZIONE\" rel=\"bookmark\">CONTINUA APERTURA INFRASETTIMANALE DELLA STAZIONE<\/a>\n\t<\/h3>\n\n\t<div class=\"entry-meta\"><a href=\"https:\/\/terre-di-toscana.com\/terreditoscana\/2016\/03\/16\/\" title=\"10:01\" class=\"data-link\" rel=\"bookmark\"><time class=\"entry-date updated\" datetime=\"2016-03-16T10:01:35+01:00\">16 Marzo 2016<\/time><\/a><\/div>\n\t<div class=\"entry-excerpt\"><p>C APERTE: 2 SEGGIOVIE ASSOdiFIORI CROCICCHIO E JOLLY Marted\u00ec e Gioved\u00ec SKIPASS AMIATA a 14 Euro!! \u00a015\/03\/2016 &#8211; ore 20:00\u00a0Per domani si replica con le stesse aperture della giornata odierna, una giornata splendida per chi ne ha potuto approfittare&#8230; un bel sole e bella neve. Per domani il meteo prevede anche nuova neve, ricordiamo quindi&hellip;<\/p>\n<\/div>\n\t\n<a href=\"https:\/\/terre-di-toscana.com\/terreditoscana\/continua-apertura-infrasettimanale-della-stazione\/\" class=\"dt-btn-s dt-btn post-details details-type-btn\" aria-label=\"Read more about CONTINUA APERTURA INFRASETTIMANALE DELLA STAZIONE\">Vai all'articolo<i class=\"dt-icon-the7-arrow-03\" aria-hidden=\"true\"><\/i><\/a>\n\n<\/div><\/article><\/div><div class=\"hidden wf-cell iso-item\" data-post-id=\"4082\" data-date=\"2016-03-14T15:43:50+01:00\" data-name=\"Stazione sciistica aperta anche nei giorni infrasettimanali\"><article class=\"post project-odd visible post-4082 type-post status-publish format-standard has-post-thumbnail hentry category-notizie category-19\" data-name=\"Stazione sciistica aperta anche nei giorni infrasettimanali\" data-date=\"2016-03-14T15:43:50+01:00\">\n\n<div class=\"post-thumbnail-wrap\">\n\t<div class=\"post-thumbnail\">\n\t\t\n\t\t\n\t\t<a href=\"https:\/\/terre-di-toscana.com\/terreditoscana\/neve-sul-monte-amiata\/\" class=\"post-thumbnail-rollover layzr-bg layzr-bg\" ><img class=\"iso-lazy-load preload-me iso-lazy-load aspect\" src=\"data:image\/svg+xml,%3Csvg%20xmlns%3D&#39;http%3A%2F%2Fwww.w3.org%2F2000%2Fsvg&#39;%20viewBox%3D&#39;0%200%20600%20256&#39;%2F%3E\" data-src=\"https:\/\/terre-di-toscana.com\/terreditoscana\/wp-content\/uploads\/2016\/03\/foteo-neve-600x256.jpg\" data-srcset=\"https:\/\/terre-di-toscana.com\/terreditoscana\/wp-content\/uploads\/2016\/03\/foteo-neve-600x256.jpg 600w\" loading=\"eager\" style=\"--ratio: 600 \/ 256\" sizes=\"(max-width: 600px) 100vw, 600px\" alt=\"\" title=\"foteo neve\" width=\"600\" height=\"256\"  \/><\/a>\t<\/div>\n<\/div>\n\n\n<div class=\"post-entry-content\">\n\n\t<h3 class=\"entry-title\">\n\t\t<a href=\"https:\/\/terre-di-toscana.com\/terreditoscana\/neve-sul-monte-amiata\/\" title=\"Stazione sciistica aperta anche nei giorni infrasettimanali\" rel=\"bookmark\">Stazione sciistica aperta anche nei giorni infrasettimanali<\/a>\n\t<\/h3>\n\n\t<div class=\"entry-meta\"><a href=\"https:\/\/terre-di-toscana.com\/terreditoscana\/2016\/03\/14\/\" title=\"15:43\" class=\"data-link\" rel=\"bookmark\"><time class=\"entry-date updated\" datetime=\"2016-03-14T15:43:50+01:00\">14 Marzo 2016<\/time><\/a><\/div>\n\t<div class=\"entry-excerpt\"><p>CONTINUA APERTURA INFRASETTIMANALE DELLA STAZIONE CON LE 2 SEGGIOVIE + SCIOVIE CROCICCHIO E JOLLY \u00a0aperte le Seggiovie + Crocicchio e Jolly Si conclude una Domenica con i fiocchi per il Monte Amiata. Finalmente un week-end con tanta gente ed oggi anche una neve dura in pista che ha permesso sciate divertenti a tutti coloro che&hellip;<\/p>\n<\/div>\n\t\n<a href=\"https:\/\/terre-di-toscana.com\/terreditoscana\/neve-sul-monte-amiata\/\" class=\"dt-btn-s dt-btn post-details details-type-btn\" aria-label=\"Read more about Stazione sciistica aperta anche nei giorni infrasettimanali\">Vai all'articolo<i class=\"dt-icon-the7-arrow-03\" aria-hidden=\"true\"><\/i><\/a>\n\n<\/div><\/article><\/div><div class=\"hidden wf-cell iso-item\" data-post-id=\"4053\" data-date=\"2016-03-14T11:11:58+01:00\" data-name=\"Domenica 20 Marzo CIASPOLATA SUL MONTE AMIATA\"><article class=\"post project-odd visible post-4053 type-post status-publish format-standard has-post-thumbnail hentry category-escursioni category-notizie tag-amiata tag-boschi-innevati tag-ciaspolata tag-escursione tag-faggeta tag-monte-amiata tag-neve tag-toscana tag-trekking category-11 category-19\" data-name=\"Domenica 20 Marzo CIASPOLATA SUL MONTE AMIATA\" data-date=\"2016-03-14T11:11:58+01:00\">\n\n<div class=\"post-thumbnail-wrap\">\n\t<div class=\"post-thumbnail\">\n\t\t\n\t\t\n\t\t<a href=\"https:\/\/terre-di-toscana.com\/terreditoscana\/domenica-13-marzo-ciaspolata-sul-monte-amiata\/\" class=\"post-thumbnail-rollover layzr-bg layzr-bg\" ><img class=\"iso-lazy-load preload-me iso-lazy-load aspect\" src=\"data:image\/svg+xml,%3Csvg%20xmlns%3D&#39;http%3A%2F%2Fwww.w3.org%2F2000%2Fsvg&#39;%20viewBox%3D&#39;0%200%20150%2064&#39;%2F%3E\" data-src=\"https:\/\/terre-di-toscana.com\/terreditoscana\/wp-content\/uploads\/2013\/12\/ciaspolata-150x64.jpg\" data-srcset=\"https:\/\/terre-di-toscana.com\/terreditoscana\/wp-content\/uploads\/2013\/12\/ciaspolata-150x64.jpg 150w\" loading=\"eager\" style=\"--ratio: 150 \/ 64\" sizes=\"(max-width: 150px) 100vw, 150px\" alt=\"\" title=\"ciaspolata\" width=\"150\" height=\"64\"  \/><\/a>\t<\/div>\n<\/div>\n\n\n<div class=\"post-entry-content\">\n\n\t<h3 class=\"entry-title\">\n\t\t<a href=\"https:\/\/terre-di-toscana.com\/terreditoscana\/domenica-13-marzo-ciaspolata-sul-monte-amiata\/\" title=\"Domenica 20 Marzo CIASPOLATA SUL MONTE AMIATA\" rel=\"bookmark\">Domenica 20 Marzo CIASPOLATA SUL MONTE AMIATA<\/a>\n\t<\/h3>\n\n\t<div class=\"entry-meta\"><a href=\"https:\/\/terre-di-toscana.com\/terreditoscana\/2016\/03\/14\/\" title=\"11:11\" class=\"data-link\" rel=\"bookmark\"><time class=\"entry-date updated\" datetime=\"2016-03-14T11:11:58+01:00\">14 Marzo 2016<\/time><\/a><\/div>\n\t<div class=\"entry-excerpt\"><p>\u00a0 \u00a0 \u00a0 \u00a0 \u00a0 \u00a0 \u00a0 \u00a0 \u00a0 \u00a0 \u00a0 \u00a0 \u00a0 \u00a0 \u00a0 \u00a0 \u00a0 \u00a0 \u00a0 \u00a0 \u00a0 Per trascorrere una domenica sulla neve scegli il Monte Amiata! &nbsp; Ore 10.00:\u00a0escursione con le ciaspole\u00a0 attraverso i sentieri amiatini. Durata: 2 ore circa . Abbigliamento consigliato (scarponcini da trekking (no doposci), abbigliamento impermeabile,&hellip;<\/p>\n<\/div>\n\t\n<a href=\"https:\/\/terre-di-toscana.com\/terreditoscana\/domenica-13-marzo-ciaspolata-sul-monte-amiata\/\" class=\"dt-btn-s dt-btn post-details details-type-btn\" aria-label=\"Read more about Domenica 20 Marzo CIASPOLATA SUL MONTE AMIATA\">Vai all'articolo<i class=\"dt-icon-the7-arrow-03\" aria-hidden=\"true\"><\/i><\/a>\n\n<\/div><\/article><\/div><div class=\"hidden wf-cell iso-item\" data-post-id=\"4050\" data-date=\"2016-03-09T10:50:32+01:00\" data-name=\"Continua a nevicare sul Monte Amiata\"><article class=\"post project-odd visible post-4050 type-post status-publish format-standard has-post-thumbnail hentry category-attivita category-notizie tag-abbadia-san-salvatore tag-amiata tag-ciaspolate tag-ciaspole tag-impianti-di-risalita tag-neve tag-sci tag-sci-nordico tag-ski-pass category-5 category-19\" data-name=\"Continua a nevicare sul Monte Amiata\" data-date=\"2016-03-09T10:50:32+01:00\">\n\n<div class=\"post-thumbnail-wrap\">\n\t<div class=\"post-thumbnail\">\n\t\t\n\t\t\n\t\t<a href=\"https:\/\/terre-di-toscana.com\/terreditoscana\/continua-a-nevicare-sul-monte-amiata\/\" class=\"post-thumbnail-rollover layzr-bg layzr-bg\" ><img class=\"iso-lazy-load preload-me iso-lazy-load aspect\" src=\"data:image\/svg+xml,%3Csvg%20xmlns%3D&#39;http%3A%2F%2Fwww.w3.org%2F2000%2Fsvg&#39;%20viewBox%3D&#39;0%200%20990%20424&#39;%2F%3E\" data-src=\"https:\/\/terre-di-toscana.com\/terreditoscana\/wp-content\/uploads\/2011\/07\/cesare-moroni-4-990x424.jpg\" data-srcset=\"https:\/\/terre-di-toscana.com\/terreditoscana\/wp-content\/uploads\/2011\/07\/cesare-moroni-4-990x424.jpg 990w, https:\/\/terre-di-toscana.com\/terreditoscana\/wp-content\/uploads\/2011\/07\/cesare-moroni-4-1485x636.jpg 1485w\" loading=\"eager\" style=\"--ratio: 990 \/ 424\" sizes=\"(max-width: 990px) 100vw, 990px\" alt=\"\" title=\"\u00a9cesare moroni 4\" width=\"990\" height=\"424\"  \/><\/a>\t<\/div>\n<\/div>\n\n\n<div class=\"post-entry-content\">\n\n\t<h3 class=\"entry-title\">\n\t\t<a href=\"https:\/\/terre-di-toscana.com\/terreditoscana\/continua-a-nevicare-sul-monte-amiata\/\" title=\"Continua a nevicare sul Monte Amiata\" rel=\"bookmark\">Continua a nevicare sul Monte Amiata<\/a>\n\t<\/h3>\n\n\t<div class=\"entry-meta\"><a href=\"https:\/\/terre-di-toscana.com\/terreditoscana\/2016\/03\/09\/\" title=\"10:50\" class=\"data-link\" rel=\"bookmark\"><time class=\"entry-date updated\" datetime=\"2016-03-09T10:50:32+01:00\">9 Marzo 2016<\/time><\/a><\/div>\n\t<div class=\"entry-excerpt\"><p>20\/25cm DI NEVE NELLA NOTTE APERTE LE SEGGIOVIE E LE SCIOVIE JOLLY E CROCICCHIO Neve fino ai paesi a valle&#8230; 09\/03\/2016 &#8211;ore 7:45\u00a0Neve nella notte fino ai paesi a valle, dai pochi cm in paese ad Abbadia San Salvatore, fino alla ventina ai rifugi ed ai 20\/25 in Vetta Amiata, da sommare ai cm caduti&hellip;<\/p>\n<\/div>\n\t\n<a href=\"https:\/\/terre-di-toscana.com\/terreditoscana\/continua-a-nevicare-sul-monte-amiata\/\" class=\"dt-btn-s dt-btn post-details details-type-btn\" aria-label=\"Read more about Continua a nevicare sul Monte Amiata\">Vai all'articolo<i class=\"dt-icon-the7-arrow-03\" aria-hidden=\"true\"><\/i><\/a>\n\n<\/div><\/article><\/div><div class=\"hidden wf-cell iso-item\" data-post-id=\"4036\" data-date=\"2016-02-27T12:36:55+01:00\" data-name=\"Pasqua 2016 al Parco Museo Minerario di Abbadia San Salvatore con i Campus\"><article class=\"post project-odd visible post-4036 type-post status-publish format-standard has-post-thumbnail hentry category-campus-ragazzi category-eventi category-notizie category-parco-minerario tag-abbadia-san-salvatore tag-bambini tag-campus tag-cinabro tag-escursioni tag-giochi tag-laboratori tag-minatori tag-minerali tag-miniera tag-monte-amiata tag-museo-minerario tag-pasqua tag-toscana tag-trenino category-52 category-12 category-19 category-21\" data-name=\"Pasqua 2016 al Parco Museo Minerario di Abbadia San Salvatore con i Campus\" data-date=\"2016-02-27T12:36:55+01:00\">\n\n<div class=\"post-thumbnail-wrap\">\n\t<div class=\"post-thumbnail\">\n\t\t\n\t\t\n\t\t<a href=\"https:\/\/terre-di-toscana.com\/terreditoscana\/pasqua-al-parco-museo-minerario-di-abbadia-san-salvatore-con-i-campus\/\" class=\"post-thumbnail-rollover layzr-bg layzr-bg\" ><img class=\"iso-lazy-load preload-me iso-lazy-load aspect\" src=\"data:image\/svg+xml,%3Csvg%20xmlns%3D&#39;http%3A%2F%2Fwww.w3.org%2F2000%2Fsvg&#39;%20viewBox%3D&#39;0%200%20990%20424&#39;%2F%3E\" data-src=\"https:\/\/terre-di-toscana.com\/terreditoscana\/wp-content\/uploads\/2016\/02\/IMG_0125-990x424.jpg\" data-srcset=\"https:\/\/terre-di-toscana.com\/terreditoscana\/wp-content\/uploads\/2016\/02\/IMG_0125-990x424.jpg 990w, https:\/\/terre-di-toscana.com\/terreditoscana\/wp-content\/uploads\/2016\/02\/IMG_0125-1485x636.jpg 1485w\" loading=\"eager\" style=\"--ratio: 990 \/ 424\" sizes=\"(max-width: 990px) 100vw, 990px\" alt=\"\" title=\"Campus Pasqua al Museo\" width=\"990\" height=\"424\"  \/><\/a>\t<\/div>\n<\/div>\n\n\n<div class=\"post-entry-content\">\n\n\t<h3 class=\"entry-title\">\n\t\t<a href=\"https:\/\/terre-di-toscana.com\/terreditoscana\/pasqua-al-parco-museo-minerario-di-abbadia-san-salvatore-con-i-campus\/\" title=\"Pasqua 2016 al Parco Museo Minerario di Abbadia San Salvatore con i Campus\" rel=\"bookmark\">Pasqua 2016 al Parco Museo Minerario di Abbadia San Salvatore con i Campus<\/a>\n\t<\/h3>\n\n\t<div class=\"entry-meta\"><a href=\"https:\/\/terre-di-toscana.com\/terreditoscana\/2016\/02\/27\/\" title=\"12:36\" class=\"data-link\" rel=\"bookmark\"><time class=\"entry-date updated\" datetime=\"2016-02-27T12:36:55+01:00\">27 Febbraio 2016<\/time><\/a><\/div>\n\t<div class=\"entry-excerpt\"><p>Pasqua al Museo con i campus \u00a0 &#8220;Esploratori di Miniere!&#8221; 26-27-28 Marzo 2016 \u00a0\u00a0Ore 9.00\/13.00 e ore 15.00\/18.00 Per ragazze e ragazzi dagli 8 gli 10 anni Durante le vacanze di Pasqua\u00a0 3\u00a0 giorni\u00a0 dedicati alla natura, alle scienze e alla tradizione mineraria. \u00a0 PROGRAMMA\u00a0 Sabato 26 Marzo\u00a0 \u201cUn giorno da Geologi\u201d Ore 10.00 Incontro&hellip;<\/p>\n<\/div>\n\t\n<a href=\"https:\/\/terre-di-toscana.com\/terreditoscana\/pasqua-al-parco-museo-minerario-di-abbadia-san-salvatore-con-i-campus\/\" class=\"dt-btn-s dt-btn post-details details-type-btn\" aria-label=\"Read more about Pasqua 2016 al Parco Museo Minerario di Abbadia San Salvatore con i Campus\">Vai all'articolo<i class=\"dt-icon-the7-arrow-03\" aria-hidden=\"true\"><\/i><\/a>\n\n<\/div><\/article><\/div><div class=\"hidden wf-cell iso-item\" data-post-id=\"2667\" data-date=\"2016-02-27T11:43:33+01:00\" data-name=\"Pasqua sull&#039;Amiata   Le Giudeate\"><article class=\"post project-odd visible post-2667 type-post status-publish format-standard has-post-thumbnail hentry category-eventi category-notizie tag-abbadia-san-salvatore tag-amiata tag-comparse-a-cavallo tag-giudeate tag-pasqua tag-processione-venerdi-santocelebrazioni-religiose tag-radicofani tag-toscana tag-val-dorcia category-12 category-19\" data-name=\"Pasqua sull&#8217;Amiata   Le Giudeate\" data-date=\"2016-02-27T11:43:33+01:00\">\n\n<div class=\"post-thumbnail-wrap\">\n\t<div class=\"post-thumbnail\">\n\t\t\n\t\t\n\t\t<a href=\"https:\/\/terre-di-toscana.com\/terreditoscana\/pasqua-sullamiata-le-giudeate\/\" class=\"post-thumbnail-rollover layzr-bg layzr-bg\" ><img class=\"iso-lazy-load preload-me iso-lazy-load aspect\" src=\"data:image\/svg+xml,%3Csvg%20xmlns%3D&#39;http%3A%2F%2Fwww.w3.org%2F2000%2Fsvg&#39;%20viewBox%3D&#39;0%200%20278%20119&#39;%2F%3E\" data-src=\"https:\/\/terre-di-toscana.com\/terreditoscana\/wp-content\/uploads\/2013\/01\/CCI30012013_000012-278x119.bmp\" data-srcset=\"https:\/\/terre-di-toscana.com\/terreditoscana\/wp-content\/uploads\/2013\/01\/CCI30012013_000012-278x119.bmp 278w\" loading=\"eager\" style=\"--ratio: 278 \/ 119\" sizes=\"(max-width: 278px) 100vw, 278px\" alt=\"\" title=\"La Giudeata di Abbadia San Salvatore\" width=\"278\" height=\"119\"  \/><\/a>\t<\/div>\n<\/div>\n\n\n<div class=\"post-entry-content\">\n\n\t<h3 class=\"entry-title\">\n\t\t<a href=\"https:\/\/terre-di-toscana.com\/terreditoscana\/pasqua-sullamiata-le-giudeate\/\" title=\"Pasqua sull&#8217;Amiata   Le Giudeate\" rel=\"bookmark\">Pasqua sull&#8217;Amiata   Le Giudeate<\/a>\n\t<\/h3>\n\n\t<div class=\"entry-meta\"><a href=\"https:\/\/terre-di-toscana.com\/terreditoscana\/2016\/02\/27\/\" title=\"11:43\" class=\"data-link\" rel=\"bookmark\"><time class=\"entry-date updated\" datetime=\"2016-02-27T11:43:33+01:00\">27 Febbraio 2016<\/time><\/a><a href=\"https:\/\/terre-di-toscana.com\/terreditoscana\/pasqua-sullamiata-le-giudeate\/#comments\" class=\"comment-link\" >1 Comment<\/a><\/div>\n\t<div class=\"entry-excerpt\"><p>PASQUA SULL&#8217;AMIATA: LE GIUDEATE \u00c8 tradizione di tutti e quattro i comuni dell\u2019Amiata senese inscenare per il venerd\u00ec santo una giudeata, o processione con il trasporto del Cristo morto. A\u00a0Radicofani, Castiglion d\u2019Orcia, Piancastagnaio e Abbadia San Salvatore\u00a0l&#8217;evento \u00e8 un appuntamento che conserva spesso un sapore mistico di sacra rappresentazione e colpisce per la suggestione della&hellip;<\/p>\n<\/div>\n\t\n<a href=\"https:\/\/terre-di-toscana.com\/terreditoscana\/pasqua-sullamiata-le-giudeate\/\" class=\"dt-btn-s dt-btn post-details details-type-btn\" aria-label=\"Read more about Pasqua sull&#8217;Amiata   Le Giudeate\">Vai all'articolo<i class=\"dt-icon-the7-arrow-03\" aria-hidden=\"true\"><\/i><\/a>\n\n<\/div><\/article><\/div><div class=\"hidden wf-cell iso-item\" data-post-id=\"3942\" data-date=\"2016-02-10T12:53:57+01:00\" data-name=\"San Valentino al Parco Museo Minerario di Abbadia San Salvatore  sul Monte Amiata Sabato 13 Febbraio 2016\"><article class=\"post project-odd visible post-3942 type-post status-publish format-standard has-post-thumbnail hentry category-abbadia-san-salvatore category-attivita category-eventi category-notizie category-parco-minerario category-servizi-turistici tag-abbadia tag-abbadia-san-salvatore tag-amiata tag-cena-romantica tag-ciaspolate tag-innamorati tag-mercurio tag-minatori tag-miniera tag-montagna tag-monte-amiata tag-museo tag-neve tag-ricciolina tag-rifugio tag-san-valentino tag-toscana tag-trenino category-2 category-5 category-12 category-19 category-21 category-30\" data-name=\"San Valentino al Parco Museo Minerario di Abbadia San Salvatore  sul Monte Amiata Sabato 13 Febbraio 2016\" data-date=\"2016-02-10T12:53:57+01:00\">\n\n<div class=\"post-thumbnail-wrap\">\n\t<div class=\"post-thumbnail\">\n\t\t\n\t\t\n\t\t<a href=\"https:\/\/terre-di-toscana.com\/terreditoscana\/novembre-al-parco-museo-minerario-di-abbadia-san-salvatore\/\" class=\"post-thumbnail-rollover layzr-bg layzr-bg\" ><img class=\"iso-lazy-load preload-me iso-lazy-load aspect\" src=\"data:image\/svg+xml,%3Csvg%20xmlns%3D&#39;http%3A%2F%2Fwww.w3.org%2F2000%2Fsvg&#39;%20viewBox%3D&#39;0%200%20990%20424&#39;%2F%3E\" data-src=\"https:\/\/terre-di-toscana.com\/terreditoscana\/wp-content\/uploads\/2016\/01\/Locandina-SV-Abbadia-1-990x424.jpg\" data-srcset=\"https:\/\/terre-di-toscana.com\/terreditoscana\/wp-content\/uploads\/2016\/01\/Locandina-SV-Abbadia-1-990x424.jpg 990w, https:\/\/terre-di-toscana.com\/terreditoscana\/wp-content\/uploads\/2016\/01\/Locandina-SV-Abbadia-1-1485x636.jpg 1485w\" loading=\"eager\" style=\"--ratio: 990 \/ 424\" sizes=\"(max-width: 990px) 100vw, 990px\" alt=\"\" title=\"Locandina SV Abbadia (1)\" width=\"990\" height=\"424\"  \/><\/a>\t<\/div>\n<\/div>\n\n\n<div class=\"post-entry-content\">\n\n\t<h3 class=\"entry-title\">\n\t\t<a href=\"https:\/\/terre-di-toscana.com\/terreditoscana\/novembre-al-parco-museo-minerario-di-abbadia-san-salvatore\/\" title=\"San Valentino al Parco Museo Minerario di Abbadia San Salvatore  sul Monte Amiata Sabato 13 Febbraio 2016\" rel=\"bookmark\">San Valentino al Parco Museo Minerario di Abbadia San Salvatore  sul Monte Amiata Sabato 13 Febbraio 2016<\/a>\n\t<\/h3>\n\n\t<div class=\"entry-meta\"><a href=\"https:\/\/terre-di-toscana.com\/terreditoscana\/2016\/02\/10\/\" title=\"12:53\" class=\"data-link\" rel=\"bookmark\"><time class=\"entry-date updated\" datetime=\"2016-02-10T12:53:57+01:00\">10 Febbraio 2016<\/time><\/a><\/div>\n\t<div class=\"entry-excerpt\"><p>Sabato 13 Febbraio 2016 Ore 16.00 \u00a0in poi \u201cIl Treno dell\u2019Amore\u201d Visita guidata nella miniera di Abbadia San Salvatore\u00a0con il treno dei minatori\u2026..\u00a0 viaggio alla scoperta degli amori e delle\u00a0 amicizie\u00a0 dei minatori, ma anche delle fatiche e del\u00a0 lavoro duro di ogni giorno Ore 17.30 presso il Museo Minerario, degustazione della Ricciolina, il dolce&hellip;<\/p>\n<\/div>\n\t\n<a href=\"https:\/\/terre-di-toscana.com\/terreditoscana\/novembre-al-parco-museo-minerario-di-abbadia-san-salvatore\/\" class=\"dt-btn-s dt-btn post-details details-type-btn\" aria-label=\"Read more about San Valentino al Parco Museo Minerario di Abbadia San Salvatore  sul Monte Amiata Sabato 13 Febbraio 2016\">Vai all'articolo<i class=\"dt-icon-the7-arrow-03\" aria-hidden=\"true\"><\/i><\/a>\n\n<\/div><\/article><\/div><div class=\"hidden wf-cell iso-item\" data-post-id=\"2628\" data-date=\"2016-01-19T17:49:34+01:00\" data-name=\"A San Valentino ciaspolate nei boschi del Monte Amiata, tra leggende e storie d&#039;amore ....terme, buona cucina e magia sull&#039;antico vulcano!\"><article class=\"post project-odd visible no-img post-2628 type-post status-publish format-standard hentry category-eventi category-notizie category-offerte-speciali tag-benessere tag-ciaspolate tag-pranzo-biologico tag-pranzo-romantico tag-san-valentino tag-terme category-12 category-19 category-61\" data-name=\"A San Valentino ciaspolate nei boschi del Monte Amiata, tra leggende e storie d&#8217;amore &#8230;.terme, buona cucina e magia sull&#8217;antico vulcano!\" data-date=\"2016-01-19T17:49:34+01:00\">\n\n<div class=\"post-entry-content\">\n\n\t<h3 class=\"entry-title\">\n\t\t<a href=\"https:\/\/terre-di-toscana.com\/terreditoscana\/a-san-valentino-ciaspolate-nei-boschi-dellamiata-tra-leggende-e-storie-damore-terme-buona-cucina-e-magia-sullantico-vulcano\/\" title=\"A San Valentino ciaspolate nei boschi del Monte Amiata, tra leggende e storie d&#8217;amore &#8230;.terme, buona cucina e magia sull&#8217;antico vulcano!\" rel=\"bookmark\">A San Valentino ciaspolate nei boschi del Monte Amiata, tra leggende e storie d&#8217;amore &#8230;.terme, buona cucina e magia sull&#8217;antico vulcano!<\/a>\n\t<\/h3>\n\n\t<div class=\"entry-meta\"><a href=\"https:\/\/terre-di-toscana.com\/terreditoscana\/2016\/01\/19\/\" title=\"17:49\" class=\"data-link\" rel=\"bookmark\"><time class=\"entry-date updated\" datetime=\"2016-01-19T17:49:34+01:00\">19 Gennaio 2016<\/time><\/a><\/div>\n\t<div class=\"entry-excerpt\"><p>SPECIALE SAN VALENTINO 2016 \u00a0\u00a0ad Abbadia San Salvatore sul Monte Amiata Cuore+Neve+Benessere= AMIATA Amiata, terra di passione e di leggende: inizia proprio da qui il viaggio fra le tante e romantiche storie d\u2019amore che da sempre si raccontano in questi boschi. &nbsp; &nbsp; Proposta di Viaggio Venerd\u00ec \u00a0 \u00a012 Febbraio Ore 20.30\u00a0 Serata al Centro&hellip;<\/p>\n<\/div>\n\t\n<a href=\"https:\/\/terre-di-toscana.com\/terreditoscana\/a-san-valentino-ciaspolate-nei-boschi-dellamiata-tra-leggende-e-storie-damore-terme-buona-cucina-e-magia-sullantico-vulcano\/\" class=\"dt-btn-s dt-btn post-details details-type-btn\" aria-label=\"Read more about A San Valentino ciaspolate nei boschi del Monte Amiata, tra leggende e storie d&#8217;amore &#8230;.terme, buona cucina e magia sull&#8217;antico vulcano!\">Vai all'articolo<i class=\"dt-icon-the7-arrow-03\" aria-hidden=\"true\"><\/i><\/a>\n\n<\/div><\/article><\/div><div class=\"hidden wf-cell iso-item\" data-post-id=\"3995\" data-date=\"2015-12-20T12:11:30+01:00\" data-name=\"Animazione per bambini - Domenica 20 e Domenica 27 Dicembre\"><article class=\"post project-odd visible no-img post-3995 type-post status-publish format-standard hentry category-abbadia-san-salvatore category-attivita category-eventi category-notizie category-parco-minerario tag-abbadia tag-abbadia-san-salvatore tag-amiata tag-animazione tag-eventi tag-miniera tag-montagna tag-monte-amiata tag-museo tag-natale tag-toscana category-2 category-5 category-12 category-19 category-21\" data-name=\"Animazione per bambini &#8211; Domenica 20 e Domenica 27 Dicembre\" data-date=\"2015-12-20T12:11:30+01:00\">\n\n<div class=\"post-entry-content\">\n\n\t<h3 class=\"entry-title\">\n\t\t<a href=\"https:\/\/terre-di-toscana.com\/terreditoscana\/animazione-per-bambini-domenica-20-e-domenica-27-dicembre\/\" title=\"Animazione per bambini &#8211; Domenica 20 e Domenica 27 Dicembre\" rel=\"bookmark\">Animazione per bambini &#8211; Domenica 20 e Domenica 27 Dicembre<\/a>\n\t<\/h3>\n\n\t<div class=\"entry-meta\"><a href=\"https:\/\/terre-di-toscana.com\/terreditoscana\/2015\/12\/20\/\" title=\"12:11\" class=\"data-link\" rel=\"bookmark\"><time class=\"entry-date updated\" datetime=\"2015-12-20T12:11:30+01:00\">20 Dicembre 2015<\/time><\/a><\/div>\n\t<div class=\"entry-excerpt\"><p>Babbo Natale ed i 7 Nani Vi aspettiamo nella miniera di Abbadia San Salvatore per incontrare i 7 nani, babbo Natale ed assistere allo spettacolo &#8220;La Grande Idea di Babbo Natale&#8221;. Animazione per bambini Dalle ore 15.00 in poi i bambini potranno consegnare la loro letterina all&#8217;Ufficio Postale di Babbo Natale ed entrare in Miniera&hellip;<\/p>\n<\/div>\n\t\n<a href=\"https:\/\/terre-di-toscana.com\/terreditoscana\/animazione-per-bambini-domenica-20-e-domenica-27-dicembre\/\" class=\"dt-btn-s dt-btn post-details details-type-btn\" aria-label=\"Read more about Animazione per bambini &#8211; Domenica 20 e Domenica 27 Dicembre\">Vai all'articolo<i class=\"dt-icon-the7-arrow-03\" aria-hidden=\"true\"><\/i><\/a>\n\n<\/div><\/article><\/div><div class=\"hidden wf-cell iso-item\" data-post-id=\"3985\" data-date=\"2015-12-13T12:38:11+01:00\" data-name=\"Natale 2015 Al Parco Museo Minerario di Abbadia San Salvatore\"><article class=\"post project-odd visible post-3985 type-post status-publish format-standard has-post-thumbnail hentry category-abbadia-san-salvatore category-abbazie-rocche-e-borghi category-amiata-a-piedi category-attivita category-escursioni category-eventi category-itinerari category-notizie category-offerte-turistiche category-parco-minerario category-servizi-turistici category-speciale-natale-capodanno-epifania category-trekking-2 category-vacanze-bicicletta category-vacanze-natura-cultura category-vacanze-neve category-vacanze-trekking tag-abbadia tag-abbadia-san-salvatore tag-amiata tag-animazione tag-ciaspolate tag-ciaspole tag-cultura tag-enogastronomia tag-escursioni tag-eventi tag-inverno tag-mercurio tag-minatori tag-miniera tag-montagna tag-monte-amiata tag-mountain-bike tag-museo tag-natale tag-natura tag-neve tag-noleggio tag-racchette tag-sentieri tag-sentiero tag-toscana tag-trekking tag-trenino category-2 category-3 category-48 category-5 category-11 category-12 category-15 category-19 category-20 category-21 category-30 category-35 category-37 category-38 category-39 category-41 category-43\" data-name=\"Natale 2015 Al Parco Museo Minerario di Abbadia San Salvatore\" data-date=\"2015-12-13T12:38:11+01:00\">\n\n<div class=\"post-thumbnail-wrap\">\n\t<div class=\"post-thumbnail\">\n\t\t\n\t\t\n\t\t<a href=\"https:\/\/terre-di-toscana.com\/terreditoscana\/natale-2015-al-parco-museo-minerario-di-abbadia-san-salvatore\/\" class=\"post-thumbnail-rollover layzr-bg layzr-bg\" ><img class=\"iso-lazy-load preload-me iso-lazy-load aspect\" src=\"data:image\/svg+xml,%3Csvg%20xmlns%3D&#39;http%3A%2F%2Fwww.w3.org%2F2000%2Fsvg&#39;%20viewBox%3D&#39;0%200%20990%20424&#39;%2F%3E\" data-src=\"https:\/\/terre-di-toscana.com\/terreditoscana\/wp-content\/uploads\/2015\/12\/santa_in_the_workshop_elves_christmas_toys_hd-wallpaper-1871420-990x424.jpg\" data-srcset=\"https:\/\/terre-di-toscana.com\/terreditoscana\/wp-content\/uploads\/2015\/12\/santa_in_the_workshop_elves_christmas_toys_hd-wallpaper-1871420-990x424.jpg 990w, https:\/\/terre-di-toscana.com\/terreditoscana\/wp-content\/uploads\/2015\/12\/santa_in_the_workshop_elves_christmas_toys_hd-wallpaper-1871420-1442x617.jpg 1442w\" loading=\"eager\" style=\"--ratio: 990 \/ 424\" sizes=\"(max-width: 990px) 100vw, 990px\" alt=\"\" title=\"santa_in_the_workshop_elves_christmas_toys_hd-wallpaper-1871420\" width=\"990\" height=\"424\"  \/><\/a>\t<\/div>\n<\/div>\n\n\n<div class=\"post-entry-content\">\n\n\t<h3 class=\"entry-title\">\n\t\t<a href=\"https:\/\/terre-di-toscana.com\/terreditoscana\/natale-2015-al-parco-museo-minerario-di-abbadia-san-salvatore\/\" title=\"Natale 2015 Al Parco Museo Minerario di Abbadia San Salvatore\" rel=\"bookmark\">Natale 2015 Al Parco Museo Minerario di Abbadia San Salvatore<\/a>\n\t<\/h3>\n\n\t<div class=\"entry-meta\"><a href=\"https:\/\/terre-di-toscana.com\/terreditoscana\/2015\/12\/13\/\" title=\"12:38\" class=\"data-link\" rel=\"bookmark\"><time class=\"entry-date updated\" datetime=\"2015-12-13T12:38:11+01:00\">13 Dicembre 2015<\/time><\/a><\/div>\n\t<div class=\"entry-excerpt\"><p>&nbsp; &nbsp; &nbsp; &nbsp; &nbsp; &nbsp; &nbsp; &nbsp; &nbsp; &nbsp; &nbsp; &nbsp; &nbsp; &nbsp; &nbsp; Animazioni 20 Dicembre, 27 Dicembre Babbo Natale e gli Elfi sono arrivati nella miniera di Abbadia San Salvatore Dalle ore 15 in poi ingresso alla Miniera, dove i bambini potranno entrare in miniera con il trenino minerario per incontrare i&hellip;<\/p>\n<\/div>\n\t\n<a href=\"https:\/\/terre-di-toscana.com\/terreditoscana\/natale-2015-al-parco-museo-minerario-di-abbadia-san-salvatore\/\" class=\"dt-btn-s dt-btn post-details details-type-btn\" aria-label=\"Read more about Natale 2015 Al Parco Museo Minerario di Abbadia San Salvatore\">Vai all'articolo<i class=\"dt-icon-the7-arrow-03\" aria-hidden=\"true\"><\/i><\/a>\n\n<\/div><\/article><\/div><div class=\"hidden wf-cell iso-item\" data-post-id=\"3981\" data-date=\"2015-12-13T11:48:51+01:00\" data-name=\"Dicembre al Parco Museo Minerario di Abbadia San Salvatore\"><article class=\"post project-odd visible no-img post-3981 type-post status-publish format-standard hentry category-abbadia-san-salvatore category-attivita category-notizie category-parco-minerario category-servizi-turistici tag-abbadia tag-abbadia-san-salvatore tag-amiata tag-minatori tag-miniera tag-montagna tag-monte-amiata tag-museo tag-toscana tag-trenino category-2 category-5 category-19 category-21 category-30\" data-name=\"Dicembre al Parco Museo Minerario di Abbadia San Salvatore\" data-date=\"2015-12-13T11:48:51+01:00\">\n\n<div class=\"post-entry-content\">\n\n\t<h3 class=\"entry-title\">\n\t\t<a href=\"https:\/\/terre-di-toscana.com\/terreditoscana\/dicembre-al-parco-museo-minerario-di-abbadia-san-salvatore\/\" title=\"Dicembre al Parco Museo Minerario di Abbadia San Salvatore\" rel=\"bookmark\">Dicembre al Parco Museo Minerario di Abbadia San Salvatore<\/a>\n\t<\/h3>\n\n\t<div class=\"entry-meta\"><a href=\"https:\/\/terre-di-toscana.com\/terreditoscana\/2015\/12\/13\/\" title=\"11:48\" class=\"data-link\" rel=\"bookmark\"><time class=\"entry-date updated\" datetime=\"2015-12-13T11:48:51+01:00\">13 Dicembre 2015<\/time><\/a><\/div>\n\t<div class=\"entry-excerpt\"><p>12-13 dicembre, 19-20 dicembre e dal 24 dicembre al 6 Gennaio\u00a0visite guidate al Museo Minerario e alla Galleria livello VII a bordo del\u00a0trenino minerario\u00a0(su prenotazione tel. 0577 778324) Durata\u00a0della visita guidata: \u00a01 ora e mezzo Partenze\u00a0dalle\u00a09.30 alle 12.30 e dalle \u00a015.30 alle 18.30 Costo:\u00a0adulti \u20ac 8,00 &#8211; bambini da 6 a 12 anni \u20ac 6,00&hellip;<\/p>\n<\/div>\n\t\n<a href=\"https:\/\/terre-di-toscana.com\/terreditoscana\/dicembre-al-parco-museo-minerario-di-abbadia-san-salvatore\/\" class=\"dt-btn-s dt-btn post-details details-type-btn\" aria-label=\"Read more about Dicembre al Parco Museo Minerario di Abbadia San Salvatore\">Vai all'articolo<i class=\"dt-icon-the7-arrow-03\" aria-hidden=\"true\"><\/i><\/a>\n\n<\/div><\/article><\/div><div class=\"hidden wf-cell iso-item\" data-post-id=\"3957\" data-date=\"2015-12-12T19:15:46+01:00\" data-name=\"Calendario eventi &quot;Abbadia Citt\u00e0 delle Fiaccole&quot;\"><article class=\"post project-odd visible post-3957 type-post status-publish format-standard has-post-thumbnail hentry category-abbadia-san-salvatore category-attivita category-eventi category-notizie category-parco-minerario tag-abbadia tag-abbadia-san-salvatore tag-amiata tag-capodanno tag-enogastronomia tag-epifania tag-eventi tag-fiaccole tag-fuochi tag-inverno tag-miniera tag-montagna tag-monte-amiata tag-museo tag-neve tag-toscana tag-trenino category-2 category-5 category-12 category-19 category-21\" data-name=\"Calendario eventi &#8220;Abbadia Citt\u00e0 delle Fiaccole&#8221;\" data-date=\"2015-12-12T19:15:46+01:00\">\n\n<div class=\"post-thumbnail-wrap\">\n\t<div class=\"post-thumbnail\">\n\t\t\n\t\t\n\t\t<a href=\"https:\/\/terre-di-toscana.com\/terreditoscana\/calendario-eventi-abbadia-citta-delle-fiaccole\/\" class=\"post-thumbnail-rollover layzr-bg layzr-bg\" ><img class=\"iso-lazy-load preload-me iso-lazy-load aspect\" src=\"data:image\/svg+xml,%3Csvg%20xmlns%3D&#39;http%3A%2F%2Fwww.w3.org%2F2000%2Fsvg&#39;%20viewBox%3D&#39;0%200%20990%20424&#39;%2F%3E\" data-src=\"https:\/\/terre-di-toscana.com\/terreditoscana\/wp-content\/uploads\/2015\/09\/cerimonia-accensione-fiaccole-990x424.jpg\" data-srcset=\"https:\/\/terre-di-toscana.com\/terreditoscana\/wp-content\/uploads\/2015\/09\/cerimonia-accensione-fiaccole-990x424.jpg 990w, https:\/\/terre-di-toscana.com\/terreditoscana\/wp-content\/uploads\/2015\/09\/cerimonia-accensione-fiaccole-1485x636.jpg 1485w\" loading=\"eager\" style=\"--ratio: 990 \/ 424\" sizes=\"(max-width: 990px) 100vw, 990px\" alt=\"\" title=\"cerimonia accensione fiaccole\" width=\"990\" height=\"424\"  \/><\/a>\t<\/div>\n<\/div>\n\n\n<div class=\"post-entry-content\">\n\n\t<h3 class=\"entry-title\">\n\t\t<a href=\"https:\/\/terre-di-toscana.com\/terreditoscana\/calendario-eventi-abbadia-citta-delle-fiaccole\/\" title=\"Calendario eventi &#8220;Abbadia Citt\u00e0 delle Fiaccole&#8221;\" rel=\"bookmark\">Calendario eventi &#8220;Abbadia Citt\u00e0 delle Fiaccole&#8221;<\/a>\n\t<\/h3>\n\n\t<div class=\"entry-meta\"><a href=\"https:\/\/terre-di-toscana.com\/terreditoscana\/2015\/12\/12\/\" title=\"19:15\" class=\"data-link\" rel=\"bookmark\"><time class=\"entry-date updated\" datetime=\"2015-12-12T19:15:46+01:00\">12 Dicembre 2015<\/time><\/a><\/div>\n\t<div class=\"entry-excerpt\"><p>MERCATINI DI NATALE Dal 4 dicembre 2015 al 6 gennaio 2016 i\u00a0Mercatini di Natale in Viale Roma. Prodotti tipici, decorazioni natalizie, hobbistica e molto altro ancora. Dall\u2019inizio del mese di dicembre ad\u00a0Abbadia Citt\u00e0 delle Fiaccole\u00a0si comincer\u00e0 ad entrare nel vivo della festa, con i\u00a0Mercatini di Natale. Ci si potr\u00e0 letteralmente immergere nell\u2019autentico clima natalizio, tra&hellip;<\/p>\n<\/div>\n\t\n<a href=\"https:\/\/terre-di-toscana.com\/terreditoscana\/calendario-eventi-abbadia-citta-delle-fiaccole\/\" class=\"dt-btn-s dt-btn post-details details-type-btn\" aria-label=\"Read more about Calendario eventi &#8220;Abbadia Citt\u00e0 delle Fiaccole&#8221;\">Vai all'articolo<i class=\"dt-icon-the7-arrow-03\" aria-hidden=\"true\"><\/i><\/a>\n\n<\/div><\/article><\/div><div class=\"hidden wf-cell iso-item\" data-post-id=\"3636\" data-date=\"2015-10-21T16:54:29+02:00\" data-name=\"Natale  &quot;Abbadia Citt\u00e0 delle Fiaccole&quot; dal 4 Dicembre 2015 al 6 Gennaio 2016\"><article class=\"post project-odd visible post-3636 type-post status-publish format-standard has-post-thumbnail hentry category-abbadia-san-salvatore category-eventi category-notizie category-sapori category-speciale-natale-capodanno-epifania category-vacanze-famiglie category-vacanze-neve category-vacanze-trekking tag-abbadia tag-abbadia-san-salvatore tag-amiata tag-ciaspolate tag-ciaspole tag-enogastronomia tag-epifania tag-escursioni tag-fiaccole tag-inverno tag-monte-amiata tag-toscana category-2 category-12 category-19 category-27 category-35 category-40 category-41 category-43\" data-name=\"Natale  &#8220;Abbadia Citt\u00e0 delle Fiaccole&#8221; dal 4 Dicembre 2015 al 6 Gennaio 2016\" data-date=\"2015-10-21T16:54:29+02:00\">\n\n<div class=\"post-thumbnail-wrap\">\n\t<div class=\"post-thumbnail\">\n\t\t\n\t\t\n\t\t<a href=\"https:\/\/terre-di-toscana.com\/terreditoscana\/natale-ad-abbadia-dicembre-2015\/\" class=\"post-thumbnail-rollover layzr-bg layzr-bg\" ><img class=\"iso-lazy-load preload-me iso-lazy-load aspect\" src=\"data:image\/svg+xml,%3Csvg%20xmlns%3D&#39;http%3A%2F%2Fwww.w3.org%2F2000%2Fsvg&#39;%20viewBox%3D&#39;0%200%20990%20424&#39;%2F%3E\" data-src=\"https:\/\/terre-di-toscana.com\/terreditoscana\/wp-content\/uploads\/2015\/08\/DSC0096-990x424.jpg\" data-srcset=\"https:\/\/terre-di-toscana.com\/terreditoscana\/wp-content\/uploads\/2015\/08\/DSC0096-990x424.jpg 990w, https:\/\/terre-di-toscana.com\/terreditoscana\/wp-content\/uploads\/2015\/08\/DSC0096-1485x636.jpg 1485w\" loading=\"eager\" style=\"--ratio: 990 \/ 424\" sizes=\"(max-width: 990px) 100vw, 990px\" alt=\"\" title=\"_DSC0096\" width=\"990\" height=\"424\"  \/><\/a>\t<\/div>\n<\/div>\n\n\n<div class=\"post-entry-content\">\n\n\t<h3 class=\"entry-title\">\n\t\t<a href=\"https:\/\/terre-di-toscana.com\/terreditoscana\/natale-ad-abbadia-dicembre-2015\/\" title=\"Natale  &#8220;Abbadia Citt\u00e0 delle Fiaccole&#8221; dal 4 Dicembre 2015 al 6 Gennaio 2016\" rel=\"bookmark\">Natale  &#8220;Abbadia Citt\u00e0 delle Fiaccole&#8221; dal 4 Dicembre 2015 al 6 Gennaio 2016<\/a>\n\t<\/h3>\n\n\t<div class=\"entry-meta\"><a href=\"https:\/\/terre-di-toscana.com\/terreditoscana\/2015\/10\/21\/\" title=\"16:54\" class=\"data-link\" rel=\"bookmark\"><time class=\"entry-date updated\" datetime=\"2015-10-21T16:54:29+02:00\">21 Ottobre 2015<\/time><\/a><\/div>\n\t<div class=\"entry-excerpt\"><p>Programma Eventi ed Attivit\u00e0 Dicembre 2015<\/p>\n<\/div>\n\t\n<a href=\"https:\/\/terre-di-toscana.com\/terreditoscana\/natale-ad-abbadia-dicembre-2015\/\" class=\"dt-btn-s dt-btn post-details details-type-btn\" aria-label=\"Read more about Natale  &#8220;Abbadia Citt\u00e0 delle Fiaccole&#8221; dal 4 Dicembre 2015 al 6 Gennaio 2016\">Vai all'articolo<i class=\"dt-icon-the7-arrow-03\" aria-hidden=\"true\"><\/i><\/a>\n\n<\/div><\/article><\/div><div class=\"hidden wf-cell iso-item\" data-post-id=\"3712\" data-date=\"2015-10-17T12:01:38+02:00\" data-name=\"Mercatini di Natale ad Abbadia San Salvatore\"><article class=\"post project-odd visible no-img post-3712 type-post status-publish format-standard hentry category-abbadia-san-salvatore category-attivita category-eventi category-notizie category-speciale-natale-capodanno-epifania tag-abbadia tag-abbadia-san-salvatore tag-amiata tag-animazione tag-ciaspolate tag-eventi tag-fiaccole tag-mercatini tag-miniera tag-monte-amiata tag-natale tag-toscana category-2 category-5 category-12 category-19 category-35\" data-name=\"Mercatini di Natale ad Abbadia San Salvatore\" data-date=\"2015-10-17T12:01:38+02:00\">\n\n<div class=\"post-entry-content\">\n\n\t<h3 class=\"entry-title\">\n\t\t<a href=\"https:\/\/terre-di-toscana.com\/terreditoscana\/mercatini-di-natale-ad-abbadia-san-salvatore\/\" title=\"Mercatini di Natale ad Abbadia San Salvatore\" rel=\"bookmark\">Mercatini di Natale ad Abbadia San Salvatore<\/a>\n\t<\/h3>\n\n\t<div class=\"entry-meta\"><a href=\"https:\/\/terre-di-toscana.com\/terreditoscana\/2015\/10\/17\/\" title=\"12:01\" class=\"data-link\" rel=\"bookmark\"><time class=\"entry-date updated\" datetime=\"2015-10-17T12:01:38+02:00\">17 Ottobre 2015<\/time><\/a><\/div>\n\t<div class=\"entry-excerpt\"><p>Nella splendida cornice del\u00a0Borgo Medioevale\u00a0di Abbadia a pochi passi dall&#8216;Abbazia romanica\u00a0del Santissimo Salvatore ritornano i tradizionali\u00a0Mercatini di Natale, un punto d&#8217;incontro tra antichi mestieri artigianali ricchi di nostalgia ed i sapori ed i profumi unici del nostro Monte Amiata. Grazie alle\u00a0passeggiate in carrozza, alle\u00a0escursioni\u00a0nella faggeta anche voi potrete lasciarvi andare alla magia del Natale. La\u00a0Casa&hellip;<\/p>\n<\/div>\n\t\n<a href=\"https:\/\/terre-di-toscana.com\/terreditoscana\/mercatini-di-natale-ad-abbadia-san-salvatore\/\" class=\"dt-btn-s dt-btn post-details details-type-btn\" aria-label=\"Read more about Mercatini di Natale ad Abbadia San Salvatore\">Vai all'articolo<i class=\"dt-icon-the7-arrow-03\" aria-hidden=\"true\"><\/i><\/a>\n\n<\/div><\/article><\/div><div class=\"hidden wf-cell iso-item\" data-post-id=\"3691\" data-date=\"2015-08-24T16:21:21+02:00\" data-name=\"Animazione per bambini - Domenica 30 Agosto\"><article class=\"post project-odd visible no-img post-3691 type-post status-publish format-standard hentry category-abbadia-san-salvatore category-attivita category-notizie category-parco-minerario category-vacanze-famiglie tag-abbadia tag-abbadia-san-salvatore tag-amiata tag-animazione tag-estate tag-monte-amiata tag-toscana category-2 category-5 category-19 category-21 category-40\" data-name=\"Animazione per bambini &#8211; Domenica 30 Agosto\" data-date=\"2015-08-24T16:21:21+02:00\">\n\n<div class=\"post-entry-content\">\n\n\t<h3 class=\"entry-title\">\n\t\t<a href=\"https:\/\/terre-di-toscana.com\/terreditoscana\/animazione-per-bambini-domenica-30-agosto\/\" title=\"Animazione per bambini &#8211; Domenica 30 Agosto\" rel=\"bookmark\">Animazione per bambini &#8211; Domenica 30 Agosto<\/a>\n\t<\/h3>\n\n\t<div class=\"entry-meta\"><a href=\"https:\/\/terre-di-toscana.com\/terreditoscana\/2015\/08\/24\/\" title=\"16:21\" class=\"data-link\" rel=\"bookmark\"><time class=\"entry-date updated\" datetime=\"2015-08-24T16:21:21+02:00\">24 Agosto 2015<\/time><\/a><\/div>\n\t<div class=\"entry-excerpt\"><p>In Miniera con Biancaneve e i Nani Domenica 30 Agosto\u00a0Biancaneve ci accompagner\u00e0 sul trenino della miniera\u00a0 all&#8217;esplorazione della Galleria 7. Andremo a trovare i Nani mentre lavorano in miniera.\u00a0 Dalle 15.00 alle 17.00 ( Ogni 30 minuti ) &#8211; Costo 6,00 \u20ac ( su prenotazione) \u00a0 \u00a0<\/p>\n<\/div>\n\t\n<a href=\"https:\/\/terre-di-toscana.com\/terreditoscana\/animazione-per-bambini-domenica-30-agosto\/\" class=\"dt-btn-s dt-btn post-details details-type-btn\" aria-label=\"Read more about Animazione per bambini &#8211; Domenica 30 Agosto\">Vai all'articolo<i class=\"dt-icon-the7-arrow-03\" aria-hidden=\"true\"><\/i><\/a>\n\n<\/div><\/article><\/div><div class=\"hidden wf-cell iso-item\" data-post-id=\"3663\" data-date=\"2015-08-16T17:48:59+02:00\" data-name=\"Animazione per bambini - Domenica 23 Agosto\"><article class=\"post project-odd visible post-3663 type-post status-publish format-standard has-post-thumbnail hentry category-abbadia-san-salvatore category-attivita category-notizie category-parco-minerario category-vacanze-famiglie tag-abbadia tag-abbadia-san-salvatore tag-amiata tag-animazione tag-estate tag-miniera tag-monte-amiata tag-trenino category-2 category-5 category-19 category-21 category-40\" data-name=\"Animazione per bambini &#8211; Domenica 23 Agosto\" data-date=\"2015-08-16T17:48:59+02:00\">\n\n<div class=\"post-thumbnail-wrap\">\n\t<div class=\"post-thumbnail\">\n\t\t\n\t\t\n\t\t<a href=\"https:\/\/terre-di-toscana.com\/terreditoscana\/animazione-per-bambini-in-miniera-con-i-personaggi-del-mago-di-oz\/\" class=\"post-thumbnail-rollover layzr-bg layzr-bg\" ><img class=\"iso-lazy-load preload-me iso-lazy-load aspect\" src=\"data:image\/svg+xml,%3Csvg%20xmlns%3D&#39;http%3A%2F%2Fwww.w3.org%2F2000%2Fsvg&#39;%20viewBox%3D&#39;0%200%20990%20424&#39;%2F%3E\" data-src=\"https:\/\/terre-di-toscana.com\/terreditoscana\/wp-content\/uploads\/2015\/08\/the-strange-characters-of-wizard-of-oz-990x424.jpg\" data-srcset=\"https:\/\/terre-di-toscana.com\/terreditoscana\/wp-content\/uploads\/2015\/08\/the-strange-characters-of-wizard-of-oz-990x424.jpg 990w, https:\/\/terre-di-toscana.com\/terreditoscana\/wp-content\/uploads\/2015\/08\/the-strange-characters-of-wizard-of-oz-1485x636.jpg 1485w\" loading=\"eager\" style=\"--ratio: 990 \/ 424\" sizes=\"(max-width: 990px) 100vw, 990px\" alt=\"\" title=\"the-strange-characters-of-wizard-of-oz\" width=\"990\" height=\"424\"  \/><\/a>\t<\/div>\n<\/div>\n\n\n<div class=\"post-entry-content\">\n\n\t<h3 class=\"entry-title\">\n\t\t<a href=\"https:\/\/terre-di-toscana.com\/terreditoscana\/animazione-per-bambini-in-miniera-con-i-personaggi-del-mago-di-oz\/\" title=\"Animazione per bambini &#8211; Domenica 23 Agosto\" rel=\"bookmark\">Animazione per bambini &#8211; Domenica 23 Agosto<\/a>\n\t<\/h3>\n\n\t<div class=\"entry-meta\"><a href=\"https:\/\/terre-di-toscana.com\/terreditoscana\/2015\/08\/16\/\" title=\"17:48\" class=\"data-link\" rel=\"bookmark\"><time class=\"entry-date updated\" datetime=\"2015-08-16T17:48:59+02:00\">16 Agosto 2015<\/time><\/a><\/div>\n\t<div class=\"entry-excerpt\"><p>\u00a0In Miniera con i personaggi del mago di Oz Domenica 23 Agosto Doroty ed i suoi amici ci accompagneranno sul trenino della miniera\u00a0 all&#8217;esplorazione della Galleria 7. Riuscir\u00e0 l&#8217;Uomo di Latta a trovare un cuore? Il Leone trover\u00e0 il Coraggio di affrontare le sue paure? Lo Spaventapasseri arriver\u00e0 dal Mago di Oz ? Avranno bisogno&hellip;<\/p>\n<\/div>\n\t\n<a href=\"https:\/\/terre-di-toscana.com\/terreditoscana\/animazione-per-bambini-in-miniera-con-i-personaggi-del-mago-di-oz\/\" class=\"dt-btn-s dt-btn post-details details-type-btn\" aria-label=\"Read more about Animazione per bambini &#8211; Domenica 23 Agosto\">Vai all'articolo<i class=\"dt-icon-the7-arrow-03\" aria-hidden=\"true\"><\/i><\/a>\n\n<\/div><\/article><\/div><div class=\"hidden wf-cell iso-item\" data-post-id=\"3660\" data-date=\"2015-08-14T18:46:54+02:00\" data-name=\"Ferragosto al Parco Museo Minerario di Abbadia San Salvatore\"><article class=\"post project-odd visible no-img post-3660 type-post status-publish format-standard hentry category-notizie tag-abbadia-san-salvatore tag-ferragosto tag-minatori tag-miniera tag-monte-amiata tag-toscana tag-tour-guidati tag-trenino category-19\" data-name=\"Ferragosto al Parco Museo Minerario di Abbadia San Salvatore\" data-date=\"2015-08-14T18:46:54+02:00\">\n\n<div class=\"post-entry-content\">\n\n\t<h3 class=\"entry-title\">\n\t\t<a href=\"https:\/\/terre-di-toscana.com\/terreditoscana\/ferragosto-al-parco-museo-minerario-di-abbadia-san-salvatore\/\" title=\"Ferragosto al Parco Museo Minerario di Abbadia San Salvatore\" rel=\"bookmark\">Ferragosto al Parco Museo Minerario di Abbadia San Salvatore<\/a>\n\t<\/h3>\n\n\t<div class=\"entry-meta\"><a href=\"https:\/\/terre-di-toscana.com\/terreditoscana\/2015\/08\/14\/\" title=\"18:46\" class=\"data-link\" rel=\"bookmark\"><time class=\"entry-date updated\" datetime=\"2015-08-14T18:46:54+02:00\">14 Agosto 2015<\/time><\/a><\/div>\n\t<div class=\"entry-excerpt\"><p>Lo Staff del Parco Museo Minerario di Abbadia San Salvatore Vi augura Buon Ferragosto! e Vi invita a visitare il PARCO MUSEO &nbsp; Ricordiamo che il giorno di Ferragosto siamo aperti ed organizziamo tour guidati al Museo Minerario e alla Galleria livello VII a bordo del trenino minerario, con partenza nei seguenti orari: ore 10.00\/10.45\/11.30\/12.15\/15.00\/15.45\/16.30\/17.15\/18.00&hellip;<\/p>\n<\/div>\n\t\n<a href=\"https:\/\/terre-di-toscana.com\/terreditoscana\/ferragosto-al-parco-museo-minerario-di-abbadia-san-salvatore\/\" class=\"dt-btn-s dt-btn post-details details-type-btn\" aria-label=\"Read more about Ferragosto al Parco Museo Minerario di Abbadia San Salvatore\">Vai all'articolo<i class=\"dt-icon-the7-arrow-03\" aria-hidden=\"true\"><\/i><\/a>\n\n<\/div><\/article><\/div><div class=\"hidden wf-cell iso-item\" data-post-id=\"3578\" data-date=\"2015-06-24T11:46:22+02:00\" data-name=\"Vincitori 2015 Certificato di eccellenza tripadvisor\"><article class=\"post project-odd visible no-img post-3578 type-post status-publish format-standard hentry category-notizie category-19\" data-name=\"Vincitori 2015 Certificato di eccellenza tripadvisor\" data-date=\"2015-06-24T11:46:22+02:00\">\n\n<div class=\"post-entry-content\">\n\n\t<h3 class=\"entry-title\">\n\t\t<a href=\"https:\/\/terre-di-toscana.com\/terreditoscana\/vincitori-2015-certificato-di-eccellenza-tripadvisor\/\" title=\"Vincitori 2015 Certificato di eccellenza tripadvisor\" rel=\"bookmark\">Vincitori 2015 Certificato di eccellenza tripadvisor<\/a>\n\t<\/h3>\n\n\t<div class=\"entry-meta\"><a href=\"https:\/\/terre-di-toscana.com\/terreditoscana\/2015\/06\/24\/\" title=\"11:46\" class=\"data-link\" rel=\"bookmark\"><time class=\"entry-date updated\" datetime=\"2015-06-24T11:46:22+02:00\">24 Giugno 2015<\/time><\/a><\/div>\n\t<div class=\"entry-excerpt\"><p>\u00a0 PARCO MUSEO MINERARIO DI ABBADIA SAN SALVATORE HA RICEVUTO IL CERTIFICATO DI ECCELLENZA TRIPADVISOR 2015 \u00a0 Il Parco Museo Minerario \u00e8 stato riconosciuto per la performance eccellente dalle recensioni dei viaggiatori sul sito di viaggi pi\u00f9 grande del mondo \u00a0Abbadia San Salvatore, 05\/06\/2015 \u00a0Oggi il Parco Museo Minerario di Abbadia San Salvatore annuncia di&hellip;<\/p>\n<\/div>\n\t\n<a href=\"https:\/\/terre-di-toscana.com\/terreditoscana\/vincitori-2015-certificato-di-eccellenza-tripadvisor\/\" class=\"dt-btn-s dt-btn post-details details-type-btn\" aria-label=\"Read more about Vincitori 2015 Certificato di eccellenza tripadvisor\">Vai all'articolo<i class=\"dt-icon-the7-arrow-03\" aria-hidden=\"true\"><\/i><\/a>\n\n<\/div><\/article><\/div><div class=\"hidden wf-cell iso-item\" data-post-id=\"2987\" data-date=\"2014-08-09T15:47:12+02:00\" data-name=\"SEGUICI SU FACEBOOK\"><article class=\"post project-odd visible no-img post-2987 type-post status-publish format-standard hentry category-notizie category-19\" data-name=\"SEGUICI SU FACEBOOK\" data-date=\"2014-08-09T15:47:12+02:00\">\n\n<div class=\"post-entry-content\">\n\n\t<h3 class=\"entry-title\">\n\t\t<a href=\"https:\/\/terre-di-toscana.com\/terreditoscana\/seguici-su-facebook\/\" title=\"SEGUICI SU FACEBOOK\" rel=\"bookmark\">SEGUICI SU FACEBOOK<\/a>\n\t<\/h3>\n\n\t<div class=\"entry-meta\"><a href=\"https:\/\/terre-di-toscana.com\/terreditoscana\/2014\/08\/09\/\" title=\"15:47\" class=\"data-link\" rel=\"bookmark\"><time class=\"entry-date updated\" datetime=\"2014-08-09T15:47:12+02:00\">9 Agosto 2014<\/time><\/a><\/div>\n\t<div class=\"entry-excerpt\"><p>Per rimanere sempre aggiornato sugli eventi in programma seguici mettendo &#8220;Mi piace&#8221; sulla nostra pagina ufficiale! &nbsp; (Cliccando sull&#8217;immagine verrai portato direttamente alla pagina)<\/p>\n<\/div>\n\t\n<a href=\"https:\/\/terre-di-toscana.com\/terreditoscana\/seguici-su-facebook\/\" class=\"dt-btn-s dt-btn post-details details-type-btn\" aria-label=\"Read more about SEGUICI SU FACEBOOK\">Vai all'articolo<i class=\"dt-icon-the7-arrow-03\" aria-hidden=\"true\"><\/i><\/a>\n\n<\/div><\/article><\/div><div class=\"hidden wf-cell iso-item\" data-post-id=\"2231\" data-date=\"2013-09-21T12:20:02+02:00\" data-name=\"Catalogo scuole 2014 2015\"><article class=\"post project-odd visible no-img post-2231 type-post status-publish format-standard hentry category-abbadia-san-salvatore category-notizie category-viaggi-istruzione-scuole tag-attivita-scolastiche tag-catralogo tag-didattica tag-educazione tag-museo tag-percorsi-educativi tag-scuole category-2 category-19 category-45\" data-name=\"Catalogo scuole 2014 2015\" data-date=\"2013-09-21T12:20:02+02:00\">\n\n<div class=\"post-entry-content\">\n\n\t<h3 class=\"entry-title\">\n\t\t<a href=\"https:\/\/terre-di-toscana.com\/terreditoscana\/catalogo-scuole-2013-2014\/\" title=\"Catalogo scuole 2014 2015\" rel=\"bookmark\">Catalogo scuole 2014 2015<\/a>\n\t<\/h3>\n\n\t<div class=\"entry-meta\"><a href=\"https:\/\/terre-di-toscana.com\/terreditoscana\/2013\/09\/21\/\" title=\"12:20\" class=\"data-link\" rel=\"bookmark\"><time class=\"entry-date updated\" datetime=\"2013-09-21T12:20:02+02:00\">21 Settembre 2013<\/time><\/a><\/div>\n\t<div class=\"entry-excerpt\"><p>E&#8217; possibile scaricare o richiedere il catalogo &#8220;Viaggi di istruzione per le scuole 2014-2015&#8221; Per richiederlo e informazioni contattare il Consorzio Terre di Toscana al n\u00b0 0577 778324 mail:\u00a0info@terreditoscana.net &nbsp; Per visualizzarlo e scaricarlo cliccare sull&#8217;immagine<\/p>\n<\/div>\n\t\n<a href=\"https:\/\/terre-di-toscana.com\/terreditoscana\/catalogo-scuole-2013-2014\/\" class=\"dt-btn-s dt-btn post-details details-type-btn\" aria-label=\"Read more about Catalogo scuole 2014 2015\">Vai all'articolo<i class=\"dt-icon-the7-arrow-03\" aria-hidden=\"true\"><\/i><\/a>\n\n<\/div><\/article><\/div><\/div><!-- iso-container|iso-grid --><div class=\"paginator paginator-more-button\">\n\t\t\t\t<a class=\"button-load-more \" href=\"javascript:void(0);\" data-dt-page=\"1\" ><span class=\"stick\"><\/span><span class=\"stick\"><\/span><span class=\"stick\"><\/span><span class=\"button-caption\">Carica ancora<\/span><\/a>\n\t\t\t<\/div><\/div>[\/vc_column][\/vc_row]<\/p>\n<\/section>","protected":false},"excerpt":{"rendered":"<p>[vc_row][vc_column][\/vc_column][\/vc_row]<\/p>\n","protected":false},"author":1,"featured_media":0,"parent":0,"menu_order":0,"comment_status":"closed","ping_status":"closed","template":"","meta":[],"_links":{"self":[{"href":"https:\/\/terre-di-toscana.com\/terreditoscana\/wp-json\/wp\/v2\/pages\/4842"}],"collection":[{"href":"https:\/\/terre-di-toscana.com\/terreditoscana\/wp-json\/wp\/v2\/pages"}],"about":[{"href":"https:\/\/terre-di-toscana.com\/terreditoscana\/wp-json\/wp\/v2\/types\/page"}],"author":[{"embeddable":true,"href":"https:\/\/terre-di-toscana.com\/terreditoscana\/wp-json\/wp\/v2\/users\/1"}],"replies":[{"embeddable":true,"href":"https:\/\/terre-di-toscana.com\/terreditoscana\/wp-json\/wp\/v2\/comments?post=4842"}],"version-history":[{"count":11,"href":"https:\/\/terre-di-toscana.com\/terreditoscana\/wp-json\/wp\/v2\/pages\/4842\/revisions"}],"predecessor-version":[{"id":7015,"href":"https:\/\/terre-di-toscana.com\/terreditoscana\/wp-json\/wp\/v2\/pages\/4842\/revisions\/7015"}],"wp:attachment":[{"href":"https:\/\/terre-di-toscana.com\/terreditoscana\/wp-json\/wp\/v2\/media?parent=4842"}],"curies":[{"name":"wp","href":"https:\/\/api.w.org\/{rel}","templated":true}]}}